{"id":15292,"date":"2023-04-17T15:49:26","date_gmt":"2023-04-17T13:49:26","guid":{"rendered":"https:\/\/profesornativodealeman.com\/clases-aleman\/?page_id=15292"},"modified":"2023-10-22T19:48:20","modified_gmt":"2023-10-22T17:48:20","slug":"resenas-clases-yolanda-divi","status":"publish","type":"page","link":"https:\/\/profesornativodealeman.com\/clases-aleman\/resenas-clases-yolanda-divi\/","title":{"rendered":"Rese\u00f1as alumnos. Clases de alem\u00e1n y ingles con Yolanda"},"content":{"rendered":"<p>[et_pb_section fb_built=\u00bb1&#8243; fullwidth=\u00bbon\u00bb _builder_version=\u00bb4.16&#8243; _module_preset=\u00bbdefault\u00bb background_color=\u00bb#FFFFFF\u00bb global_colors_info=\u00bb{}\u00bb][et_pb_fullwidth_header title=\u00bbClases con Yolanda. Rese\u00f1as\u00bb _builder_version=\u00bb4.20.4&#8243; _module_preset=\u00bbdefault\u00bb title_level=\u00bbh4&#8243; title_text_align=\u00bbcenter\u00bb title_font_size=\u00bb50px\u00bb background_color=\u00bb#e00000&#8243; custom_padding=\u00bb10px||6px||false|false\u00bb global_colors_info=\u00bb{}\u00bb][\/et_pb_fullwidth_header][et_pb_fullwidth_slider _builder_version=\u00bb4.21.0&#8243; _module_preset=\u00bbdefault\u00bb background_color=\u00bbrgba(0,0,0,0.64)\u00bb custom_padding=\u00bb29px||78px||false|false\u00bb global_colors_info=\u00bb{}\u00bb][et_pb_slide _builder_version=\u00bb4.21.0&#8243; _module_preset=\u00bbdefault\u00bb global_colors_info=\u00bb{}\u00bb sticky_transition=\u00bbon\u00bb]<\/p>\n<p><strong>La publicaci\u00f3n de los certificados esta autorizada<\/strong><\/p>\n<p>Mas abajo esta el formulario de contacto, mas rese\u00f1as y video de presentaci\u00f3n de la profesora<\/p>\n<p><strong>Olivia Martin Martin<\/strong><\/p>\n<p><strong>Profesi\u00f3n: Estudiante (Madrid)<\/strong><\/p>\n<div id='gallery-1' class='gallery galleryid-15292 gallery-columns-3 gallery-size-medium'><figure class='gallery-item'>\n\t\t\t<div class='gallery-icon portrait'>\n\t\t\t\t<a href='https:\/\/profesornativodealeman.com\/clases-aleman\/resenas-clases-yolanda-divi\/foto-olivia-1-1\/'><img fetchpriority=\"high\" decoding=\"async\" width=\"350\" height=\"366\" src=\"https:\/\/profesornativodealeman.com\/clases-aleman\/wp-content\/uploads\/2023\/07\/Foto-Olivia-1-1.jpg\" class=\"attachment-medium size-medium\" alt=\"Clases de alem\u00e1n online\" srcset=\"https:\/\/profesornativodealeman.com\/clases-aleman\/wp-content\/uploads\/2023\/07\/Foto-Olivia-1-1.jpg 350w, https:\/\/profesornativodealeman.com\/clases-aleman\/wp-content\/uploads\/2023\/07\/Foto-Olivia-1-1-150x157.jpg 150w\" sizes=\"(max-width: 350px) 100vw, 350px\" title=\"\"><\/a>\n\t\t\t<\/div><\/figure><figure class='gallery-item'>\n\t\t\t<div class='gallery-icon portrait'>\n\t\t\t\t<a href='https:\/\/profesornativodealeman.com\/clases-aleman\/resenas-clases-yolanda-divi\/certificado-olivia-martin-1\/'><img decoding=\"async\" width=\"500\" height=\"733\" src=\"https:\/\/profesornativodealeman.com\/clases-aleman\/wp-content\/uploads\/2023\/07\/Certificado-Olivia-Martin-1.jpg\" class=\"attachment-medium size-medium\" alt=\"Clases de alem\u00e1n online\" aria-describedby=\"gallery-1-15536\" srcset=\"https:\/\/profesornativodealeman.com\/clases-aleman\/wp-content\/uploads\/2023\/07\/Certificado-Olivia-Martin-1.jpg 500w, https:\/\/profesornativodealeman.com\/clases-aleman\/wp-content\/uploads\/2023\/07\/Certificado-Olivia-Martin-1-480x704.jpg 480w, https:\/\/profesornativodealeman.com\/clases-aleman\/wp-content\/uploads\/2023\/07\/Certificado-Olivia-Martin-1-150x220.jpg 150w\" sizes=\"(max-width: 500px) 100vw, 500px\" title=\"\"><\/a>\n\t\t\t<\/div>\n\t\t\t\t<figcaption class='wp-caption-text gallery-caption' id='gallery-1-15536'>\n\t\t\t\tCertificado Telc C1\n\t\t\t\t<\/figcaption><\/figure>\n\t\t<\/div>\n\n<p>&nbsp;<\/p>\n<p>\u201c Estudi\u00e9 en un instituto biling\u00fce de alem\u00e1n y al comenzar la universidad decid\u00ed que quer\u00eda aumentar mi nivel, hasta un C1 o m\u00e1s. Mi hermano tuvo clases con Yolanda para preparar el examen del B2 de alem\u00e1n del Goethe y estuvo tan contento con Yolanda que decid\u00ed animarme para alcanzar el C1 oficial.<\/p>\n<p>Las clases de Yolanda se centran en lo que personalmente m\u00e1s necesites. En mi caso se centraron en todos los aspectos, preparando redacciones que ella me correg\u00eda y haciendo practicas orales, de lectura y escucha.<\/p>\n<p>Gracias a Yolanda me siento muy segura en el alem\u00e1n y he reforzado al m\u00e1ximo mi nivel que ya puede decirse que es un C1. Tras estos a\u00f1os dando clase con ella estoy m\u00e1s que preparada para mis planes de estudio en Alemania y, por supuesto, para seguir disfrutando de un idioma tan maravilloso como el alem\u00e1n.\u201d<\/p>\n<p><strong>Maria Paz Varela<\/strong><\/p>\n<p><strong>Profesion: Logopeda (Suiza)<\/strong><\/p>\n<div id='gallery-2' class='gallery galleryid-15292 gallery-columns-3 gallery-size-medium'><figure class='gallery-item'>\n\t\t\t<div class='gallery-icon portrait'>\n\t\t\t\t<a href='https:\/\/profesornativodealeman.com\/clases-aleman\/resenas-clases-yolanda-divi\/certificado-maria-paz-1-1\/'><img decoding=\"async\" width=\"500\" height=\"796\" src=\"https:\/\/profesornativodealeman.com\/clases-aleman\/wp-content\/uploads\/2023\/07\/Certificado-Maria-Paz-1-1.jpeg\" class=\"attachment-medium size-medium\" alt=\"Clases de alem\u00e1n online\" aria-describedby=\"gallery-2-15539\" srcset=\"https:\/\/profesornativodealeman.com\/clases-aleman\/wp-content\/uploads\/2023\/07\/Certificado-Maria-Paz-1-1.jpeg 500w, https:\/\/profesornativodealeman.com\/clases-aleman\/wp-content\/uploads\/2023\/07\/Certificado-Maria-Paz-1-1-480x764.jpeg 480w, https:\/\/profesornativodealeman.com\/clases-aleman\/wp-content\/uploads\/2023\/07\/Certificado-Maria-Paz-1-1-150x239.jpeg 150w\" sizes=\"(max-width: 500px) 100vw, 500px\" title=\"\"><\/a>\n\t\t\t<\/div>\n\t\t\t\t<figcaption class='wp-caption-text gallery-caption' id='gallery-2-15539'>\n\t\t\t\tCertificado Telc B2\n\t\t\t\t<\/figcaption><\/figure><figure class='gallery-item'>\n\t\t\t<div class='gallery-icon portrait'>\n\t\t\t\t<a href='https:\/\/profesornativodealeman.com\/clases-aleman\/resenas-clases-yolanda-divi\/foto-maria-paz-1-1\/'><img loading=\"lazy\" decoding=\"async\" width=\"400\" height=\"529\" src=\"https:\/\/profesornativodealeman.com\/clases-aleman\/wp-content\/uploads\/2023\/07\/Foto-Maria-Paz-1-1.jpeg\" class=\"attachment-medium size-medium\" alt=\"Clases de alem\u00e1n online\" srcset=\"https:\/\/profesornativodealeman.com\/clases-aleman\/wp-content\/uploads\/2023\/07\/Foto-Maria-Paz-1-1.jpeg 400w, https:\/\/profesornativodealeman.com\/clases-aleman\/wp-content\/uploads\/2023\/07\/Foto-Maria-Paz-1-1-150x198.jpeg 150w\" sizes=\"(max-width: 400px) 100vw, 400px\" title=\"\"><\/a>\n\t\t\t<\/div><\/figure>\n\t\t<\/div>\n\n<p>&nbsp;<\/p>\n<p>\u201cComence estudiando aleman el 2020, haciendo cursos online y presenciales pero en 3 a\u00f1os apesar de que ya habia aprendido harto no lograba \u201csoltarme a hablar\u201d y tambien tenia muchos vacios en el aprendizaje asi que decidi tomar clases privadas con la profesora Yolanda. La contacte para preparar el examen B1 pero finalmente decid\u00ed dar el B2 y para la preparacion solo nos quedaban 2 meses. La meta fue alta pero la dedicacion y entusiasmo de Yolanda fueron claves para el exito! Es una profesora muy abierta a recibir sugerencias y muy flexible en relacion a lo que uno quiere aprender. Me ense\u00f1o los contenidos especificos del nivel B2 y siempre se adapto a lo que yo queria aprender, no tuvo problemas en volver a repasar contenidos de los niveles anteriores. \u00bfEl resultado? Nivel B2 aprobado! Con solo 2 meses de aprender el contenido y preparar el examen. Realmente me siento muy agradecida y sin duda se que junto a ella lograre el C1! Clases con profesora Yolanda ha sido una de las mejores decisiones que he tomado sin duda alguna \ud83d\ude42<\/p>\n<p style=\"text-align: center;\"><strong>\u00a0<\/strong><\/p>\n<p>&nbsp;<\/p>\n<p>[\/et_pb_slide][\/et_pb_fullwidth_slider][\/et_pb_section][et_pb_section fb_built=\u00bb1&#8243; _builder_version=\u00bb4.16&#8243; custom_padding=\u00bb||0px|\u00bb global_colors_info=\u00bb{}\u00bb][et_pb_row column_structure=\u00bb1_2,1_2&#8243; use_custom_gutter=\u00bbon\u00bb gutter_width=\u00bb2&#8243; _builder_version=\u00bb4.20.4&#8243; background_size=\u00bbinitial\u00bb background_position=\u00bbtop_left\u00bb background_repeat=\u00bbrepeat\u00bb global_colors_info=\u00bb{}\u00bb][et_pb_column type=\u00bb1_2&#8243; _builder_version=\u00bb4.16&#8243; custom_padding=\u00bb|||\u00bb global_colors_info=\u00bb{}\u00bb custom_padding__hover=\u00bb|||\u00bb][et_pb_blurb title=\u00bbOpiniones de alumnos seg\u00fan profesiones:\u00bb use_icon=\u00bbon\u00bb font_icon=\u00bb&#x77;||divi||400&#8243; icon_placement=\u00bbleft\u00bb _builder_version=\u00bb4.16&#8243; header_level=\u00bbh2&#8243; header_font=\u00bb|800|||||||\u00bb header_text_color=\u00bb#ff0000&#8243; global_colors_info=\u00bb{}\u00bb]<\/p>\n<p>\nPara ver las opiniones, haga click en el listado.<\/p>\n<p>[\/et_pb_blurb][et_pb_button button_url=\u00bb#profesores\u00bb button_text=\u00bbProfesores \/ Catedr\u00e1ticos \/ Interpretes \/ Estudiantes \/ M\u00fasicos \/ Artistas \/ Escritores\u00bb button_alignment=\u00bbleft\u00bb _builder_version=\u00bb4.16&#8243; custom_button=\u00bbon\u00bb button_text_size=\u00bb13px\u00bb button_text_color=\u00bb#000000&#8243; button_bg_color=\u00bb#ffcc00&#8243; button_border_width=\u00bb0px\u00bb button_border_radius=\u00bb0px\u00bb button_font=\u00bb|800|||||||\u00bb button_icon=\u00bb&#x4e;||divi||400&#8243; button_icon_placement=\u00bbleft\u00bb button_on_hover=\u00bboff\u00bb custom_margin=\u00bb||12px|\u00bb custom_css_main_element=\u00bbwidth:100%;\u00bb button_text_color_hover=\u00bb#ffffff\u00bb button_bg_color_hover=\u00bb#000000&#8243; global_colors_info=\u00bb{}\u00bb button_text_size__hover_enabled=\u00bboff\u00bb button_text_size__hover=\u00bbnull\u00bb button_one_text_size__hover_enabled=\u00bboff\u00bb button_one_text_size__hover=\u00bbnull\u00bb button_two_text_size__hover_enabled=\u00bboff\u00bb button_two_text_size__hover=\u00bbnull\u00bb button_text_color__hover_enabled=\u00bbon\u00bb button_text_color__hover=\u00bb#ffffff\u00bb button_one_text_color__hover_enabled=\u00bboff\u00bb button_one_text_color__hover=\u00bbnull\u00bb button_two_text_color__hover_enabled=\u00bboff\u00bb button_two_text_color__hover=\u00bbnull\u00bb button_border_width__hover_enabled=\u00bboff\u00bb button_border_width__hover=\u00bbnull\u00bb button_one_border_width__hover_enabled=\u00bboff\u00bb button_one_border_width__hover=\u00bbnull\u00bb button_two_border_width__hover_enabled=\u00bboff\u00bb button_two_border_width__hover=\u00bbnull\u00bb button_border_color__hover_enabled=\u00bboff\u00bb button_border_color__hover=\u00bbnull\u00bb button_one_border_color__hover_enabled=\u00bboff\u00bb button_one_border_color__hover=\u00bbnull\u00bb button_two_border_color__hover_enabled=\u00bboff\u00bb button_two_border_color__hover=\u00bbnull\u00bb button_border_radius__hover_enabled=\u00bboff\u00bb button_border_radius__hover=\u00bbnull\u00bb button_one_border_radius__hover_enabled=\u00bboff\u00bb button_one_border_radius__hover=\u00bbnull\u00bb button_two_border_radius__hover_enabled=\u00bboff\u00bb button_two_border_radius__hover=\u00bbnull\u00bb button_letter_spacing__hover_enabled=\u00bboff\u00bb button_letter_spacing__hover=\u00bbnull\u00bb button_one_letter_spacing__hover_enabled=\u00bboff\u00bb button_one_letter_spacing__hover=\u00bbnull\u00bb button_two_letter_spacing__hover_enabled=\u00bboff\u00bb button_two_letter_spacing__hover=\u00bbnull\u00bb button_bg_color__hover_enabled=\u00bbon\u00bb button_bg_color__hover=\u00bb#000000&#8243; button_one_bg_color__hover_enabled=\u00bboff\u00bb button_one_bg_color__hover=\u00bbnull\u00bb button_two_bg_color__hover_enabled=\u00bboff\u00bb button_two_bg_color__hover=\u00bbnull\u00bb]<br \/>\n[\/et_pb_button][et_pb_button button_url=\u00bb#ingenieros\u00bb button_text=\u00bbIngenieros \/ Arquitectos\u00bb button_alignment=\u00bbleft\u00bb _builder_version=\u00bb4.16&#8243; custom_button=\u00bbon\u00bb button_text_size=\u00bb13px\u00bb button_text_color=\u00bb#000000&#8243; button_bg_color=\u00bb#ffcc00&#8243; button_border_width=\u00bb0px\u00bb button_border_radius=\u00bb0px\u00bb button_font=\u00bb|800|||||||\u00bb button_icon=\u00bb&#x4e;||divi||400&#8243; button_icon_placement=\u00bbleft\u00bb button_on_hover=\u00bboff\u00bb custom_margin=\u00bb||12px|\u00bb custom_css_main_element=\u00bbwidth:100%;\u00bb button_text_color_hover=\u00bb#ffffff\u00bb button_bg_color_hover=\u00bb#000000&#8243; global_colors_info=\u00bb{}\u00bb button_text_size__hover_enabled=\u00bboff\u00bb button_text_size__hover=\u00bbnull\u00bb button_one_text_size__hover_enabled=\u00bboff\u00bb button_one_text_size__hover=\u00bbnull\u00bb button_two_text_size__hover_enabled=\u00bboff\u00bb button_two_text_size__hover=\u00bbnull\u00bb button_text_color__hover_enabled=\u00bbon\u00bb button_text_color__hover=\u00bb#ffffff\u00bb button_one_text_color__hover_enabled=\u00bboff\u00bb button_one_text_color__hover=\u00bbnull\u00bb button_two_text_color__hover_enabled=\u00bboff\u00bb button_two_text_color__hover=\u00bbnull\u00bb button_border_width__hover_enabled=\u00bboff\u00bb button_border_width__hover=\u00bbnull\u00bb button_one_border_width__hover_enabled=\u00bboff\u00bb button_one_border_width__hover=\u00bbnull\u00bb button_two_border_width__hover_enabled=\u00bboff\u00bb button_two_border_width__hover=\u00bbnull\u00bb button_border_color__hover_enabled=\u00bboff\u00bb button_border_color__hover=\u00bbnull\u00bb button_one_border_color__hover_enabled=\u00bboff\u00bb button_one_border_color__hover=\u00bbnull\u00bb button_two_border_color__hover_enabled=\u00bboff\u00bb button_two_border_color__hover=\u00bbnull\u00bb button_border_radius__hover_enabled=\u00bboff\u00bb button_border_radius__hover=\u00bbnull\u00bb button_one_border_radius__hover_enabled=\u00bboff\u00bb button_one_border_radius__hover=\u00bbnull\u00bb button_two_border_radius__hover_enabled=\u00bboff\u00bb button_two_border_radius__hover=\u00bbnull\u00bb button_letter_spacing__hover_enabled=\u00bboff\u00bb button_letter_spacing__hover=\u00bbnull\u00bb button_one_letter_spacing__hover_enabled=\u00bboff\u00bb button_one_letter_spacing__hover=\u00bbnull\u00bb button_two_letter_spacing__hover_enabled=\u00bboff\u00bb button_two_letter_spacing__hover=\u00bbnull\u00bb button_bg_color__hover_enabled=\u00bbon\u00bb button_bg_color__hover=\u00bb#000000&#8243; button_one_bg_color__hover_enabled=\u00bboff\u00bb button_one_bg_color__hover=\u00bbnull\u00bb button_two_bg_color__hover_enabled=\u00bboff\u00bb button_two_bg_color__hover=\u00bbnull\u00bb]<br \/>\n[\/et_pb_button][et_pb_button button_url=\u00bb#padres\u00bb button_text=\u00bbPadres de alumnos escolares\u00bb button_alignment=\u00bbleft\u00bb _builder_version=\u00bb4.16&#8243; custom_button=\u00bbon\u00bb button_text_size=\u00bb13px\u00bb button_text_color=\u00bb#000000&#8243; button_bg_color=\u00bb#ffcc00&#8243; button_border_width=\u00bb0px\u00bb button_border_radius=\u00bb0px\u00bb button_font=\u00bb|800|||||||\u00bb button_icon=\u00bb&#x4e;||divi||400&#8243; button_icon_placement=\u00bbleft\u00bb button_on_hover=\u00bboff\u00bb custom_margin=\u00bb||12px|\u00bb custom_css_main_element=\u00bbwidth:100%;\u00bb button_text_color_hover=\u00bb#ffffff\u00bb button_bg_color_hover=\u00bb#000000&#8243; global_colors_info=\u00bb{}\u00bb button_text_size__hover_enabled=\u00bboff\u00bb button_text_size__hover=\u00bbnull\u00bb button_one_text_size__hover_enabled=\u00bboff\u00bb button_one_text_size__hover=\u00bbnull\u00bb button_two_text_size__hover_enabled=\u00bboff\u00bb button_two_text_size__hover=\u00bbnull\u00bb button_text_color__hover_enabled=\u00bbon\u00bb button_text_color__hover=\u00bb#ffffff\u00bb button_one_text_color__hover_enabled=\u00bboff\u00bb button_one_text_color__hover=\u00bbnull\u00bb button_two_text_color__hover_enabled=\u00bboff\u00bb button_two_text_color__hover=\u00bbnull\u00bb button_border_width__hover_enabled=\u00bboff\u00bb button_border_width__hover=\u00bbnull\u00bb button_one_border_width__hover_enabled=\u00bboff\u00bb button_one_border_width__hover=\u00bbnull\u00bb button_two_border_width__hover_enabled=\u00bboff\u00bb button_two_border_width__hover=\u00bbnull\u00bb button_border_color__hover_enabled=\u00bboff\u00bb button_border_color__hover=\u00bbnull\u00bb button_one_border_color__hover_enabled=\u00bboff\u00bb button_one_border_color__hover=\u00bbnull\u00bb button_two_border_color__hover_enabled=\u00bboff\u00bb button_two_border_color__hover=\u00bbnull\u00bb button_border_radius__hover_enabled=\u00bboff\u00bb button_border_radius__hover=\u00bbnull\u00bb button_one_border_radius__hover_enabled=\u00bboff\u00bb button_one_border_radius__hover=\u00bbnull\u00bb button_two_border_radius__hover_enabled=\u00bboff\u00bb button_two_border_radius__hover=\u00bbnull\u00bb button_letter_spacing__hover_enabled=\u00bboff\u00bb button_letter_spacing__hover=\u00bbnull\u00bb button_one_letter_spacing__hover_enabled=\u00bboff\u00bb button_one_letter_spacing__hover=\u00bbnull\u00bb button_two_letter_spacing__hover_enabled=\u00bboff\u00bb button_two_letter_spacing__hover=\u00bbnull\u00bb button_bg_color__hover_enabled=\u00bbon\u00bb button_bg_color__hover=\u00bb#000000&#8243; button_one_bg_color__hover_enabled=\u00bboff\u00bb button_one_bg_color__hover=\u00bbnull\u00bb button_two_bg_color__hover_enabled=\u00bboff\u00bb button_two_bg_color__hover=\u00bbnull\u00bb]<br \/>\n[\/et_pb_button][et_pb_button button_url=\u00bb#finanzas\u00bb button_text=\u00bbSector Financiero \/ Bancario \/ Auditoria \/ Exportaci\u00f3n \/ Funcionarios\u00bb button_alignment=\u00bbleft\u00bb _builder_version=\u00bb4.16&#8243; custom_button=\u00bbon\u00bb button_text_size=\u00bb13px\u00bb button_text_color=\u00bb#000000&#8243; button_bg_color=\u00bb#ffcc00&#8243; button_border_width=\u00bb0px\u00bb button_border_radius=\u00bb0px\u00bb button_font=\u00bb|800|||||||\u00bb button_icon=\u00bb&#x4e;||divi||400&#8243; button_icon_placement=\u00bbleft\u00bb button_on_hover=\u00bboff\u00bb custom_margin=\u00bb||12px|\u00bb custom_css_main_element=\u00bbwidth:100%;\u00bb button_text_color_hover=\u00bb#ffffff\u00bb button_bg_color_hover=\u00bb#000000&#8243; global_colors_info=\u00bb{}\u00bb button_text_size__hover_enabled=\u00bboff\u00bb button_text_size__hover=\u00bbnull\u00bb button_one_text_size__hover_enabled=\u00bboff\u00bb button_one_text_size__hover=\u00bbnull\u00bb button_two_text_size__hover_enabled=\u00bboff\u00bb button_two_text_size__hover=\u00bbnull\u00bb button_text_color__hover_enabled=\u00bbon\u00bb button_text_color__hover=\u00bb#ffffff\u00bb button_one_text_color__hover_enabled=\u00bboff\u00bb button_one_text_color__hover=\u00bbnull\u00bb button_two_text_color__hover_enabled=\u00bboff\u00bb button_two_text_color__hover=\u00bbnull\u00bb button_border_width__hover_enabled=\u00bboff\u00bb button_border_width__hover=\u00bbnull\u00bb button_one_border_width__hover_enabled=\u00bboff\u00bb button_one_border_width__hover=\u00bbnull\u00bb button_two_border_width__hover_enabled=\u00bboff\u00bb button_two_border_width__hover=\u00bbnull\u00bb button_border_color__hover_enabled=\u00bboff\u00bb button_border_color__hover=\u00bbnull\u00bb button_one_border_color__hover_enabled=\u00bboff\u00bb button_one_border_color__hover=\u00bbnull\u00bb button_two_border_color__hover_enabled=\u00bboff\u00bb button_two_border_color__hover=\u00bbnull\u00bb button_border_radius__hover_enabled=\u00bboff\u00bb button_border_radius__hover=\u00bbnull\u00bb button_one_border_radius__hover_enabled=\u00bboff\u00bb button_one_border_radius__hover=\u00bbnull\u00bb button_two_border_radius__hover_enabled=\u00bboff\u00bb button_two_border_radius__hover=\u00bbnull\u00bb button_letter_spacing__hover_enabled=\u00bboff\u00bb button_letter_spacing__hover=\u00bbnull\u00bb button_one_letter_spacing__hover_enabled=\u00bboff\u00bb button_one_letter_spacing__hover=\u00bbnull\u00bb button_two_letter_spacing__hover_enabled=\u00bboff\u00bb button_two_letter_spacing__hover=\u00bbnull\u00bb button_bg_color__hover_enabled=\u00bbon\u00bb button_bg_color__hover=\u00bb#000000&#8243; button_one_bg_color__hover_enabled=\u00bboff\u00bb button_one_bg_color__hover=\u00bbnull\u00bb button_two_bg_color__hover_enabled=\u00bboff\u00bb button_two_bg_color__hover=\u00bbnull\u00bb]<br \/>\n[\/et_pb_button][et_pb_button button_url=\u00bb#sanitarios\u00bb button_text=\u00bbSector sanitario \/ Cient\u00edficos \/ Psicolog\u00eda \/ Comunicaci\u00f3n \/ Azafatas\u00bb button_alignment=\u00bbleft\u00bb _builder_version=\u00bb4.16&#8243; custom_button=\u00bbon\u00bb button_text_size=\u00bb13px\u00bb button_text_color=\u00bb#000000&#8243; button_bg_color=\u00bb#ffcc00&#8243; button_border_width=\u00bb0px\u00bb button_border_radius=\u00bb0px\u00bb button_font=\u00bb|800|||||||\u00bb button_icon=\u00bb&#x4e;||divi||400&#8243; button_icon_placement=\u00bbleft\u00bb button_on_hover=\u00bboff\u00bb custom_margin=\u00bb||12px|\u00bb custom_css_main_element=\u00bbwidth:100%;\u00bb button_text_color_hover=\u00bb#ffffff\u00bb button_bg_color_hover=\u00bb#000000&#8243; global_colors_info=\u00bb{}\u00bb button_text_size__hover_enabled=\u00bboff\u00bb button_text_size__hover=\u00bbnull\u00bb button_one_text_size__hover_enabled=\u00bboff\u00bb button_one_text_size__hover=\u00bbnull\u00bb button_two_text_size__hover_enabled=\u00bboff\u00bb button_two_text_size__hover=\u00bbnull\u00bb button_text_color__hover_enabled=\u00bbon\u00bb button_text_color__hover=\u00bb#ffffff\u00bb button_one_text_color__hover_enabled=\u00bboff\u00bb button_one_text_color__hover=\u00bbnull\u00bb button_two_text_color__hover_enabled=\u00bboff\u00bb button_two_text_color__hover=\u00bbnull\u00bb button_border_width__hover_enabled=\u00bboff\u00bb button_border_width__hover=\u00bbnull\u00bb button_one_border_width__hover_enabled=\u00bboff\u00bb button_one_border_width__hover=\u00bbnull\u00bb button_two_border_width__hover_enabled=\u00bboff\u00bb button_two_border_width__hover=\u00bbnull\u00bb button_border_color__hover_enabled=\u00bboff\u00bb button_border_color__hover=\u00bbnull\u00bb button_one_border_color__hover_enabled=\u00bboff\u00bb button_one_border_color__hover=\u00bbnull\u00bb button_two_border_color__hover_enabled=\u00bboff\u00bb button_two_border_color__hover=\u00bbnull\u00bb button_border_radius__hover_enabled=\u00bboff\u00bb button_border_radius__hover=\u00bbnull\u00bb button_one_border_radius__hover_enabled=\u00bboff\u00bb button_one_border_radius__hover=\u00bbnull\u00bb button_two_border_radius__hover_enabled=\u00bboff\u00bb button_two_border_radius__hover=\u00bbnull\u00bb button_letter_spacing__hover_enabled=\u00bboff\u00bb button_letter_spacing__hover=\u00bbnull\u00bb button_one_letter_spacing__hover_enabled=\u00bboff\u00bb button_one_letter_spacing__hover=\u00bbnull\u00bb button_two_letter_spacing__hover_enabled=\u00bboff\u00bb button_two_letter_spacing__hover=\u00bbnull\u00bb button_bg_color__hover_enabled=\u00bbon\u00bb button_bg_color__hover=\u00bb#000000&#8243; button_one_bg_color__hover_enabled=\u00bboff\u00bb button_one_bg_color__hover=\u00bbnull\u00bb button_two_bg_color__hover_enabled=\u00bboff\u00bb button_two_bg_color__hover=\u00bbnull\u00bb]<br \/>\n[\/et_pb_button][et_pb_button button_url=\u00bb#otras-profesiones\u00bb button_text=\u00bbOtras Profesiones\u00bb button_alignment=\u00bbleft\u00bb _builder_version=\u00bb4.16&#8243; custom_button=\u00bbon\u00bb button_text_size=\u00bb13px\u00bb button_text_color=\u00bb#000000&#8243; button_bg_color=\u00bb#ffcc00&#8243; button_border_width=\u00bb0px\u00bb button_border_radius=\u00bb0px\u00bb button_font=\u00bb|800|||||||\u00bb button_icon=\u00bb&#x4e;||divi||400&#8243; button_icon_placement=\u00bbleft\u00bb button_on_hover=\u00bboff\u00bb custom_css_main_element=\u00bbwidth:100%;\u00bb button_text_color_hover=\u00bb#ffffff\u00bb button_bg_color_hover=\u00bb#000000&#8243; global_colors_info=\u00bb{}\u00bb button_text_size__hover_enabled=\u00bboff\u00bb button_text_size__hover=\u00bbnull\u00bb button_one_text_size__hover_enabled=\u00bboff\u00bb button_one_text_size__hover=\u00bbnull\u00bb button_two_text_size__hover_enabled=\u00bboff\u00bb button_two_text_size__hover=\u00bbnull\u00bb button_text_color__hover_enabled=\u00bbon\u00bb button_text_color__hover=\u00bb#ffffff\u00bb button_one_text_color__hover_enabled=\u00bboff\u00bb button_one_text_color__hover=\u00bbnull\u00bb button_two_text_color__hover_enabled=\u00bboff\u00bb button_two_text_color__hover=\u00bbnull\u00bb button_border_width__hover_enabled=\u00bboff\u00bb button_border_width__hover=\u00bbnull\u00bb button_one_border_width__hover_enabled=\u00bboff\u00bb button_one_border_width__hover=\u00bbnull\u00bb button_two_border_width__hover_enabled=\u00bboff\u00bb button_two_border_width__hover=\u00bbnull\u00bb button_border_color__hover_enabled=\u00bboff\u00bb button_border_color__hover=\u00bbnull\u00bb button_one_border_color__hover_enabled=\u00bboff\u00bb button_one_border_color__hover=\u00bbnull\u00bb button_two_border_color__hover_enabled=\u00bboff\u00bb button_two_border_color__hover=\u00bbnull\u00bb button_border_radius__hover_enabled=\u00bboff\u00bb button_border_radius__hover=\u00bbnull\u00bb button_one_border_radius__hover_enabled=\u00bboff\u00bb button_one_border_radius__hover=\u00bbnull\u00bb button_two_border_radius__hover_enabled=\u00bboff\u00bb button_two_border_radius__hover=\u00bbnull\u00bb button_letter_spacing__hover_enabled=\u00bboff\u00bb button_letter_spacing__hover=\u00bbnull\u00bb button_one_letter_spacing__hover_enabled=\u00bboff\u00bb button_one_letter_spacing__hover=\u00bbnull\u00bb button_two_letter_spacing__hover_enabled=\u00bboff\u00bb button_two_letter_spacing__hover=\u00bbnull\u00bb button_bg_color__hover_enabled=\u00bbon\u00bb button_bg_color__hover=\u00bb#000000&#8243; button_one_bg_color__hover_enabled=\u00bboff\u00bb button_one_bg_color__hover=\u00bbnull\u00bb button_two_bg_color__hover_enabled=\u00bboff\u00bb button_two_bg_color__hover=\u00bbnull\u00bb]<br \/>\n[\/et_pb_button][et_pb_button button_url=\u00bb#empresarios\u00bb button_text=\u00bbClases de ingles\u00bb button_alignment=\u00bbleft\u00bb _builder_version=\u00bb4.20.4&#8243; custom_button=\u00bbon\u00bb button_text_size=\u00bb13px\u00bb button_text_color=\u00bb#000000&#8243; button_bg_color=\u00bb#ffcc00&#8243; button_border_width=\u00bb0px\u00bb button_border_radius=\u00bb0px\u00bb button_font=\u00bb|800|||||||\u00bb button_icon=\u00bb&#x4e;||divi||400&#8243; button_icon_placement=\u00bbleft\u00bb button_on_hover=\u00bboff\u00bb custom_margin=\u00bb||12px|\u00bb custom_css_main_element=\u00bbwidth:100%;\u00bb button_text_color_hover=\u00bb#ffffff\u00bb button_bg_color_hover=\u00bb#000000&#8243; global_colors_info=\u00bb{}\u00bb button_text_size__hover_enabled=\u00bboff\u00bb button_text_size__hover=\u00bbnull\u00bb button_one_text_size__hover_enabled=\u00bboff\u00bb button_one_text_size__hover=\u00bbnull\u00bb button_two_text_size__hover_enabled=\u00bboff\u00bb button_two_text_size__hover=\u00bbnull\u00bb button_text_color__hover_enabled=\u00bbon\u00bb button_text_color__hover=\u00bb#ffffff\u00bb button_one_text_color__hover_enabled=\u00bboff\u00bb button_one_text_color__hover=\u00bbnull\u00bb button_two_text_color__hover_enabled=\u00bboff\u00bb button_two_text_color__hover=\u00bbnull\u00bb button_border_width__hover_enabled=\u00bboff\u00bb button_border_width__hover=\u00bbnull\u00bb button_one_border_width__hover_enabled=\u00bboff\u00bb button_one_border_width__hover=\u00bbnull\u00bb button_two_border_width__hover_enabled=\u00bboff\u00bb button_two_border_width__hover=\u00bbnull\u00bb button_border_color__hover_enabled=\u00bboff\u00bb button_border_color__hover=\u00bbnull\u00bb button_one_border_color__hover_enabled=\u00bboff\u00bb button_one_border_color__hover=\u00bbnull\u00bb button_two_border_color__hover_enabled=\u00bboff\u00bb button_two_border_color__hover=\u00bbnull\u00bb button_border_radius__hover_enabled=\u00bboff\u00bb button_border_radius__hover=\u00bbnull\u00bb button_one_border_radius__hover_enabled=\u00bboff\u00bb button_one_border_radius__hover=\u00bbnull\u00bb button_two_border_radius__hover_enabled=\u00bboff\u00bb button_two_border_radius__hover=\u00bbnull\u00bb button_letter_spacing__hover_enabled=\u00bboff\u00bb button_letter_spacing__hover=\u00bbnull\u00bb button_one_letter_spacing__hover_enabled=\u00bboff\u00bb button_one_letter_spacing__hover=\u00bbnull\u00bb button_two_letter_spacing__hover_enabled=\u00bboff\u00bb button_two_letter_spacing__hover=\u00bbnull\u00bb button_bg_color__hover_enabled=\u00bbon\u00bb button_bg_color__hover=\u00bb#000000&#8243; button_one_bg_color__hover_enabled=\u00bboff\u00bb button_one_bg_color__hover=\u00bbnull\u00bb button_two_bg_color__hover_enabled=\u00bboff\u00bb button_two_bg_color__hover=\u00bbnull\u00bb]<br \/>\n[\/et_pb_button][et_pb_text _builder_version=\u00bb4.20.4&#8243; _module_preset=\u00bbdefault\u00bb global_colors_info=\u00bb{}\u00bb]<\/p>\n<script>\nvar gform;gform||(document.addEventListener(\"gform_main_scripts_loaded\",function(){gform.scriptsLoaded=!0}),document.addEventListener(\"gform\/theme\/scripts_loaded\",function(){gform.themeScriptsLoaded=!0}),window.addEventListener(\"DOMContentLoaded\",function(){gform.domLoaded=!0}),gform={domLoaded:!1,scriptsLoaded:!1,themeScriptsLoaded:!1,isFormEditor:()=>\"function\"==typeof InitializeEditor,callIfLoaded:function(o){return!(!gform.domLoaded||!gform.scriptsLoaded||!gform.themeScriptsLoaded&&!gform.isFormEditor()||(gform.isFormEditor()&&console.warn(\"The use of gform.initializeOnLoaded() is deprecated in the form editor context and will be removed in Gravity Forms 3.1.\"),o(),0))},initializeOnLoaded:function(o){gform.callIfLoaded(o)||(document.addEventListener(\"gform_main_scripts_loaded\",()=>{gform.scriptsLoaded=!0,gform.callIfLoaded(o)}),document.addEventListener(\"gform\/theme\/scripts_loaded\",()=>{gform.themeScriptsLoaded=!0,gform.callIfLoaded(o)}),window.addEventListener(\"DOMContentLoaded\",()=>{gform.domLoaded=!0,gform.callIfLoaded(o)}))},hooks:{action:{},filter:{}},addAction:function(o,r,e,t){gform.addHook(\"action\",o,r,e,t)},addFilter:function(o,r,e,t){gform.addHook(\"filter\",o,r,e,t)},doAction:function(o){gform.doHook(\"action\",o,arguments)},applyFilters:function(o){return gform.doHook(\"filter\",o,arguments)},removeAction:function(o,r){gform.removeHook(\"action\",o,r)},removeFilter:function(o,r,e){gform.removeHook(\"filter\",o,r,e)},addHook:function(o,r,e,t,n){null==gform.hooks[o][r]&&(gform.hooks[o][r]=[]);var d=gform.hooks[o][r];null==n&&(n=r+\"_\"+d.length),gform.hooks[o][r].push({tag:n,callable:e,priority:t=null==t?10:t})},doHook:function(r,o,e){var t;if(e=Array.prototype.slice.call(e,1),null!=gform.hooks[r][o]&&((o=gform.hooks[r][o]).sort(function(o,r){return o.priority-r.priority}),o.forEach(function(o){\"function\"!=typeof(t=o.callable)&&(t=window[t]),\"action\"==r?t.apply(null,e):e[0]=t.apply(null,e)})),\"filter\"==r)return e[0]},removeHook:function(o,r,t,n){var e;null!=gform.hooks[o][r]&&(e=(e=gform.hooks[o][r]).filter(function(o,r,e){return!!(null!=n&&n!=o.tag||null!=t&&t!=o.priority)}),gform.hooks[o][r]=e)}});\n<\/script>\n\n                <div class='gf_browser_gecko gform_wrapper gform_legacy_markup_wrapper gform-theme--no-framework' data-form-theme='legacy' data-form-index='0' id='gform_wrapper_16' >\n                        <div class='gform_heading'>\n                            <h3 class=\"gform_title\">Formulario de contacto. Aprende alem\u00e1n con Yolanda.<\/h3>\n                            <p class='gform_description'><\/p>\n                        <\/div><form method='post' enctype='multipart\/form-data'  id='gform_16'  action='\/clases-aleman\/wp-json\/wp\/v2\/pages\/15292' data-formid='16' novalidate>\n                        <div class='gform-body gform_body'><ul id='gform_fields_16' class='gform_fields top_label form_sublabel_below description_below validation_below'><li id=\"field_16_1\" class=\"gfield gfield--type-select gfield_contains_required field_sublabel_below gfield--no-description field_description_below field_validation_below gfield_visibility_visible\"  ><label class='gfield_label gform-field-label' for='input_16_1'>Tipo de curso<span class=\"gfield_required\"><span class=\"gfield_required gfield_required_asterisk\">*<\/span><\/span><\/label><div class='ginput_container ginput_container_select'><select name='input_1' id='input_16_1' class='large gfield_select'    aria-required=\"true\" aria-invalid=\"false\" ><option value='Clases individuales' >Clases individuales<\/option><option value='Clases para dos alumnos' >Clases para dos alumnos<\/option><option value='Clases grupales' >Clases grupales<\/option><option value='Otro (Preparaci\u00f3n ex\u00e1menes, entrevistas, etc)' >Otro (Preparaci\u00f3n ex\u00e1menes, entrevistas, etc)<\/option><option value='No estoy seguro, quiero m\u00e1s informaci\u00f3n' >No estoy seguro, quiero m\u00e1s informaci\u00f3n<\/option><\/select><\/div><\/li><li id=\"field_16_2\" class=\"gfield gfield--type-text gfield_contains_required field_sublabel_below gfield--no-description field_description_below field_validation_below gfield_visibility_visible\"  ><label class='gfield_label gform-field-label' for='input_16_2'>Nombre<span class=\"gfield_required\"><span class=\"gfield_required gfield_required_asterisk\">*<\/span><\/span><\/label><div class='ginput_container ginput_container_text'><input name='input_2' id='input_16_2' type='text' value='' class='large'    placeholder='NOMBRE' aria-required=\"true\" aria-invalid=\"false\"   \/><\/div><\/li><li id=\"field_16_4\" class=\"gfield gfield--type-email gfield_contains_required field_sublabel_below gfield--no-description field_description_below field_validation_below gfield_visibility_visible\"  ><label class='gfield_label gform-field-label' for='input_16_4'>Email<span class=\"gfield_required\"><span class=\"gfield_required gfield_required_asterisk\">*<\/span><\/span><\/label><div class='ginput_container ginput_container_email'>\n                            <input name='input_4' id='input_16_4' type='email' value='' class='large'   placeholder='EMAIL' aria-required=\"true\" aria-invalid=\"false\"  \/>\n                        <\/div><\/li><li id=\"field_16_5\" class=\"gfield gfield--type-textarea gfield_contains_required field_sublabel_below gfield--no-description field_description_below field_validation_below gfield_visibility_visible\"  ><label class='gfield_label gform-field-label' for='input_16_5'>Mensaje<span class=\"gfield_required\"><span class=\"gfield_required gfield_required_asterisk\">*<\/span><\/span><\/label><div class='ginput_container ginput_container_textarea'><textarea name='input_5' id='input_16_5' class='textarea medium'    placeholder='MENSAJE' aria-required=\"true\" aria-invalid=\"false\"   rows='10' cols='50'><\/textarea><\/div><\/li><\/ul><\/div>\n        <div class='gform-footer gform_footer top_label'> <input type='submit' id='gform_submit_button_16' class='gform_button button' onclick='gform.submission.handleButtonClick(this);' data-submission-type='submit' value='Enviar'  \/> \n            <input type='hidden' class='gform_hidden' name='gform_submission_method' data-js='gform_submission_method_16' value='postback' \/>\n            <input type='hidden' class='gform_hidden' name='gform_theme' data-js='gform_theme_16' id='gform_theme_16' value='legacy' \/>\n            <input type='hidden' class='gform_hidden' name='gform_style_settings' data-js='gform_style_settings_16' id='gform_style_settings_16' value='[]' \/>\n            <input type='hidden' class='gform_hidden' name='is_submit_16' value='1' \/>\n            <input type='hidden' class='gform_hidden' name='gform_submit' value='16' \/>\n            \n            <input type='hidden' class='gform_hidden' name='gform_currency' data-currency='USD' value='Qi1E7esVYPVYO6Idfh5pjgXiPgCiQqlts5Bux0txSjssBc2JKbPQpE7s5nhdL86nd67hJxoXFcmm7JgOe5uSYjARjYD92DMjLmS7Mz5uf5orA4Q=' \/>\n            <input type='hidden' class='gform_hidden' name='gform_unique_id' value='' \/>\n            <input type='hidden' class='gform_hidden' name='state_16' value='WyJbXSIsImE3ZTlkMWQxZTkyMDYxYzlmYzQ2MTlkZDIyMzA3ODZkIl0=' \/>\n            <input type='hidden' autocomplete='off' class='gform_hidden' name='gform_target_page_number_16' id='gform_target_page_number_16' value='0' \/>\n            <input type='hidden' autocomplete='off' class='gform_hidden' name='gform_source_page_number_16' id='gform_source_page_number_16' value='1' \/>\n            <input type='hidden' name='gform_field_values' value='' \/>\n            \n        <\/div>\n                        <p style=\"display: none !important;\" class=\"akismet-fields-container\" data-prefix=\"ak_\"><label>&#916;<textarea name=\"ak_hp_textarea\" cols=\"45\" rows=\"8\" maxlength=\"100\"><\/textarea><\/label><input type=\"hidden\" id=\"ak_js_1\" name=\"ak_js\" value=\"230\"\/><script>\ndocument.getElementById( \"ak_js_1\" ).setAttribute( \"value\", ( new Date() ).getTime() );\n<\/script>\n<\/p><\/form>\n                        <\/div><script>\ngform.initializeOnLoaded( function() {gformInitSpinner( 16, 'https:\/\/profesornativodealeman.com\/clases-aleman\/wp-content\/plugins\/gravityforms\/images\/spinner.svg', true );jQuery('#gform_ajax_frame_16').on('load',function(){var contents = jQuery(this).contents().find('*').html();var is_postback = contents.indexOf('GF_AJAX_POSTBACK') >= 0;if(!is_postback){return;}var form_content = jQuery(this).contents().find('#gform_wrapper_16');var is_confirmation = jQuery(this).contents().find('#gform_confirmation_wrapper_16').length > 0;var is_redirect = contents.indexOf('gformRedirect(){') >= 0;var is_form = form_content.length > 0 && ! is_redirect && ! is_confirmation;var mt = parseInt(jQuery('html').css('margin-top'), 10) + parseInt(jQuery('body').css('margin-top'), 10) + 100;if(is_form){jQuery('#gform_wrapper_16').html(form_content.html());if(form_content.hasClass('gform_validation_error')){jQuery('#gform_wrapper_16').addClass('gform_validation_error');} else {jQuery('#gform_wrapper_16').removeClass('gform_validation_error');}setTimeout( function() { \/* delay the scroll by 50 milliseconds to fix a bug in chrome *\/  }, 50 );if(window['gformInitDatepicker']) {gformInitDatepicker();}if(window['gformInitPriceFields']) {gformInitPriceFields();}var current_page = jQuery('#gform_source_page_number_16').val();gformInitSpinner( 16, 'https:\/\/profesornativodealeman.com\/clases-aleman\/wp-content\/plugins\/gravityforms\/images\/spinner.svg', true );jQuery(document).trigger('gform_page_loaded', [16, current_page]);window['gf_submitting_16'] = false;}else if(!is_redirect){var confirmation_content = jQuery(this).contents().find('.GF_AJAX_POSTBACK').html();if(!confirmation_content){confirmation_content = contents;}jQuery('#gform_wrapper_16').replaceWith(confirmation_content);jQuery(document).trigger('gform_confirmation_loaded', [16]);window['gf_submitting_16'] = false;wp.a11y.speak(jQuery('#gform_confirmation_message_16').text());}else{jQuery('#gform_16').append(contents);if(window['gformRedirect']) {gformRedirect();}}jQuery(document).trigger(\"gform_pre_post_render\", [{ formId: \"16\", currentPage: \"current_page\", abort: function() { this.preventDefault(); } }]);        if (event && event.defaultPrevented) {                return;        }        const gformWrapperDiv = document.getElementById( \"gform_wrapper_16\" );        if ( gformWrapperDiv ) {            const visibilitySpan = document.createElement( \"span\" );            visibilitySpan.id = \"gform_visibility_test_16\";            gformWrapperDiv.insertAdjacentElement( \"afterend\", visibilitySpan );        }        const visibilityTestDiv = document.getElementById( \"gform_visibility_test_16\" );        let postRenderFired = false;        function triggerPostRender() {            if ( postRenderFired ) {                return;            }            postRenderFired = true;            gform.core.triggerPostRenderEvents( 16, current_page );            if ( visibilityTestDiv ) {                visibilityTestDiv.parentNode.removeChild( visibilityTestDiv );            }        }        function debounce( func, wait, immediate ) {            var timeout;            return function() {                var context = this, args = arguments;                var later = function() {                    timeout = null;                    if ( !immediate ) func.apply( context, args );                };                var callNow = immediate && !timeout;                clearTimeout( timeout );                timeout = setTimeout( later, wait );                if ( callNow ) func.apply( context, args );            };        }        const debouncedTriggerPostRender = debounce( function() {            triggerPostRender();        }, 200 );        if ( visibilityTestDiv && visibilityTestDiv.offsetParent === null ) {            const observer = new MutationObserver( ( mutations ) => {                mutations.forEach( ( mutation ) => {                    if ( mutation.type === 'attributes' && visibilityTestDiv.offsetParent !== null ) {                        debouncedTriggerPostRender();                        observer.disconnect();                    }                });            });            observer.observe( document.body, {                attributes: true,                childList: false,                subtree: true,                attributeFilter: [ 'style', 'class' ],            });        } else {            triggerPostRender();        }    } );} );\n<\/script>\n\n<p>[\/et_pb_text][\/et_pb_column][et_pb_column type=\u00bb1_2&#8243; _builder_version=\u00bb4.16&#8243; custom_padding=\u00bb|||\u00bb global_colors_info=\u00bb{}\u00bb custom_padding__hover=\u00bb|||\u00bb][et_pb_blurb title=\u00bbVideo de presentacion de Yolanda\u00bb _builder_version=\u00bb4.20.4&#8243; _module_preset=\u00bbdefault\u00bb header_level=\u00bbh2&#8243; header_font=\u00bb|800|||||||\u00bb header_text_color=\u00bb#E02B20&#8243; global_colors_info=\u00bb{}\u00bb]<\/p>\n<h3>\u00a0<\/h3>\n<p>[\/et_pb_blurb][et_pb_video src=\u00bbhttps:\/\/www.youtube.com\/watch?v=MU5dFC6nBgA&#038;t=1s\u00bb _builder_version=\u00bb4.20.4&#8243; _module_preset=\u00bbdefault\u00bb global_colors_info=\u00bb{}\u00bb][\/et_pb_video][\/et_pb_column][\/et_pb_row][\/et_pb_section][et_pb_section fb_built=\u00bb1&#8243; _builder_version=\u00bb4.16&#8243; global_colors_info=\u00bb{}\u00bb][et_pb_row column_structure=\u00bb1_2,1_2&#8243; _builder_version=\u00bb4.16&#8243; background_size=\u00bbinitial\u00bb background_position=\u00bbtop_left\u00bb background_repeat=\u00bbrepeat\u00bb global_colors_info=\u00bb{}\u00bb][et_pb_column type=\u00bb1_2&#8243; _builder_version=\u00bb4.16&#8243; custom_padding=\u00bb|||\u00bb global_colors_info=\u00bb{}\u00bb custom_padding__hover=\u00bb|||\u00bb][et_pb_blurb title=\u00bbProfesores \/ Catedr\u00e1ticos \/ Interpretes \/ Estudiantes \/ M\u00fasicos \/ Artistas \/ Escritores\u00bb image=\u00bbhttps:\/\/profesornativodealeman.com\/clases-aleman\/wp-content\/uploads\/2017\/11\/apple-icon-57&#215;57.png\u00bb icon_placement=\u00bbleft\u00bb module_id=\u00bbprofesores\u00bb _builder_version=\u00bb4.16&#8243; header_font=\u00bb|800|||||||\u00bb header_line_height=\u00bb1.2em\u00bb custom_margin=\u00bb|||\u00bb custom_padding=\u00bb20px|20px|20px|20px\u00bb custom_css_blurb_title=\u00bbpadding-bottom:0px;\u00bb border_width_all=\u00bb2px\u00bb border_color_all=\u00bb#ff0000&#8243; global_colors_info=\u00bb{}\u00bb]<br \/>\n[\/et_pb_blurb][et_pb_accordion open_toggle_text_color=\u00bb#ff0000&#8243; open_toggle_background_color=\u00bb#ffffff\u00bb closed_toggle_text_color=\u00bb#666666&#8243; closed_toggle_background_color=\u00bb#ffffff\u00bb icon_color=\u00bb#000000&#8243; admin_label=\u00bbProfesores\u00bb _builder_version=\u00bb4.21.0&#8243; toggle_font=\u00bb|800|||||||\u00bb text_orientation=\u00bbleft\u00bb z_index_tablet=\u00bb500&#8243; custom_css_toggle=\u00bbmargin-bottom:10px;\u00bb border_width_all=\u00bb0px\u00bb border_color_all=\u00bb#ffcc00&#8243; border_width_bottom=\u00bb5px\u00bb box_shadow_style=\u00bbpreset1&#8243; box_shadow_blur=\u00bb8px\u00bb global_colors_info=\u00bb{}\u00bb][et_pb_accordion_item title=\u00bbGema Diaz Viaga (Alemania)\u00bb open=\u00bbon\u00bb _builder_version=\u00bb4.21.0&#8243; global_colors_info=\u00bb{}\u00bb]<\/p>\n<p>Profesi\u00f3n: Educadora en una guarder\u00eda biling\u00fce<img loading=\"lazy\" decoding=\"async\" class=\"alignright wp-image-15003\" src=\"https:\/\/profesornativodealeman.com\/clases-aleman\/wp-content\/uploads\/2021\/01\/1-1-1.png\" alt=\"Clases de alem\u00e1n online\" width=\"140\" height=\"139\" title=\"\" srcset=\"https:\/\/profesornativodealeman.com\/clases-aleman\/wp-content\/uploads\/2021\/01\/1-1-1.png 200w, https:\/\/profesornativodealeman.com\/clases-aleman\/wp-content\/uploads\/2021\/01\/1-1-1-150x149.png 150w, https:\/\/profesornativodealeman.com\/clases-aleman\/wp-content\/uploads\/2021\/01\/1-1-1-96x96.png 96w\" sizes=\"(max-width: 140px) 100vw, 140px\" \/><\/p>\n<p>\u00abHace un tiempo hab\u00eda decidido retomar mis clases de alem\u00e1n con la intenci\u00f3n de mejorar mi nivel y poder seguir avanzando en el idioma. Trabajo en una guarder\u00eda en Berl\u00edn y mis hijos peque\u00f1os estudian aqu\u00ed, por ello deb\u00eda mejorar el idioma. Debido a mi situaci\u00f3n personal (madre de 3 ni\u00f1os) me era imposible asistir a clases presenciales en un centro y fue en ese momento cuando encontr\u00e9 a Yolanda.<\/p>\n<p>Me ayud\u00f3 a recordar vocabulario, repasar y por supuesto mejorar mi nivel. Me dio confianza en m\u00ed misma y me ayud\u00f3 a volver a mi estudio. Yolanda siempre se mostr\u00f3 muy cercana, como si nos conoci\u00e9ramos de toda la vida. En alg\u00fan momento tuve problemas para dar las clases y siempre me dio opciones para recuperarlas.<\/p>\n<p>Para m\u00ed es una fant\u00e1stica profesional con cualidades muy dif\u00edciles de encontrar hoy d\u00eda, como carisma, entusiasmo, empat\u00eda y sobre todo profesionalidad. Sus clases se pasaban volando, a veces deseaba seguir m\u00e1s tiempo aprendiendo con ella, siempre toc\u00e1bamos todos los aspectos del idioma, lecturas,conversaciones, escuchas, textos, &#8230; y nunca me sent\u00ed decepcionada con el tiempo invertido o con la clase de ese d\u00eda, al contrario. Ella me motiv\u00f3 much\u00edsimo a seguir estudiando, a tener ilusi\u00f3n en mi aprendizaje y a continuar en el duro camino del idioma alem\u00e1n, que no es f\u00e1cil. Mi siguiente meta futura ser\u00e1 ir a por el siguiente nivel europeo, nada menos que un C1 de alem\u00e1n y estoy segura de que con ella lo conseguir\u00e9.<\/p>\n<p>\u00a1\u00a1Mil gracias por tus clases, tu tiempo y por supuesto tu profesionalidad!! Adem\u00e1s, como persona eres excepcional, te tengo ya como una gran amiga, y recomiendo tomar clases con Yolanda porque estoy segura 100% que no te arrepentir\u00e1s y ser\u00e1 una inversi\u00f3n segura para tu futuro.<\/p>\n<p>[\/et_pb_accordion_item][et_pb_accordion_item title=\u00bbElsa de Vicente (Alemania)\u00bb _builder_version=\u00bb4.20.4&#8243; global_colors_info=\u00bb{}\u00bb open=\u00bboff\u00bb]<\/p>\n<p>Profesion: Profesora infantil en Alemania<strong><img loading=\"lazy\" decoding=\"async\" class=\"alignright wp-image-14947\" src=\"https:\/\/profesornativodealeman.com\/clases-aleman\/wp-content\/uploads\/2021\/01\/3.jpg\" alt=\"Clases de alem\u00e1n online\" width=\"110\" height=\"172\" title=\"\"><\/strong><\/p>\n<p>\u00abAcud\u00ed a Yolanda con la necesidad de poder sacarme el nivel C1 de alem\u00e1n. Debido a mi situaci\u00f3n personal no puedo, lamentablemente, seguir con las clases ahora mismo. Aunque este tiempo ha sido corto, he podido ver que es una profesora competente y dispuesta a ayudarte con tus objetivos.<br \/>Siempre ha tratado de tocar todas las partes y, a la hora de conversar, me he sentido muy a gusto hablando con ella sobre diferentes temas. Cuando pueda volver a mi objetivo principal, sin duda volver\u00e9 a contactar con ella.<br \/>Muchas gracias por todo<\/p>\n<p>[\/et_pb_accordion_item][et_pb_accordion_item title=\u00bbAndrea Mateos Espartero (vive en Suiza)\u00bb _builder_version=\u00bb4.20.4&#8243; global_colors_info=\u00bb{}\u00bb open=\u00bboff\u00bb]<\/p>\n<p>Estudios: Graduada en ciencias de la actividad f\u00edsica y del deporte.<strong><br \/><img loading=\"lazy\" decoding=\"async\" class=\"alignright wp-image-9643\" src=\"https:\/\/profesornativodealeman.com\/clases-aleman\/wp-content\/uploads\/2021\/01\/Andrea.jpg\" alt=\"Clases de alem\u00e1n online\" width=\"100\" height=\"134\" title=\"\" srcset=\"https:\/\/profesornativodealeman.com\/clases-aleman\/wp-content\/uploads\/2021\/01\/Andrea.jpg 411w, https:\/\/profesornativodealeman.com\/clases-aleman\/wp-content\/uploads\/2021\/01\/Andrea-150x200.jpg 150w\" sizes=\"(max-width: 100px) 100vw, 100px\" \/><\/strong><\/p>\n<p>Empec\u00e9 a estudiar alem\u00e1n de forma autodidacta cuando estaba de Erasmus en Augsburg y he podido seguir haci\u00e9ndolo al realizar un voluntariado en una Kita en Stuttgart. Despu\u00e9s de 1 a\u00f1o termin\u00e9 con mi \u00faltimo libro de nivel B1 con mucho esfuerzo y desmotivada. Decid\u00ed que para seguir progresando necesitaba un objetivo y un empuj\u00f3n de una profesora de aleman. Empec\u00e9 a dar clases individuales con Yolanda online, lo que pensaba que me constar\u00eda pero al contrario, casi no not\u00e9 la diferencia.<\/p>\n<p>Como nunca antes me hab\u00eda presentado a un examen de alem\u00e1n, no conoc\u00eda mi nivel y le ped\u00ed a Yolanda que me aconsejase, porque yo quer\u00eda ir a por el examen de B2 lo antes posible. Despu\u00e9s de un par de clases para comprobar mi nivel, me vio preparada para comenzar con una preparaci\u00f3n de este examen. Yo me ve\u00eda un poco \u201cverde\u201d pero ella me ha sabido dar la motivaci\u00f3n y la seguridad para encarar el examen por la buena preparaci\u00f3n. Not\u00e9 en poco tiempo c\u00f3mo pod\u00eda hablar casi sobre cualquier tema y c\u00f3mo mi mente iba mucho m\u00e1s r\u00e1pido al hablar y escribir. Tras una preparaci\u00f3n m\u00e1s que personalizada, aprob\u00e9 mi examen.<\/p>\n<p>El magn\u00edfico resultado que he obtenido en mi primer examen de alem\u00e1n es muy importante, pero el proceso lo es aun m\u00e1s. Yolanda ha empatizado conmigo en todo momento y he sentido un trato muy personal y humano. Aunque no hubiese aprobado el examen, habr\u00eda sabido que mi nivel era de B2 y seguir\u00eda recomendando sus clases. Ella y sus clases han sido justo lo que buscaba!<\/p>\n<p>&nbsp;<\/p>\n<p>[\/et_pb_accordion_item][et_pb_accordion_item title=\u00bbTeresa Galm\u00e9s y Marga Reyn\u00e9s  (Mallorca)\u00bb _builder_version=\u00bb4.20.4&#8243; global_colors_info=\u00bb{}\u00bb open=\u00bboff\u00bb]<\/p>\n<div dir=\"auto\">Profesion: Estudiantes de bachillerato<strong><br \/><img loading=\"lazy\" decoding=\"async\" class=\"wp-image-8435 alignright\" src=\"https:\/\/profesornativodealeman.com\/clases-aleman\/wp-content\/uploads\/2020\/10\/350f8722-f869-4f4e-99d6-82d9ff89dbbf.jpg\" alt=\"Clases de alem\u00e1n online\" width=\"140\" height=\"100\" title=\"\"><\/strong><\/div>\n<div dir=\"auto\">\u201c Empezamos nuestras clases con Yolanda el mes pasado, quer\u00edamos aprender alem\u00e1n desde cero porque nos parece interesante y puede ser una herramienta que nos puede servir en nuestro futuro laboral. Por ello las clases con Yolanda estan siendo muy positivas ya que adem\u00e1s de aprender gram\u00e1tica aprendemos desde el primer dia a hablar y a entender de una manera muy din\u00e1mica y amena. Adem\u00e1s Yolanda te ofrece un ense\u00f1amiento muy personalizado y enfocado a tus necesidades, estamos muy contentas de nuestro progreso y por ello la recomendamos 100% como profesora de alem\u00e1n\u201d<\/div>\n<p>[\/et_pb_accordion_item][et_pb_accordion_item title=\u00bbAmina El Ouaraghi El Habti (Alemania)\u00bb _builder_version=\u00bb4.20.4&#8243; global_colors_info=\u00bb{}\u00bb open=\u00bboff\u00bb]<\/p>\n<p>Estudios: Magisterio de Educaci\u00f3n Primaria<img loading=\"lazy\" decoding=\"async\" class=\"wp-image-14941 alignright\" src=\"https:\/\/profesornativodealeman.com\/clases-aleman\/wp-content\/uploads\/2021\/01\/1.jpg\" alt=\"Clases de alem\u00e1n online\" width=\"120\" height=\"138\" title=\"\" srcset=\"https:\/\/profesornativodealeman.com\/clases-aleman\/wp-content\/uploads\/2021\/01\/1.jpg 335w, https:\/\/profesornativodealeman.com\/clases-aleman\/wp-content\/uploads\/2021\/01\/1-150x173.jpg 150w\" sizes=\"(max-width: 120px) 100vw, 120px\" \/><\/p>\n<p>\u00abHace unos a\u00f1os llegu\u00e9 a Alemania. Me recomendaron empezar con Yolanda. Empec\u00e9, pero fue 3 meses despu\u00e9s de llegar, y ca\u00ed en depresi\u00f3n, por lo que lo dej\u00e9. He de decir que, en esos meses, Yolanda siempre ha estado atenta, e intentando que no me hunda, pero yo decid\u00ed primero sanarme y despu\u00e9s reanudar. Despu\u00e9s decid\u00ed con \u00e9xito preparar el B2 con Yolanda, porque me entiend\u00eda y me daba apoyo en lo que me faltaba. Las clases eran de 45 minutos, pero se pasaban r\u00e1pido, eran muy din\u00e1micas. Yolanda tiene un trato personal, profesional, humano y cercano. La recomendar\u00eda 100%.\u00bb<\/p>\n<p>[\/et_pb_accordion_item][et_pb_accordion_item title=\u00bbRaquel Torremocha (Alemania)\u00bb _builder_version=\u00bb4.20.4&#8243; global_colors_info=\u00bb{}\u00bb open=\u00bboff\u00bb]<\/p>\n<p>Profesion: Educadora infantil<\/p>\n<p>Soy Raquel y trabajo como educadora infantil en un Kindergarten en Alemania. \u00abNecesitaba clases de preparaci\u00f3n del examen de B2 de alem\u00e1n ya que para mi trabajo me lo exigen. Y ah\u00ed fue cuando encontr\u00e9 a Yolanda, y la verdad que todo<img loading=\"lazy\" decoding=\"async\" class=\"wp-image-14942 alignright\" src=\"https:\/\/profesornativodealeman.com\/clases-aleman\/wp-content\/uploads\/2021\/01\/2.jpg\" alt=\"Clases de alem\u00e1n online\" width=\"110\" height=\"166\" title=\"\" srcset=\"https:\/\/profesornativodealeman.com\/clases-aleman\/wp-content\/uploads\/2021\/01\/2.jpg 250w, https:\/\/profesornativodealeman.com\/clases-aleman\/wp-content\/uploads\/2021\/01\/2-150x227.jpg 150w\" sizes=\"(max-width: 110px) 100vw, 110px\" \/> genial, las clases se hac\u00edan s\u00faper amenas y divertidas. Y gracias a ella consegu\u00ed avanzar con el examen oficial.<\/p>\n<p>Es una profesora profesional, puntual y nativa. Se nota la gran diferencia cuando tienes una profesora que domina varios idiomas y no solo es profesora si no coach en el idioma, lo cual te da una perspectiva mucho m\u00e1s profunda del idioma. Si como yo necesitas preparaci\u00f3n para un examen oficial, recomiendo mucho sus clases.\u00bb<\/p>\n<p>[\/et_pb_accordion_item][et_pb_accordion_item title=\u00bbJavier Camilo Mina Hern\u00e1ndez (Alcala de Henares)\u00bb _builder_version=\u00bb4.20.4&#8243; global_colors_info=\u00bb{}\u00bb open=\u00bboff\u00bb]<\/p>\n<p>Lenguas Modernas y Traducci\u00f3n &#8211; Universidad de Alcal\u00e1<img loading=\"lazy\" decoding=\"async\" class=\"wp-image-15316 size-full alignright\" src=\"https:\/\/profesornativodealeman.com\/clases-aleman\/wp-content\/uploads\/2023\/04\/IMG_8221-1-1.jpg\" alt=\"Clases de alem\u00e1n online\" width=\"150\" height=\"152\" title=\"\" srcset=\"https:\/\/profesornativodealeman.com\/clases-aleman\/wp-content\/uploads\/2023\/04\/IMG_8221-1-1.jpg 150w, https:\/\/profesornativodealeman.com\/clases-aleman\/wp-content\/uploads\/2023\/04\/IMG_8221-1-1-96x96.jpg 96w\" sizes=\"(max-width: 150px) 100vw, 150px\" \/><\/p>\n<p>\u00a1Ha sido un placer tener a Yolanda como profesora! Su forma de explicar es s\u00faper clara y se le entiende a la primera. Los contenidos de cada clase iban acorde con mis necesidades y siempre recib\u00eda el contenido a tiempo. Adem\u00e1s, siempre fue flexible en cuanto a los horarios que ten\u00edamos de clase. Sencillamente fue un acierto dar con ella para prepararme durante estos dos meses y medio. He aprendido much\u00edsimo y ahora me siento totalmente preparado para afrontar mi prueba de alem\u00e1n TELC B2.<\/p>\n<p>[\/et_pb_accordion_item][et_pb_accordion_item title=\u00bbMiriam Creus Gol (Suiza)\u00bb _builder_version=\u00bb4.20.4&#8243; global_colors_info=\u00bb{}\u00bb open=\u00bboff\u00bb]<\/p>\n<p style=\"font-weight: 400;\">Profesi\u00f3n: Educadora infantil<img loading=\"lazy\" decoding=\"async\" class=\"wp-image-15330 size-full alignright\" src=\"https:\/\/profesornativodealeman.com\/clases-aleman\/wp-content\/uploads\/2023\/04\/IMG_8373-1.jpg\" alt=\"Clases de alem\u00e1n online\" width=\"130\" height=\"178\" title=\"\"><\/p>\n<p style=\"font-weight: 400;\">\u201cHace unos meses que he empezado las clases de alem\u00e1n con Yolanda. No dispon\u00eda de conocimiento previo ya que nunca hab\u00eda tomado clases ni intentado aprender por mi cuenta.\u00a0<\/p>\n<p style=\"font-weight: 400;\">Las clases con Yolanda resultan muy interesantes y amenas, el tiempo pasa volando durante las clases. Yolanda estructura las clases para que se puedan cubrir todos los aspectos importantes del proceso de aprendizaje de una lengua; es decir hay partes de gram\u00e1tica y vocabulario, conversaci\u00f3n, lectura y comprensi\u00f3n auditiva. Se preocupa siempre de clarificar cualquier duda que pueda surgir durante la clase o fuera de ella, as\u00ed como de proporcionar ejemplos claros y \u00fatiles. Considero que es una gran profesora ya que te mantiene motivada durante el proceso de aprendizaje y te empuja a ir m\u00e1s all\u00e1, as\u00ed como destaca los avances realizados en dicho proceso.\u00a0<\/p>\n<p style=\"font-weight: 400;\">\u00a1\u00a1Totalmente recomendable tomar clases con Yolanda!!\u201c<\/p>\n<p>[\/et_pb_accordion_item][\/et_pb_accordion][\/et_pb_column][et_pb_column type=\u00bb1_2&#8243; _builder_version=\u00bb4.16&#8243; custom_padding=\u00bb|||\u00bb global_colors_info=\u00bb{}\u00bb custom_padding__hover=\u00bb|||\u00bb][et_pb_blurb title=\u00bbIngenieros \/ Arquitectos\u00bb image=\u00bbhttps:\/\/profesornativodealeman.com\/clases-aleman\/wp-content\/uploads\/2017\/11\/apple-icon-57&#215;57.png\u00bb icon_placement=\u00bbleft\u00bb module_id=\u00bbingenieros\u00bb _builder_version=\u00bb4.16&#8243; header_font=\u00bb|800|||||||\u00bb header_line_height=\u00bb1.2em\u00bb custom_margin=\u00bb|||\u00bb custom_padding=\u00bb20px|20px|20px|20px\u00bb custom_css_blurb_title=\u00bbpadding-bottom:0px;\u00bb border_width_all=\u00bb2px\u00bb border_color_all=\u00bb#ff0000&#8243; global_colors_info=\u00bb{}\u00bb]<br \/>\n[\/et_pb_blurb][et_pb_accordion open_toggle_text_color=\u00bb#ff0000&#8243; open_toggle_background_color=\u00bb#ffffff\u00bb closed_toggle_text_color=\u00bb#666666&#8243; closed_toggle_background_color=\u00bb#ffffff\u00bb icon_color=\u00bb#000000&#8243; admin_label=\u00bbIngenieros\u00bb _builder_version=\u00bb4.20.4&#8243; toggle_font=\u00bb|800|||||||\u00bb text_orientation=\u00bbleft\u00bb custom_css_toggle=\u00bbmargin-bottom:10px;\u00bb border_width_all=\u00bb0px\u00bb border_color_all=\u00bb#ffcc00&#8243; border_width_bottom=\u00bb5px\u00bb box_shadow_style=\u00bbpreset1&#8243; box_shadow_blur=\u00bb8px\u00bb global_colors_info=\u00bb{}\u00bb][et_pb_accordion_item title=\u00bbAndrea Aguilar Iba\u00f1ez ( Z\u00fcrich, Suiza)\u00bb open=\u00bbon\u00bb _builder_version=\u00bb4.20.4&#8243; global_colors_info=\u00bb{}\u00bb]<\/p>\n<p><img loading=\"lazy\" decoding=\"async\" class=\"wp-image-8307 alignright\" src=\"https:\/\/profesornativodealeman.com\/clases-aleman\/wp-content\/uploads\/2020\/10\/Andrea.jpg\" alt=\"Clases de alem\u00e1n online\" width=\"130\" height=\"173\" title=\"\" srcset=\"https:\/\/profesornativodealeman.com\/clases-aleman\/wp-content\/uploads\/2020\/10\/Andrea.jpg 500w, https:\/\/profesornativodealeman.com\/clases-aleman\/wp-content\/uploads\/2020\/10\/Andrea-480x639.jpg 480w\" sizes=\"(max-width: 130px) 100vw, 130px\" \/>Profesi\u00f3n: Matem\u00e1tica \u2013 Cient\u00edfica\/Ingeniera de datos<\/p>\n<p>\u201cEl mes pasado empec\u00e9 mis clases de alem\u00e1n con Yolanda. Despu\u00e9s de llevar un par de a\u00f1os intentando aprender alem\u00e1n de una manera constante (por mi cuenta y con otras herramientas, sin mucho \u00e9xito), Yolanda ha conseguido que mantenga la motivaci\u00f3n para ello, dado que hace que sus clases sean amenas, interesantes (la hora se pasa volando), divertidas, personalizadas, y sobre todo cubriendo todos los aspectos importantes para el aprendizaje de una lengua extranjera:<\/p>\n<p>dedicando tiempo a conversaci\u00f3n y a comprensi\u00f3n auditiva (carencia que ten\u00eda durante el estudio por mi cuenta). En mi opini\u00f3n, esto es muy importante y efectivo, dado que me ayuda a afianzar nuevos conocimientos y a ganar confianza en m\u00ed misma a la hora de hablar en alem\u00e1n en mi entorno laboral y personal.<br \/>Yolanda es una gran profesora, dado que se adapta a la situaci\u00f3n, nivel y objetivos del alumno, te motiva a ir un paso m\u00e1s all\u00e1, y te hace ser consciente de tu progreso. Otro gran valor a\u00f1adido a sus clases es que Yolanda es nativa tanto en espa\u00f1ol como en alem\u00e1n, lo cual es de gran ayuda a la hora de entender aspectos en el idioma que est\u00e1s aprendiendo, ya que hay cosas que no pueden ser explicadas mediante traducci\u00f3n directa. Despu\u00e9s de este mes, tengo muchas ganas de empezar mis sesiones intensivas con ella y ver el progreso! Me alegro mucho de que Tobias me la recomendase como profesora.\u201d<\/p>\n<p>[\/et_pb_accordion_item][et_pb_accordion_item title=\u00bbDaniel H. Bahr (Alemania)\u00bb _builder_version=\u00bb4.20.4&#8243; global_colors_info=\u00bb{}\u00bb open=\u00bboff\u00bb]<\/p>\n<p><img loading=\"lazy\" decoding=\"async\" class=\"wp-image-15296 alignright\" src=\"https:\/\/profesornativodealeman.com\/clases-aleman\/wp-content\/uploads\/2023\/04\/IMG_7856.jpg\" alt=\"Clases de alem\u00e1n online\" width=\"150\" height=\"150\" title=\"\" srcset=\"https:\/\/profesornativodealeman.com\/clases-aleman\/wp-content\/uploads\/2023\/04\/IMG_7856.jpg 400w, https:\/\/profesornativodealeman.com\/clases-aleman\/wp-content\/uploads\/2023\/04\/IMG_7856-150x150.jpg 150w, https:\/\/profesornativodealeman.com\/clases-aleman\/wp-content\/uploads\/2023\/04\/IMG_7856-96x96.jpg 96w\" sizes=\"(max-width: 150px) 100vw, 150px\" \/>Profesion: Ingeniero de Software<\/p>\n<p>Al llegar a Berl\u00edn tuve la enorme suerte (y\/o desgracia, seg\u00fan se mire) de no necesitar hablar alem\u00e1n. En la oficina se usaba el ingl\u00e9s, y en la calle, pues es Berl\u00edn, hay de todo. Con el paso del tiempo el inter\u00e9s de aprender, o m\u00e1s bien certificar el dominio del alem\u00e1n, me llev\u00f3 a inscribirme en clases nocturnas, pero nunca dur\u00e9 mucho en ellas, la genericidad de las clases y los horarios nunca fueron una buena combinaci\u00f3n.<\/p>\n<p>De ah\u00ed al Duolingo; y aunque s\u00ed creo que con la aplicaci\u00f3n algo aprend\u00ed, definitivamente no es suficiente para tomar un ex\u00e1men. Fue entonces que \u00abencontr\u00e9\u00bb a Yolanda.<\/p>\n<p>Yolanda siempre enfoca cada sesi\u00f3n en lo m\u00e1s importante para alcanzar mis objetivos, nunca se sienten tediosas o aburridas sino todo lo contrario, son muy amenas. Adem\u00e1s el dinamismo es genial: en cuanto parece que un punto es menos necesario porque ya lo tengo m\u00e1s controlado, saltamos a otro; y viceversa, cuando es obvio que se necesita m\u00e1s atenci\u00f3n, se reajusta la sesi\u00f3n para hacer m\u00e1s \u00e9nfasis donde hace falta y se reajusta el plan a futuro. Para m\u00ed es la mezcla perfecta<\/p>\n<p>[\/et_pb_accordion_item][\/et_pb_accordion][\/et_pb_column][\/et_pb_row][et_pb_row column_structure=\u00bb1_2,1_2&#8243; _builder_version=\u00bb4.16&#8243; background_size=\u00bbinitial\u00bb background_position=\u00bbtop_left\u00bb background_repeat=\u00bbrepeat\u00bb global_colors_info=\u00bb{}\u00bb][et_pb_column type=\u00bb1_2&#8243; _builder_version=\u00bb4.16&#8243; custom_padding=\u00bb|||\u00bb global_colors_info=\u00bb{}\u00bb custom_padding__hover=\u00bb|||\u00bb][et_pb_blurb title=\u00bbPadres de escolares\u00bb image=\u00bbhttps:\/\/profesornativodealeman.com\/clases-aleman\/wp-content\/uploads\/2017\/11\/apple-icon-57&#215;57.png\u00bb icon_placement=\u00bbleft\u00bb module_id=\u00bbpadres\u00bb _builder_version=\u00bb4.16&#8243; header_font=\u00bb|800|||||||\u00bb header_line_height=\u00bb1.2em\u00bb custom_margin=\u00bb|||\u00bb custom_padding=\u00bb20px|20px|20px|20px\u00bb custom_css_blurb_title=\u00bbpadding-bottom:0px;\u00bb border_width_all=\u00bb2px\u00bb border_color_all=\u00bb#ff0000&#8243; global_colors_info=\u00bb{}\u00bb]<br \/>\n[\/et_pb_blurb][et_pb_accordion open_toggle_text_color=\u00bb#ff0000&#8243; open_toggle_background_color=\u00bb#ffffff\u00bb closed_toggle_text_color=\u00bb#666666&#8243; closed_toggle_background_color=\u00bb#ffffff\u00bb icon_color=\u00bb#000000&#8243; admin_label=\u00bbPadres\u00bb module_id=\u00bbpadres\u00bb _builder_version=\u00bb4.20.4&#8243; toggle_font=\u00bb|800|||||||\u00bb text_orientation=\u00bbleft\u00bb custom_css_toggle=\u00bbmargin-bottom:10px;\u00bb border_width_all=\u00bb0px\u00bb border_color_all=\u00bb#ffcc00&#8243; border_width_bottom=\u00bb5px\u00bb box_shadow_style=\u00bbpreset1&#8243; box_shadow_blur=\u00bb8px\u00bb global_colors_info=\u00bb{}\u00bb][et_pb_accordion_item title=\u00bbPilar Martin (Madrid)\u00bb open=\u00bbon\u00bb _builder_version=\u00bb4.20.4&#8243; global_colors_info=\u00bb{}\u00bb]<\/p>\n<p>Profesion: Responsable financiera en una ONGD<strong><img loading=\"lazy\" decoding=\"async\" class=\"alignright wp-image-8175\" title=\"Profesora de alem\u00e1n cuatriling\u00fce, altamente cualificada. 1\" src=\"https:\/\/profesornativodealeman.com\/clases-aleman\/wp-content\/uploads\/2020\/07\/Foto-Pilar.jpg\" alt=\"Foto Pilar\" width=\"100\" height=\"133\" \/><\/strong><\/p>\n<p>\u00abYolanda ha ayudado a mi hijo Bruno (17 a\u00f1os) a prepararse para el examen del certificado del nivel B2 del Goethe Institute y, adem\u00e1s de prepararle muy bien, le ha ayudado a ganar mucha confianza. Aunque las clases iban enfocadas al examen y han sido muy intensivas (3 d\u00edas a la semana), le han gustado mucho, sobre todo porque Yolanda las ten\u00eda muy bien preparadas y le facilitaba mucho material, estas clases le han animado mucho a seguir avanzando con el idioma, encontr\u00e1ndole m\u00e1s gusto que hasta ahora con otros profesores. El trato con Yolanda ha sido perfecto, con una comunicaci\u00f3n muy fluida, me ha tenido en todo momento informada de los avances de las clases. Sin duda, recomendamos a Yolanda, es una\u00a0profesora de\u00a0alem\u00e1n\u00a0excelente\u00bb<\/p>\n<p>[\/et_pb_accordion_item][\/et_pb_accordion][\/et_pb_column][et_pb_column type=\u00bb1_2&#8243; _builder_version=\u00bb4.16&#8243; custom_padding=\u00bb|||\u00bb global_colors_info=\u00bb{}\u00bb custom_padding__hover=\u00bb|||\u00bb][et_pb_blurb title=\u00bbSector Financiero \/ Bancario \/ Auditoria \/ Exportaci\u00f3n \/ Funcionarios\u00bb image=\u00bbhttps:\/\/profesornativodealeman.com\/clases-aleman\/wp-content\/uploads\/2017\/11\/apple-icon-57&#215;57.png\u00bb icon_placement=\u00bbleft\u00bb module_id=\u00bbfinanzas\u00bb _builder_version=\u00bb4.16&#8243; header_font=\u00bb|800|||||||\u00bb header_line_height=\u00bb1.2em\u00bb custom_margin=\u00bb|||\u00bb custom_padding=\u00bb20px|20px|20px|20px\u00bb custom_css_blurb_title=\u00bbpadding-bottom:0px;\u00bb border_width_all=\u00bb2px\u00bb border_color_all=\u00bb#ff0000&#8243; global_colors_info=\u00bb{}\u00bb]<br \/>\n[\/et_pb_blurb][et_pb_accordion open_toggle_text_color=\u00bb#ff0000&#8243; open_toggle_background_color=\u00bb#ffffff\u00bb closed_toggle_text_color=\u00bb#666666&#8243; closed_toggle_background_color=\u00bb#ffffff\u00bb icon_color=\u00bb#000000&#8243; admin_label=\u00bbFinanzas\u00bb module_id=\u00bbfinanzas\u00bb _builder_version=\u00bb4.20.4&#8243; toggle_font=\u00bb|800|||||||\u00bb text_orientation=\u00bbleft\u00bb z_index_tablet=\u00bb500&#8243; custom_css_toggle=\u00bbmargin-bottom:10px;\u00bb border_width_all=\u00bb0px\u00bb border_color_all=\u00bb#ffcc00&#8243; border_width_bottom=\u00bb5px\u00bb box_shadow_style=\u00bbpreset1&#8243; box_shadow_blur=\u00bb8px\u00bb global_colors_info=\u00bb{}\u00bb][et_pb_accordion_item title=\u00bbSebastian Acosta (Colombia)\u00bb open=\u00bbon\u00bb _builder_version=\u00bb4.20.4&#8243; _module_preset=\u00bbdefault\u00bb global_colors_info=\u00bb{}\u00bb]<\/p>\n<p>Profesion: Wirtschafts- und Politikwissenschaftler<\/p>\n<p>\u00abEs ist nicht einfach, Deutsch zu lernen, vor allem, wenn du am Ende des Lernweges bist. Nachdem <strong><img loading=\"lazy\" decoding=\"async\" class=\"wp-image-14937 alignright\" src=\"https:\/\/profesornativodealeman.com\/clases-aleman\/wp-content\/uploads\/2021\/01\/2d3fca6e-f0be-40c2-aefa-393b5ab495d2.jpg\" alt=\"Clases de alem\u00e1n online\" width=\"120\" height=\"160\" title=\"\" srcset=\"https:\/\/profesornativodealeman.com\/clases-aleman\/wp-content\/uploads\/2021\/01\/2d3fca6e-f0be-40c2-aefa-393b5ab495d2.jpg 354w, https:\/\/profesornativodealeman.com\/clases-aleman\/wp-content\/uploads\/2021\/01\/2d3fca6e-f0be-40c2-aefa-393b5ab495d2-150x200.jpg 150w\" sizes=\"(max-width: 120px) 100vw, 120px\" \/><\/strong> einen C1 Kurs gemacht hat, sagen die meisten Lehrer: \u201eGeh nach Deutschland\u00bb, \u00abWir k\u00f6nnen fast nichts mehr f\u00fcr dich tun\u201c oder \u201eNa ja&#8230;\u00bb C1 ist schon weit weg vom Anfang, wer w\u00fcrde eigentlich einen C2 brauchen. Die Verlage helfen auch nicht. Hueber bietet momentan nur ein paar B\u00fccher, die die Grammatik erkl\u00e4ren, und ein C2 Sachbuch, das zwar nur ein \u201ePr\u00fcfungsvorbereitungsbuch\u201c ist. Andere Buchverlage haben entweder nichts oder zu wenig C2 Material ver\u00f6ffentlicht und die Mehrheit der Institute im Ausland bietet dieses Niveau nicht an.<\/p>\n<p>Vor ein paar Monaten habe ich gedacht, dass ich bis zum Ende der Pandemie mit Deutschlernen aufh\u00f6ren sollte. Allerdings habe ich Yoli gefunden. Am Anfang hatte ich Angst. Ich wusste nicht, wie es gehen w\u00fcrde, oder ob die Methoden von Yoli bei mir funktionieren w\u00fcrden.<\/p>\n<p>Trotzdem kann ich nach zwei Monaten sagen, dass es sich lohnt, dass es auch bei dir klappen wird und, dass Yolanda eine der besten Lehrerinnen ist, die ich je hatte. Jede Stunde lesen wir etwas, reden dar\u00fcber und h\u00f6ren etwas Lustiges. Au\u00dferdem kann man auch als Hausaufgabe etwas schreiben und Yoli wird es lesen, kommentieren und korrigieren.<\/p>\n<p>Deutsch mit Yoli zu lernen f\u00fchlt sich an, als ob du eine Begleiterin, eine neue Freundin oder eine gro\u00dfe Schwester, die dir beim Lernen hilft, h\u00e4ttest. Jede Stunde ist lustig und voller Spa\u00df; glaub mir: Deine Grammatik, deine Redewendungen und sogar deine Aussprache werden sich verbessern, ohne dass du es wirklich merkst. Wenn jemand Deutsch lernen will, weil er\/sie sich wirklich in Deutschland verliebt hat, kann ich Yolanda nur empfehlen.<\/p>\n<p>&nbsp;<\/p>\n<p>[\/et_pb_accordion_item][\/et_pb_accordion][\/et_pb_column][\/et_pb_row][et_pb_row column_structure=\u00bb1_2,1_2&#8243; _builder_version=\u00bb4.16&#8243; background_size=\u00bbinitial\u00bb background_position=\u00bbtop_left\u00bb background_repeat=\u00bbrepeat\u00bb global_colors_info=\u00bb{}\u00bb][et_pb_column type=\u00bb1_2&#8243; _builder_version=\u00bb4.16&#8243; custom_padding=\u00bb|||\u00bb global_colors_info=\u00bb{}\u00bb custom_padding__hover=\u00bb|||\u00bb][et_pb_blurb title=\u00bbSector sanitario \/ Cient\u00edficos \/ Psicolog\u00eda \/ Comunicaci\u00f3n \/ Azafatas\u00bb image=\u00bbhttps:\/\/profesornativodealeman.com\/clases-aleman\/wp-content\/uploads\/2017\/11\/apple-icon-57&#215;57.png\u00bb icon_placement=\u00bbleft\u00bb module_id=\u00bbsanitarios\u00bb _builder_version=\u00bb4.16&#8243; header_font=\u00bb|800|||||||\u00bb header_line_height=\u00bb1.2em\u00bb custom_margin=\u00bb|||\u00bb custom_padding=\u00bb20px|20px|20px|20px\u00bb custom_css_blurb_title=\u00bbpadding-bottom:0px;\u00bb border_width_all=\u00bb2px\u00bb border_color_all=\u00bb#ff0000&#8243; global_colors_info=\u00bb{}\u00bb][\/et_pb_blurb][et_pb_accordion open_toggle_text_color=\u00bb#ff0000&#8243; open_toggle_background_color=\u00bb#ffffff\u00bb closed_toggle_text_color=\u00bb#666666&#8243; closed_toggle_background_color=\u00bb#ffffff\u00bb icon_color=\u00bb#000000&#8243; admin_label=\u00bbSanitarios\u00bb module_id=\u00bbsanitarios\u00bb _builder_version=\u00bb4.20.4&#8243; toggle_font=\u00bb|800|||||||\u00bb text_orientation=\u00bbleft\u00bb z_index_tablet=\u00bb500&#8243; custom_css_toggle=\u00bbmargin-bottom:10px;\u00bb border_width_all=\u00bb0px\u00bb border_color_all=\u00bb#ffcc00&#8243; border_width_bottom=\u00bb5px\u00bb box_shadow_style=\u00bbpreset1&#8243; box_shadow_blur=\u00bb8px\u00bb global_colors_info=\u00bb{}\u00bb][et_pb_accordion_item title=\u00bbJaime y Eva: Software engineer en Google y Licenciada en Psicolog\u00eda (Suiza\u00bb open=\u00bbon\u00bb _builder_version=\u00bb4.20.4&#8243; global_colors_info=\u00bb{}\u00bb]<\/p>\n<div dir=\"auto\">\u00a0<\/div>\n<div dir=\"auto\">\n<div id='gallery-3' class='gallery galleryid-15292 gallery-columns-3 gallery-size-thumbnail'><figure class='gallery-item'>\n\t\t\t<div class='gallery-icon portrait'>\n\t\t\t\t<a href='https:\/\/profesornativodealeman.com\/clases-aleman\/profesora-de-aleman\/78573091-24e4-49ab-a117-f388bf5fbae1-1\/'><img loading=\"lazy\" decoding=\"async\" width=\"55\" height=\"96\" src=\"https:\/\/profesornativodealeman.com\/clases-aleman\/wp-content\/uploads\/2021\/01\/78573091-24e4-49ab-a117-f388bf5fbae1-1.jpg\" class=\"attachment-thumbnail size-thumbnail\" alt=\"Clases de alem\u00e1n online\" title=\"\"><\/a>\n\t\t\t<\/div><\/figure><figure class='gallery-item'>\n\t\t\t<div class='gallery-icon landscape'>\n\t\t\t\t<a href='https:\/\/profesornativodealeman.com\/clases-aleman\/profesora-de-aleman\/image-1-1-1\/'><img loading=\"lazy\" decoding=\"async\" width=\"128\" height=\"86\" src=\"https:\/\/profesornativodealeman.com\/clases-aleman\/wp-content\/uploads\/2021\/01\/image-1-1-1.png\" class=\"attachment-thumbnail size-thumbnail\" alt=\"Clases de alem\u00e1n online\" srcset=\"https:\/\/profesornativodealeman.com\/clases-aleman\/wp-content\/uploads\/2021\/01\/image-1-1-1.png 160w, https:\/\/profesornativodealeman.com\/clases-aleman\/wp-content\/uploads\/2021\/01\/image-1-1-1-150x100.png 150w\" sizes=\"(max-width: 128px) 100vw, 128px\" title=\"\"><\/a>\n\t\t\t<\/div><\/figure>\n\t\t<\/div>\n\n<\/div>\n<div dir=\"auto\">Mi marido, Jaime, y yo llevamos unos meses dando clases semanalmente con Yoli. La verdad es que a parte de aprender un mont\u00f3n, las clases son amenas y hasta tenemos tiempo para re\u00edr. En mi caso el foco lo ponemos en conseguir el nivel B2 de alem\u00e1n que da acceso a conseguir algunos trabajos en Suiza, donde vivimos desde hace 7 a\u00f1os, y despu\u00e9s de probar diferentes sistemas de aprendizaje, finalmente parece que me estoy acercando al objetivo. Las clases de Yoli est\u00e1n muy bien estructuradas y la hora pasa volando.<\/div>\n<div dir=\"auto\">\u00a0<\/div>\n<div dir=\"auto\">\u00a0<\/div>\n<p>[\/et_pb_accordion_item][\/et_pb_accordion][\/et_pb_column][et_pb_column type=\u00bb1_2&#8243; _builder_version=\u00bb4.16&#8243; custom_padding=\u00bb|||\u00bb global_colors_info=\u00bb{}\u00bb custom_padding__hover=\u00bb|||\u00bb][et_pb_blurb title=\u00bbOtras Profesiones\u00bb image=\u00bbhttps:\/\/profesornativodealeman.com\/clases-aleman\/wp-content\/uploads\/2017\/11\/apple-icon-57&#215;57.png\u00bb icon_placement=\u00bbleft\u00bb module_id=\u00bbotras-profesiones\u00bb _builder_version=\u00bb4.16&#8243; header_font=\u00bb|800|||||||\u00bb header_line_height=\u00bb1.2em\u00bb custom_margin=\u00bb|||\u00bb custom_padding=\u00bb20px|20px|20px|20px\u00bb custom_css_blurb_title=\u00bbpadding-bottom:0px;\u00bb border_width_all=\u00bb2px\u00bb border_color_all=\u00bb#ff0000&#8243; global_colors_info=\u00bb{}\u00bb]<br \/>\n[\/et_pb_blurb][et_pb_accordion open_toggle_text_color=\u00bb#ff0000&#8243; open_toggle_background_color=\u00bb#ffffff\u00bb closed_toggle_text_color=\u00bb#666666&#8243; closed_toggle_background_color=\u00bb#ffffff\u00bb icon_color=\u00bb#000000&#8243; admin_label=\u00bbOtras profesiones\u00bb module_id=\u00bbotras-profesiones\u00bb _builder_version=\u00bb4.20.4&#8243; toggle_font=\u00bb|800|||||||\u00bb text_orientation=\u00bbleft\u00bb custom_css_toggle=\u00bbmargin-bottom:10px;\u00bb border_width_all=\u00bb0px\u00bb border_color_all=\u00bb#ffcc00&#8243; border_width_bottom=\u00bb5px\u00bb box_shadow_style=\u00bbpreset1&#8243; box_shadow_blur=\u00bb8px\u00bb global_colors_info=\u00bb{}\u00bb][et_pb_accordion_item title=\u00bbBel\u00e9n Sprenger (Z\u00fcrich,Suiza)\u00bb open=\u00bbon\u00bb _builder_version=\u00bb4.20.4&#8243; global_colors_info=\u00bb{}\u00bb]<\/p>\n<p>Profesion: Transpersonal Life Coach<strong><img loading=\"lazy\" decoding=\"async\" class=\"wp-image-9452 alignright\" src=\"https:\/\/profesornativodealeman.com\/clases-aleman\/wp-content\/uploads\/2020\/11\/Foto.jpeg\" alt=\"Clases de alem\u00e1n online\" width=\"150\" height=\"150\" title=\"\" srcset=\"https:\/\/profesornativodealeman.com\/clases-aleman\/wp-content\/uploads\/2020\/11\/Foto.jpeg 500w, https:\/\/profesornativodealeman.com\/clases-aleman\/wp-content\/uploads\/2020\/11\/Foto-480x480.jpeg 480w, https:\/\/profesornativodealeman.com\/clases-aleman\/wp-content\/uploads\/2020\/11\/Foto-150x150.jpeg 150w, https:\/\/profesornativodealeman.com\/clases-aleman\/wp-content\/uploads\/2020\/11\/Foto-96x96.jpeg 96w\" sizes=\"(max-width: 150px) 100vw, 150px\" \/><\/strong><\/p>\n<p>\u00abSoy Argentina, vivo en Z\u00fcrich hace casi 2 a\u00f1os. Estudi\u00e9 alem\u00e1n 1 a\u00f1o y 3 meses antes de conocer a Yolanda. Hice el nivel A1 y A2 con modalidad intensiva y el nivel B1 con modalidad semi-intensiva. Cuando finalic\u00e9 el B1 sent\u00ed que estaba cansada de ir a la escuela, y me encontraba bastante desmotivada.<\/p>\n<p>Conoc\u00eda mucha gram\u00e1tica, bastante vocabulario, pero me costaba hablar. Sent\u00eda que hab\u00eda estudiado mucho, pero necesitaba incorporar e integrar lo aprendido. Decid\u00ed modificar mi estrategia de estudio y tomar lecciones privadas con Yoli. La diferencia en los resultados, me ha dejado sin palabras.<\/p>\n<p>Es la primera vez que siento que logr\u00e9 desbloquearme, y que puedo expresar mi opini\u00f3n y mantener una conversaci\u00f3n en alem\u00e1n. Ella me ha dado mucha confianza en m\u00ed misma, me ha permitido expresarme, se interesa por lo que quiero contar.<\/p>\n<p>Sus clases pasan volando y son muy interactivas. Pasamos por todas las partes: gram\u00e1tica, hablar, leer, escuchar y escribir.<\/p>\n<p>En mi caso, hacemos especial enf\u00e1sis en la parte conversacional, e incluso hay un ejercicio donde escucho un audio y luego le tengo que contar a ella lo que entend\u00ed (me parece genial :D) Yolanda prepara las clases con dedicaci\u00f3n. Muchas veces, le digo sobre que temas me gustar\u00eda leer y aprender nuevo vocabulario y ella los prepara para la proxima lecci\u00f3n. Hemos trabajado con temas muy variados: coaching, mindfulness, leyes universales, astrolog\u00eda, ley de atracci\u00f3n, etc. Estoy segura que de ahora en m\u00e1s voy a mejorar mucho en alem\u00e1n, estoy ganando fluidez y mi motivaci\u00f3n cambi\u00f3 100%. Tambi\u00e9n encuentro super \u00fatil que Yoli hable Espa\u00f1ol, como una de sus lenguas maternas, ya que puede traducir al instante el vocabulario que no conozco. As\u00ed como tambi\u00e9n me explica, las frases verbales que en espa\u00f1ol no tendr\u00edan sentido, con una traducci\u00f3n directa.<\/p>\n<p>La recomiendo ampliamente!<\/p>\n<p>Adem\u00e1s de ser una gran docente, es una persona muy simp\u00e1tica y alegre que te hace sentir muy c\u00f3moda. Tiene una energ\u00eda muy linda y eso se transmite!<\/p>\n<p>Gracias Yoli \u2661\u00bb<\/p>\n<p>&nbsp;<\/p>\n<p>[\/et_pb_accordion_item][\/et_pb_accordion][\/et_pb_column][\/et_pb_row][et_pb_row _builder_version=\u00bb4.20.4&#8243; background_size=\u00bbinitial\u00bb background_position=\u00bbtop_left\u00bb background_repeat=\u00bbrepeat\u00bb global_colors_info=\u00bb{}\u00bb][et_pb_column type=\u00bb4_4&#8243; _builder_version=\u00bb4.16&#8243; custom_padding=\u00bb|||\u00bb global_colors_info=\u00bb{}\u00bb custom_padding__hover=\u00bb|||\u00bb][et_pb_blurb title=\u00bbClases de ingles\u00bb image=\u00bbhttps:\/\/profesornativodealeman.com\/clases-aleman\/wp-content\/uploads\/2017\/11\/apple-icon-57&#215;57.png\u00bb icon_placement=\u00bbleft\u00bb module_id=\u00bbempresarios\u00bb _builder_version=\u00bb4.20.4&#8243; header_font=\u00bb|800|||||||\u00bb header_line_height=\u00bb1.2em\u00bb custom_margin=\u00bb|||\u00bb custom_padding=\u00bb20px|20px|20px|20px\u00bb custom_css_blurb_title=\u00bbpadding-bottom:0px;\u00bb border_width_all=\u00bb2px\u00bb border_color_all=\u00bb#ff0000&#8243; global_colors_info=\u00bb{}\u00bb][\/et_pb_blurb][et_pb_accordion open_toggle_text_color=\u00bb#ff0000&#8243; open_toggle_background_color=\u00bb#ffffff\u00bb closed_toggle_text_color=\u00bb#666666&#8243; closed_toggle_background_color=\u00bb#ffffff\u00bb icon_color=\u00bb#000000&#8243; admin_label=\u00bbEmpresarios\u00bb module_id=\u00bbempresarios\u00bb _builder_version=\u00bb4.20.4&#8243; toggle_font=\u00bb|800|||||||\u00bb text_orientation=\u00bbleft\u00bb custom_css_toggle=\u00bbmargin-bottom:10px;\u00bb border_width_all=\u00bb0px\u00bb border_color_all=\u00bb#ffcc00&#8243; border_width_bottom=\u00bb5px\u00bb box_shadow_style=\u00bbpreset1&#8243; box_shadow_blur=\u00bb8px\u00bb global_colors_info=\u00bb{}\u00bb][et_pb_accordion_item title=\u00bbXavier Salvador (Madrid)\u00bb open=\u00bbon\u00bb _builder_version=\u00bb4.20.4&#8243; global_colors_info=\u00bb{}\u00bb]<\/p>\n<p>Profesion: Influenzer y YouTuber<\/p>\n<p>Su comentario sobres las clases con\u00a0 Yolanda:<strong><img loading=\"lazy\" decoding=\"async\" class=\"wp-image-8513 alignright\" src=\"https:\/\/profesornativodealeman.com\/clases-aleman\/wp-content\/uploads\/2020\/10\/Xavier.jpg\" alt=\"Clases de alem\u00e1n online\" width=\"120\" height=\"161\" title=\"\" srcset=\"https:\/\/profesornativodealeman.com\/clases-aleman\/wp-content\/uploads\/2020\/10\/Xavier.jpg 828w, https:\/\/profesornativodealeman.com\/clases-aleman\/wp-content\/uploads\/2020\/10\/Xavier-768x1031.jpg 768w, https:\/\/profesornativodealeman.com\/clases-aleman\/wp-content\/uploads\/2020\/10\/Xavier-480x645.jpg 480w, https:\/\/profesornativodealeman.com\/clases-aleman\/wp-content\/uploads\/2020\/10\/Xavier-640x853.jpg 640w, https:\/\/profesornativodealeman.com\/clases-aleman\/wp-content\/uploads\/2020\/10\/Xavier-150x201.jpg 150w\" sizes=\"(max-width: 120px) 100vw, 120px\" \/><\/strong><\/p>\n<p>\u201cMe gradu\u00e9 este a\u00f1o del colegio, antes de estudiar el bachillerato en este, ya hab\u00eda pasado por dos Instituciones acad\u00e9micas distintas. \u00bfPor que digo todo esto? Porque en los 12 a\u00f1os que dediqu\u00e9 mi tiempo a los estudios, nunca, pero nunca, hab\u00eda tenido una profesora tan maravillosa, dedicada y real como lo fue mi querida Yoli. A lo largo de mis a\u00f1os en el colegio tuve muchos profesores buenos, queridos, dedicados, pero como ella, ninguno. Con ella aprend\u00ed ingl\u00e9s de una manera diferente a la que estamos acostumbrados en el sistema educativo de Espa\u00f1a , aprend\u00ed el verdadero ingl\u00e9s, el que realmente vamos a utilizar en un futuro.<\/p>\n<p>Es de esas profesoras que hace que quieras ir a clases, que realmente digas \u201cvoy porque no me quiero perderme su clase\u201d (literalmente), y que que lo diga yo es algo de admirar, porque un estudiante ejemplar precisamente no era. Con ella uno se divierte, se r\u00ede, pero sobre todo se aprende.<\/p>\n<p>Cuando yo llegue de Venezuela tuve la suerte de conocerla, fue ella una de las personas que me ayudo a seguir (sin tener que hacerlo lo hizo, me ayud\u00f3), es decir, es pr\u00e1cticamente la profesora que todos alg\u00fan d\u00eda hemos so\u00f1ado, y yo, si, yo tuve la suerte de tenerla.<\/p>\n<p>Te doy un GRACIAS con mucho sentimiento por ense\u00f1arme tanto, por querernos a nosotros ( tus estudiantes) como tu propia familia, como si fu\u00e9ramos de la misma sangre. GRACIAS.\u201d<\/p>\n<p>[\/et_pb_accordion_item][et_pb_accordion_item title=\u00bbCris Morales (Madrid)\u00bb _builder_version=\u00bb4.20.4&#8243; global_colors_info=\u00bb{}\u00bb open=\u00bboff\u00bb]<\/p>\n<div>\n<div dir=\"auto\">\u00a0<\/div>\n<\/div>\n<p><strong><span class=\"il\"><img loading=\"lazy\" decoding=\"async\" class=\"wp-image-8437 alignright\" src=\"https:\/\/profesornativodealeman.com\/clases-aleman\/wp-content\/uploads\/2020\/10\/IMG_5335-1-1.jpg\" alt=\"Clases de alem\u00e1n online\" width=\"100\" height=\"166\" title=\"\"><\/span><\/strong>Profesion: Estudio Bellas Artes en la Universidad Complutense de Madrid<\/p>\n<div>\n<div>\n<div>\u00abHace un par de a\u00f1os, tuve la suerte de tener a Yolanda como tutora y profesora de ingles en bachillerato. Desde el primer minuto demostr\u00f3 ser una persona muy cercana en interesada en ayudar a los alumnos tanto profesional como personalmente.<\/div>\n<div>\u00a0<\/div>\n<div>Su manera de ense\u00f1ar es muy din\u00e1mica y entretenida lo que hace que nunca te canses de aprender. Ofrece una ense\u00f1anza muy personalizada, centr\u00e1ndose en las \u00e1reas a reforzar del alumno, ayud\u00e1ndole a mejorar y perfeccionar aquellas en las que tiene menor dificultad. Es una persona muy responsable y comprometida con su trabajo y en cuanto necesit\u00e9 recibir clases para prepararme el examen de ingl\u00e9s de Cambridge, no dude ni un segundo en contactar con ella.<\/div>\n<div>\u00a0<\/div>\n<div>Sin ninguna duda es una excelente profesional y estoy muy agradecida de tener la oportunidad de recibir sus clases incluso en una situaci\u00f3n tan complicada como la actual.\u00bb<\/div>\n<div>\u00a0<\/div>\n<div>\u00a1Gracias Yoli!<\/div>\n<\/div>\n<\/div>\n<div>\u00a0<\/div>\n<p>&nbsp;<\/p>\n<p>[\/et_pb_accordion_item][et_pb_accordion_item title=\u00bbSandra Hu\u00e9scar Navarrete (Madrid)\u00bb _builder_version=\u00bb4.20.4&#8243; global_colors_info=\u00bb{}\u00bb open=\u00bboff\u00bb]<\/p>\n<p>Profesi\u00f3n: Personal Assistant CEO de Evolutio \u2013 Madrid \u2013 Spain<strong><br \/><img loading=\"lazy\" decoding=\"async\" class=\"wp-image-8360 alignright\" src=\"https:\/\/profesornativodealeman.com\/clases-aleman\/wp-content\/uploads\/2020\/10\/SHN.v2_linkedin_oct20-1.jpg\" alt=\"Clases de alem\u00e1n online\" width=\"150\" height=\"100\" title=\"\"><\/strong><\/p>\n<p>Durante m\u00e1s de veinte a\u00f1os he ocupado puestos de Personal Assistant, tanto en Suiza, como en Espa\u00f1a, en distintas compa\u00f1\u00edas, donde mi nivel de ingl\u00e9s deb\u00eda de ser alto.En distintas etapas de mi vida, he intentado mantener mi nivel a trav\u00e9s de academias, escuelas oficiales y de forma voluntaria y proactivamente. Gracias a Yolanda, mi profesora de ingl\u00e9s, puedo, no solo mantener mi nivel, sino adquirir conocimientos de un nivel mucho m\u00e1s avanzado.<\/p>\n<p>Yolanda, es una profesora puntual, din\u00e1mica y muy estructurada. Se prepara sus clases para que en el tiempo estipulado, puedas practicar diferentes tareas como: conversaci\u00f3n, gram\u00e1tica, reading, writing y listening.<\/p>\n<p>Dada la nueva realidad (crisis sanitaria), Yolanda es una de las profesoras que se ha reinventado en s\u00ed misma, utilizando los avances de las nuevas tecnolog\u00edas y poniendo al alcance del alumno la metodolog\u00eda m\u00e1s adecuada a modo individual.<\/p>\n<p>Su pasi\u00f3n por los idiomas, Yolanda me hace disfrutar de las clases que imparte de forma \u00e1gil y muy entretenida. Aborda temas de actualidad y se ajusta a mis necesidades. Nuestras clases son v\u00eda zoom, estando su base en Alemania y la m\u00eda en Espa\u00f1a.<\/p>\n<p>Es mi primera experiencia de aprendizaje online y lo \u00fanico que puedo de decir es que apenas noto diferencia a las clases presenciales, result\u00e1ndonos a ambas mucho m\u00e1s c\u00f3modas, ahorrando tiempo y sobre todo cumpliendo medidas anti-covid. Muy importantes hoy en d\u00eda.<\/p>\n<p>Por lo tanto, nos conocemos de forma virtual, es decir, desde este verano, pero hemos congeniado muy bien y conseguido una excelente relaci\u00f3n profesora-alumna.<\/p>\n<p>\u00a1\u00a1Gracias Yolanda \u00a1!<\/p>\n<p>[\/et_pb_accordion_item][et_pb_accordion_item title=\u00bbRoc\u00edo Garc\u00eda Vald\u00e9s (Pozuelo, Madrid)\u00bb _builder_version=\u00bb4.20.4&#8243; global_colors_info=\u00bb{}\u00bb open=\u00bboff\u00bb]<\/p>\n<p>Estudios: BellasArtes y Grado en Experto de Moda.<strong><img loading=\"lazy\" decoding=\"async\" class=\"wp-image-8447 alignright\" src=\"https:\/\/profesornativodealeman.com\/clases-aleman\/wp-content\/uploads\/2020\/10\/Rocio.jpg\" alt=\"Clases de alem\u00e1n online\" width=\"130\" height=\"130\" title=\"\" srcset=\"https:\/\/profesornativodealeman.com\/clases-aleman\/wp-content\/uploads\/2020\/10\/Rocio.jpg 400w, https:\/\/profesornativodealeman.com\/clases-aleman\/wp-content\/uploads\/2020\/10\/Rocio-150x150.jpg 150w, https:\/\/profesornativodealeman.com\/clases-aleman\/wp-content\/uploads\/2020\/10\/Rocio-96x96.jpg 96w\" sizes=\"(max-width: 130px) 100vw, 130px\" \/><\/strong><\/p>\n<p>\u00abYolanda es una de las mejores profesoras, por no decir la mejor, que he tenido en mi vida. Su m\u00e9todo de ense\u00f1anza es muy efectivo, porque no solo se centra en que aprendas la gram\u00e1tica, los verbos, etc, se centra much\u00edsimo tambi\u00e9n en que el alumno haga oido, entienda, y de ese modo pueda establecer una conversaci\u00f3n fluida en el idioma. No solo es efectivo por eso, sino que tambi\u00e9n hace las clases muy amenas y divertidas, con lo cual te entran ganas de tener clase con ella y de aprender m\u00e1s o quedarte hablando con ella. Gracias a ella ahora mi pronunciaci\u00f3n en ingl\u00e9s es much\u00edsimo mejor, consegu\u00ed aprenderme, en solo un a\u00f1o que fue el que la tuve como profesora, la mayor\u00eda de cosas que en a\u00f1os no me hab\u00edan ense\u00f1ado en el colegio y no era capaz de retenerlas. A sus clases no solo me gustaba ir porque eran amenas, sino porque ella siempre ten\u00eda una sonrisa de oreja a oreja y se le notaba el entusiasmo que pon\u00eda en sus clases, y las ganas que ten\u00eda cada d\u00eda de ense\u00f1arnos algo nuevo, que por muy aburrido que fuese, ella lo convert\u00eda en algo divertido, y por ende se me quedaban mucho mejor los conceptos.<\/p>\n<p>Yolanda no es solo una buena profesora, es tambi\u00e9n una bell\u00edsima persona, siempre se preocupa por sus alumnos, e intenta que estos sean felices y sacarles siempre una sonrisa. Me suena raro cuando lo digo, pero hab\u00eda d\u00edas que mi entusiasmo del d\u00eda era tener clase de ingl\u00e9s para pasar un buen rato y encima aprender. \u00ab<br \/>\u00a1Es la mejor!<\/p>\n<p>[\/et_pb_accordion_item][et_pb_accordion_item title=\u00bbSandra Pereira \u2013 Z\u00fcrich\u00bb _builder_version=\u00bb4.20.4&#8243; global_colors_info=\u00bb{}\u00bb open=\u00bboff\u00bb]<\/p>\n<div dir=\"auto\">Profesion: Contable<strong><br \/><img loading=\"lazy\" decoding=\"async\" class=\"size-full wp-image-14909 alignright\" src=\"https:\/\/profesornativodealeman.com\/clases-aleman\/wp-content\/uploads\/2021\/01\/Sandra.jpg\" alt=\"Clases de alem\u00e1n online\" width=\"150\" height=\"167\" title=\"\"><\/strong><\/div>\n<div dir=\"auto\">\u00abEn Mayo de 2021 empez\u00e9 con Yolanda a estudiar ingl\u00e9s y la verdad es que estoy muy contenta con ella. Muchas gracias Tobias por la recomendaci\u00f3n. Las clases con ellas son muy amenas y el tiempo se pasa volando. Cuando me doy cuenta se acaba la clase y a veces me quedo con ganas de seguir.<\/div>\n<div dir=\"auto\">Es una profesora din\u00e1mica, organizada, puntual, simp\u00e1tica, siempre sonriente\u2026 y sobretodo es que disfruta de su trabajo. En todas las clases solemos tener tiempo de conversaci\u00f3n, lectura y escucha. Se centra en puntos d\u00e9biles del alumno y siempre resuelve todo tipo de dudas.<br \/>Sin duda la recomiendo al 100%.<br \/>Muchas gracias por todo Yolanda!!!\u00bb<\/div>\n<div dir=\"auto\">\u00a0<\/div>\n<p>[\/et_pb_accordion_item][et_pb_accordion_item title=\u00bbPatricia Ballesteros (Guadalajara-Espa\u00f1a)\u00bb _builder_version=\u00bb4.20.4&#8243; global_colors_info=\u00bb{}\u00bb open=\u00bboff\u00bb]<\/p>\n<div dir=\"auto\">Profesion: Creadora de Eventos<br \/>Soy Patricia Ballesteros emprendedora, CEO de la empresa de eventos corporativos Sonre\u00edr Cada Dia<img loading=\"lazy\" decoding=\"async\" class=\"wp-image-15320 size-full alignright\" src=\"https:\/\/profesornativodealeman.com\/clases-aleman\/wp-content\/uploads\/2023\/04\/IMG_8222-1-1.jpg\" alt=\"Clases de alem\u00e1n online\" width=\"125\" height=\"152\" title=\"\"><br \/>Para mi trabajo es muy importante saber ingl\u00e9s ya no solo escribirlo si no hablarlo. Me recomendaron contactar con Yolanda y ha sido un acierto. 100% clases individuales y personalizadas, da gusto tratar con ella es muy servicial y amable a la par de exigente y responsable, su finalidad es que aprendas ingl\u00e9s, idioma elegido en mi caso, para ella es satisfactorio saber que el aprendizaje del alumno es un recorrido y un camino en el que se va divirtiendo y aprendiendo poco a poco.<br \/>Me gusta mucho su filosof\u00eda de aprendizaje.<strong><br \/><\/strong><\/div>\n<div dir=\"auto\">\u00a0<\/div>\n<p>[\/et_pb_accordion_item][\/et_pb_accordion][\/et_pb_column][\/et_pb_row][\/et_pb_section]<\/p>\n","protected":false},"excerpt":{"rendered":"<p>[et_pb_section fb_built=\u00bb1&#8243; fullwidth=\u00bbon\u00bb _builder_version=\u00bb4.16&#8243; _module_preset=\u00bbdefault\u00bb background_color=\u00bb#FFFFFF\u00bb global_colors_info=\u00bb{}\u00bb][et_pb_fullwidth_header title=\u00bbClases con Yolanda. Rese\u00f1as\u00bb _builder_version=\u00bb4.20.4&#8243; _module_preset=\u00bbdefault\u00bb title_level=\u00bbh4&#8243; title_text_align=\u00bbcenter\u00bb title_font_size=\u00bb50px\u00bb background_color=\u00bb#e00000&#8243; custom_padding=\u00bb10px||6px||false|false\u00bb global_colors_info=\u00bb{}\u00bb][\/et_pb_fullwidth_header][et_pb_fullwidth_slider _builder_version=\u00bb4.21.0&#8243; _module_preset=\u00bbdefault\u00bb background_color=\u00bbrgba(0,0,0,0.64)\u00bb custom_padding=\u00bb29px||78px||false|false\u00bb global_colors_info=\u00bb{}\u00bb][et_pb_slide _builder_version=\u00bb4.21.0&#8243; _module_preset=\u00bbdefault\u00bb global_colors_info=\u00bb{}\u00bb sticky_transition=\u00bbon\u00bb] La publicaci\u00f3n de los certificados esta autorizada Mas abajo esta el formulario de contacto, mas rese\u00f1as y video de presentaci\u00f3n de la profesora Olivia Martin Martin Profesi\u00f3n: [&hellip;]<\/p>\n","protected":false},"author":4,"featured_media":0,"parent":0,"menu_order":0,"comment_status":"closed","ping_status":"closed","template":"page-template-blank.php","meta":{"footnotes":""},"tags":[],"class_list":["post-15292","page","type-page","status-publish","hentry"],"_links":{"self":[{"href":"https:\/\/profesornativodealeman.com\/clases-aleman\/wp-json\/wp\/v2\/pages\/15292","targetHints":{"allow":["GET"]}}],"collection":[{"href":"https:\/\/profesornativodealeman.com\/clases-aleman\/wp-json\/wp\/v2\/pages"}],"about":[{"href":"https:\/\/profesornativodealeman.com\/clases-aleman\/wp-json\/wp\/v2\/types\/page"}],"author":[{"embeddable":true,"href":"https:\/\/profesornativodealeman.com\/clases-aleman\/wp-json\/wp\/v2\/users\/4"}],"replies":[{"embeddable":true,"href":"https:\/\/profesornativodealeman.com\/clases-aleman\/wp-json\/wp\/v2\/comments?post=15292"}],"version-history":[{"count":0,"href":"https:\/\/profesornativodealeman.com\/clases-aleman\/wp-json\/wp\/v2\/pages\/15292\/revisions"}],"wp:attachment":[{"href":"https:\/\/profesornativodealeman.com\/clases-aleman\/wp-json\/wp\/v2\/media?parent=15292"}],"wp:term":[{"taxonomy":"post_tag","embeddable":true,"href":"https:\/\/profesornativodealeman.com\/clases-aleman\/wp-json\/wp\/v2\/tags?post=15292"}],"curies":[{"name":"wp","href":"https:\/\/api.w.org\/{rel}","templated":true}]}}