{"id":16281,"date":"2023-12-27T18:02:15","date_gmt":"2023-12-27T16:02:15","guid":{"rendered":"https:\/\/profesornativodealeman.com\/clases-aleman\/?page_id=16281"},"modified":"2025-12-29T17:28:18","modified_gmt":"2025-12-29T15:28:18","slug":"opiniones-clases-con-maria","status":"publish","type":"page","link":"https:\/\/profesornativodealeman.com\/clases-aleman\/opiniones-clases-con-maria\/","title":{"rendered":"Rese\u00f1as alumnos. Clases de alem\u00e1n con Maria"},"content":{"rendered":"\t\t<div data-elementor-type=\"wp-page\" data-elementor-id=\"16281\" class=\"elementor elementor-16281\" data-elementor-post-type=\"page\">\n\t\t\t\t\t\t<section class=\"elementor-section elementor-top-section elementor-element elementor-element-571846f elementor-section-boxed elementor-section-height-default elementor-section-height-default\" data-id=\"571846f\" data-element_type=\"section\" data-e-type=\"section\" data-settings=\"{&quot;background_background&quot;:&quot;classic&quot;}\">\n\t\t\t\t\t\t<div class=\"elementor-container elementor-column-gap-default\">\n\t\t\t\t\t<div class=\"elementor-column elementor-col-100 elementor-top-column elementor-element elementor-element-189ad89\" data-id=\"189ad89\" data-element_type=\"column\" data-e-type=\"column\">\n\t\t\t<div class=\"elementor-widget-wrap elementor-element-populated\">\n\t\t\t\t\t\t<div class=\"elementor-element elementor-element-be8543e elementor-widget elementor-widget-heading\" data-id=\"be8543e\" data-element_type=\"widget\" data-e-type=\"widget\" data-widget_type=\"heading.default\">\n\t\t\t\t<div class=\"elementor-widget-container\">\n\t\t\t\t\t<h1 class=\"elementor-heading-title elementor-size-default\">Clases de alem\u00e0n con Maria. Rese\u00f1as<\/h1>\t\t\t\t<\/div>\n\t\t\t\t<\/div>\n\t\t\t\t\t<\/div>\n\t\t<\/div>\n\t\t\t\t\t<\/div>\n\t\t<\/section>\n\t\t\t\t<section class=\"elementor-section elementor-top-section elementor-element elementor-element-ca30d8d elementor-section-boxed elementor-section-height-default elementor-section-height-default\" data-id=\"ca30d8d\" data-element_type=\"section\" data-e-type=\"section\" data-settings=\"{&quot;background_background&quot;:&quot;classic&quot;}\">\n\t\t\t\t\t\t<div class=\"elementor-container elementor-column-gap-default\">\n\t\t\t\t\t<div class=\"elementor-column elementor-col-100 elementor-top-column elementor-element elementor-element-6fbc99e\" data-id=\"6fbc99e\" data-element_type=\"column\" data-e-type=\"column\">\n\t\t\t<div class=\"elementor-widget-wrap\">\n\t\t\t\t\t\t\t<\/div>\n\t\t<\/div>\n\t\t\t\t\t<\/div>\n\t\t<\/section>\n\t\t\t\t<section class=\"elementor-section elementor-top-section elementor-element elementor-element-8827bc4 elementor-section-boxed elementor-section-height-default elementor-section-height-default\" data-id=\"8827bc4\" data-element_type=\"section\" data-e-type=\"section\">\n\t\t\t\t\t\t<div class=\"elementor-container elementor-column-gap-default\">\n\t\t\t\t\t<div class=\"elementor-column elementor-col-50 elementor-top-column elementor-element elementor-element-9249e21\" data-id=\"9249e21\" data-element_type=\"column\" data-e-type=\"column\">\n\t\t\t<div class=\"elementor-widget-wrap elementor-element-populated\">\n\t\t\t\t\t\t<div class=\"elementor-element elementor-element-0a7bccb elementor-icon-list--layout-traditional elementor-list-item-link-full_width elementor-widget elementor-widget-icon-list\" data-id=\"0a7bccb\" data-element_type=\"widget\" data-e-type=\"widget\" data-widget_type=\"icon-list.default\">\n\t\t\t\t<div class=\"elementor-widget-container\">\n\t\t\t\t\t\t\t<ul class=\"elementor-icon-list-items\">\n\t\t\t\t\t\t\t<li class=\"elementor-icon-list-item\">\n\t\t\t\t\t\t\t\t\t\t\t<span class=\"elementor-icon-list-icon\">\n\t\t\t\t\t\t\t<i aria-hidden=\"true\" class=\"far fa-comments\"><\/i>\t\t\t\t\t\t<\/span>\n\t\t\t\t\t\t\t\t\t\t<span class=\"elementor-icon-list-text\">Opiniones de alumnos seg\u00fan profesiones:<\/span>\n\t\t\t\t\t\t\t\t\t<\/li>\n\t\t\t\t\t\t<\/ul>\n\t\t\t\t\t\t<\/div>\n\t\t\t\t<\/div>\n\t\t\t\t<div class=\"elementor-element elementor-element-80cd743 elementor-widget elementor-widget-text-editor\" data-id=\"80cd743\" data-element_type=\"widget\" data-e-type=\"widget\" data-widget_type=\"text-editor.default\">\n\t\t\t\t<div class=\"elementor-widget-container\">\n\t\t\t\t\t\t\t\t\t<p>Para ver las opiniones, haga click en el listado.<\/p>\t\t\t\t\t\t\t\t<\/div>\n\t\t\t\t<\/div>\n\t\t\t\t<div class=\"elementor-element elementor-element-bc1cc16 elementor-align-justify elementor-widget elementor-widget-button\" data-id=\"bc1cc16\" data-element_type=\"widget\" data-e-type=\"widget\" data-widget_type=\"button.default\">\n\t\t\t\t<div class=\"elementor-widget-container\">\n\t\t\t\t\t\t\t\t\t<div class=\"elementor-button-wrapper\">\n\t\t\t\t\t<a class=\"elementor-button elementor-button-link elementor-size-sm\" href=\"#Ingenieros\">\n\t\t\t\t\t\t<span class=\"elementor-button-content-wrapper\">\n\t\t\t\t\t\t\t\t\t<span class=\"elementor-button-text\">Ingenieros \/ Arquitectos<\/span>\n\t\t\t\t\t<\/span>\n\t\t\t\t\t<\/a>\n\t\t\t\t<\/div>\n\t\t\t\t\t\t\t\t<\/div>\n\t\t\t\t<\/div>\n\t\t\t\t<div class=\"elementor-element elementor-element-0e4f33d elementor-align-justify elementor-widget elementor-widget-button\" data-id=\"0e4f33d\" data-element_type=\"widget\" data-e-type=\"widget\" data-widget_type=\"button.default\">\n\t\t\t\t<div class=\"elementor-widget-container\">\n\t\t\t\t\t\t\t\t\t<div class=\"elementor-button-wrapper\">\n\t\t\t\t\t<a class=\"elementor-button elementor-button-link elementor-size-sm\" href=\"#Financiero\">\n\t\t\t\t\t\t<span class=\"elementor-button-content-wrapper\">\n\t\t\t\t\t\t\t\t\t<span class=\"elementor-button-text\">Sector Financiero \/ Bancario \/ Auditoria \/ Exportaci\u00f3n \/ Funcionarios<\/span>\n\t\t\t\t\t<\/span>\n\t\t\t\t\t<\/a>\n\t\t\t\t<\/div>\n\t\t\t\t\t\t\t\t<\/div>\n\t\t\t\t<\/div>\n\t\t\t\t<div class=\"elementor-element elementor-element-3efe0e9 elementor-align-justify elementor-widget elementor-widget-button\" data-id=\"3efe0e9\" data-element_type=\"widget\" data-e-type=\"widget\" data-widget_type=\"button.default\">\n\t\t\t\t<div class=\"elementor-widget-container\">\n\t\t\t\t\t\t\t\t\t<div class=\"elementor-button-wrapper\">\n\t\t\t\t\t<a class=\"elementor-button elementor-button-link elementor-size-sm\" href=\"#sanitario\">\n\t\t\t\t\t\t<span class=\"elementor-button-content-wrapper\">\n\t\t\t\t\t\t\t\t\t<span class=\"elementor-button-text\">Sector sanitario \/ Cient\u00edficos \/ Psicolog\u00eda \/ Comunicaci\u00f3n \/ Azafatas\/ Estudiantes<\/span>\n\t\t\t\t\t<\/span>\n\t\t\t\t\t<\/a>\n\t\t\t\t<\/div>\n\t\t\t\t\t\t\t\t<\/div>\n\t\t\t\t<\/div>\n\t\t\t\t\t<\/div>\n\t\t<\/div>\n\t\t\t\t<div class=\"elementor-column elementor-col-50 elementor-top-column elementor-element elementor-element-0ab030c\" data-id=\"0ab030c\" data-element_type=\"column\" data-e-type=\"column\">\n\t\t\t<div class=\"elementor-widget-wrap elementor-element-populated\">\n\t\t\t\t\t\t<div class=\"elementor-element elementor-element-ec6fe56 elementor-icon-list--layout-traditional elementor-list-item-link-full_width elementor-widget elementor-widget-icon-list\" data-id=\"ec6fe56\" data-element_type=\"widget\" data-e-type=\"widget\" data-widget_type=\"icon-list.default\">\n\t\t\t\t<div class=\"elementor-widget-container\">\n\t\t\t\t\t\t\t<ul class=\"elementor-icon-list-items\">\n\t\t\t\t\t\t\t<li class=\"elementor-icon-list-item\">\n\t\t\t\t\t\t\t\t\t\t\t<span class=\"elementor-icon-list-icon\">\n\t\t\t\t\t\t\t<i aria-hidden=\"true\" class=\"fab fa-youtube\"><\/i>\t\t\t\t\t\t<\/span>\n\t\t\t\t\t\t\t\t\t\t<span class=\"elementor-icon-list-text\">Video de presentacion de Maria<\/span>\n\t\t\t\t\t\t\t\t\t<\/li>\n\t\t\t\t\t\t<\/ul>\n\t\t\t\t\t\t<\/div>\n\t\t\t\t<\/div>\n\t\t\t\t<div class=\"elementor-element elementor-element-8106269 elementor-widget elementor-widget-video\" data-id=\"8106269\" data-element_type=\"widget\" data-e-type=\"widget\" data-settings=\"{&quot;youtube_url&quot;:&quot;https:\\\/\\\/www.youtube.com\\\/watch?v=qi8tptdrkKY&amp;t=93s&quot;,&quot;video_type&quot;:&quot;youtube&quot;,&quot;controls&quot;:&quot;yes&quot;}\" data-widget_type=\"video.default\">\n\t\t\t\t<div class=\"elementor-widget-container\">\n\t\t\t\t\t\t\t<div class=\"elementor-wrapper elementor-open-inline\">\n\t\t\t<div class=\"elementor-video\"><\/div>\t\t<\/div>\n\t\t\t\t\t\t<\/div>\n\t\t\t\t<\/div>\n\t\t\t\t<div class=\"elementor-element elementor-element-f74ddc9 elementor-widget elementor-widget-heading\" data-id=\"f74ddc9\" data-element_type=\"widget\" data-e-type=\"widget\" data-widget_type=\"heading.default\">\n\t\t\t\t<div class=\"elementor-widget-container\">\n\t\t\t\t\t<h3 class=\"elementor-heading-title elementor-size-default\">Formulario de contacto. \nAprende alem\u00e1n con Maria<\/h3>\t\t\t\t<\/div>\n\t\t\t\t<\/div>\n\t\t\t\t<div class=\"elementor-element elementor-element-5068af7 elementor-widget elementor-widget-shortcode\" data-id=\"5068af7\" data-element_type=\"widget\" data-e-type=\"widget\" data-widget_type=\"shortcode.default\">\n\t\t\t\t<div class=\"elementor-widget-container\">\n\t\t\t\t\t\t\t<div class=\"elementor-shortcode\"><script>\nvar gform;gform||(document.addEventListener(\"gform_main_scripts_loaded\",function(){gform.scriptsLoaded=!0}),document.addEventListener(\"gform\/theme\/scripts_loaded\",function(){gform.themeScriptsLoaded=!0}),window.addEventListener(\"DOMContentLoaded\",function(){gform.domLoaded=!0}),gform={domLoaded:!1,scriptsLoaded:!1,themeScriptsLoaded:!1,isFormEditor:()=>\"function\"==typeof InitializeEditor,callIfLoaded:function(o){return!(!gform.domLoaded||!gform.scriptsLoaded||!gform.themeScriptsLoaded&&!gform.isFormEditor()||(gform.isFormEditor()&&console.warn(\"The use of gform.initializeOnLoaded() is deprecated in the form editor context and will be removed in Gravity Forms 3.1.\"),o(),0))},initializeOnLoaded:function(o){gform.callIfLoaded(o)||(document.addEventListener(\"gform_main_scripts_loaded\",()=>{gform.scriptsLoaded=!0,gform.callIfLoaded(o)}),document.addEventListener(\"gform\/theme\/scripts_loaded\",()=>{gform.themeScriptsLoaded=!0,gform.callIfLoaded(o)}),window.addEventListener(\"DOMContentLoaded\",()=>{gform.domLoaded=!0,gform.callIfLoaded(o)}))},hooks:{action:{},filter:{}},addAction:function(o,r,e,t){gform.addHook(\"action\",o,r,e,t)},addFilter:function(o,r,e,t){gform.addHook(\"filter\",o,r,e,t)},doAction:function(o){gform.doHook(\"action\",o,arguments)},applyFilters:function(o){return gform.doHook(\"filter\",o,arguments)},removeAction:function(o,r){gform.removeHook(\"action\",o,r)},removeFilter:function(o,r,e){gform.removeHook(\"filter\",o,r,e)},addHook:function(o,r,e,t,n){null==gform.hooks[o][r]&&(gform.hooks[o][r]=[]);var d=gform.hooks[o][r];null==n&&(n=r+\"_\"+d.length),gform.hooks[o][r].push({tag:n,callable:e,priority:t=null==t?10:t})},doHook:function(r,o,e){var t;if(e=Array.prototype.slice.call(e,1),null!=gform.hooks[r][o]&&((o=gform.hooks[r][o]).sort(function(o,r){return o.priority-r.priority}),o.forEach(function(o){\"function\"!=typeof(t=o.callable)&&(t=window[t]),\"action\"==r?t.apply(null,e):e[0]=t.apply(null,e)})),\"filter\"==r)return e[0]},removeHook:function(o,r,t,n){var e;null!=gform.hooks[o][r]&&(e=(e=gform.hooks[o][r]).filter(function(o,r,e){return!!(null!=n&&n!=o.tag||null!=t&&t!=o.priority)}),gform.hooks[o][r]=e)}});\n<\/script>\n\n                <div class='gf_browser_gecko gform_wrapper gform_legacy_markup_wrapper gform-theme--no-framework' data-form-theme='legacy' data-form-index='0' id='gform_wrapper_21' >\n                        <div class='gform_heading'>\n                            <h3 class=\"gform_title\">Formulario de contacto. Aprende alem\u00e1n con Maria.<\/h3>\n                            <p class='gform_description'><\/p>\n                        <\/div><form method='post' enctype='multipart\/form-data'  id='gform_21'  action='\/clases-aleman\/wp-json\/wp\/v2\/pages\/16281' data-formid='21' novalidate>\n                        <div class='gform-body gform_body'><ul id='gform_fields_21' class='gform_fields top_label form_sublabel_below description_below validation_below'><li id=\"field_21_1\" class=\"gfield gfield--type-select gfield_contains_required field_sublabel_below gfield--no-description field_description_below field_validation_below gfield_visibility_visible\"  ><label class='gfield_label gform-field-label' for='input_21_1'>Tipo de curso<span class=\"gfield_required\"><span class=\"gfield_required gfield_required_asterisk\">*<\/span><\/span><\/label><div class='ginput_container ginput_container_select'><select name='input_1' id='input_21_1' class='large gfield_select'    aria-required=\"true\" aria-invalid=\"false\" ><option value='Clases individuales' >Clases individuales<\/option><option value='Clases para dos alumnos' >Clases para dos alumnos<\/option><option value='Clases grupales' >Clases grupales<\/option><option value='Otro (Preparaci\u00f3n ex\u00e1menes, entrevistas, etc)' >Otro (Preparaci\u00f3n ex\u00e1menes, entrevistas, etc)<\/option><option value='No estoy seguro, quiero m\u00e1s informaci\u00f3n' >No estoy seguro, quiero m\u00e1s informaci\u00f3n<\/option><\/select><\/div><\/li><li id=\"field_21_2\" class=\"gfield gfield--type-text gfield_contains_required field_sublabel_below gfield--no-description field_description_below field_validation_below gfield_visibility_visible\"  ><label class='gfield_label gform-field-label' for='input_21_2'>Nombre<span class=\"gfield_required\"><span class=\"gfield_required gfield_required_asterisk\">*<\/span><\/span><\/label><div class='ginput_container ginput_container_text'><input name='input_2' id='input_21_2' type='text' value='' class='large'    placeholder='NOMBRE' aria-required=\"true\" aria-invalid=\"false\"   \/><\/div><\/li><li id=\"field_21_4\" class=\"gfield gfield--type-email gfield_contains_required field_sublabel_below gfield--no-description field_description_below field_validation_below gfield_visibility_visible\"  ><label class='gfield_label gform-field-label' for='input_21_4'>Email<span class=\"gfield_required\"><span class=\"gfield_required gfield_required_asterisk\">*<\/span><\/span><\/label><div class='ginput_container ginput_container_email'>\n                            <input name='input_4' id='input_21_4' type='email' value='' class='large'   placeholder='EMAIL' aria-required=\"true\" aria-invalid=\"false\"  \/>\n                        <\/div><\/li><li id=\"field_21_5\" class=\"gfield gfield--type-textarea gfield_contains_required field_sublabel_below gfield--no-description field_description_below field_validation_below gfield_visibility_visible\"  ><label class='gfield_label gform-field-label' for='input_21_5'>Mensaje<span class=\"gfield_required\"><span class=\"gfield_required gfield_required_asterisk\">*<\/span><\/span><\/label><div class='ginput_container ginput_container_textarea'><textarea name='input_5' id='input_21_5' class='textarea medium'    placeholder='MENSAJE' aria-required=\"true\" aria-invalid=\"false\"   rows='10' cols='50'><\/textarea><\/div><\/li><\/ul><\/div>\n        <div class='gform-footer gform_footer top_label'> <input type='submit' id='gform_submit_button_21' class='gform_button button' onclick='gform.submission.handleButtonClick(this);' data-submission-type='submit' value='Enviar'  \/> \n            <input type='hidden' class='gform_hidden' name='gform_submission_method' data-js='gform_submission_method_21' value='postback' \/>\n            <input type='hidden' class='gform_hidden' name='gform_theme' data-js='gform_theme_21' id='gform_theme_21' value='legacy' \/>\n            <input type='hidden' class='gform_hidden' name='gform_style_settings' data-js='gform_style_settings_21' id='gform_style_settings_21' value='[]' \/>\n            <input type='hidden' class='gform_hidden' name='is_submit_21' value='1' \/>\n            <input type='hidden' class='gform_hidden' name='gform_submit' value='21' \/>\n            \n            <input type='hidden' class='gform_hidden' name='gform_currency' data-currency='USD' value='bgMf8v4YNXVepD8TzTNZuAwkCjHzyQqkn1YUeeXHwu1tb4NXma8uqHPvoQaWqKeUYs8SMTKePe4h0Bz0db5udSvdWyGXHcbY6x1GmhvzYV+aCdU=' \/>\n            <input type='hidden' class='gform_hidden' name='gform_unique_id' value='' \/>\n            <input type='hidden' class='gform_hidden' name='state_21' value='WyJbXSIsImE3ZTlkMWQxZTkyMDYxYzlmYzQ2MTlkZDIyMzA3ODZkIl0=' \/>\n            <input type='hidden' autocomplete='off' class='gform_hidden' name='gform_target_page_number_21' id='gform_target_page_number_21' value='0' \/>\n            <input type='hidden' autocomplete='off' class='gform_hidden' name='gform_source_page_number_21' id='gform_source_page_number_21' value='1' \/>\n            <input type='hidden' name='gform_field_values' value='' \/>\n            \n        <\/div>\n                        <p style=\"display: none !important;\" class=\"akismet-fields-container\" data-prefix=\"ak_\"><label>&#916;<textarea name=\"ak_hp_textarea\" cols=\"45\" rows=\"8\" maxlength=\"100\"><\/textarea><\/label><input type=\"hidden\" id=\"ak_js_1\" name=\"ak_js\" value=\"113\"\/><script>\ndocument.getElementById( \"ak_js_1\" ).setAttribute( \"value\", ( new Date() ).getTime() );\n<\/script>\n<\/p><\/form>\n                        <\/div><script>\ngform.initializeOnLoaded( function() {gformInitSpinner( 21, 'https:\/\/profesornativodealeman.com\/clases-aleman\/wp-content\/plugins\/gravityforms\/images\/spinner.svg', true );jQuery('#gform_ajax_frame_21').on('load',function(){var contents = jQuery(this).contents().find('*').html();var is_postback = contents.indexOf('GF_AJAX_POSTBACK') >= 0;if(!is_postback){return;}var form_content = jQuery(this).contents().find('#gform_wrapper_21');var is_confirmation = jQuery(this).contents().find('#gform_confirmation_wrapper_21').length > 0;var is_redirect = contents.indexOf('gformRedirect(){') >= 0;var is_form = form_content.length > 0 && ! is_redirect && ! is_confirmation;var mt = parseInt(jQuery('html').css('margin-top'), 10) + parseInt(jQuery('body').css('margin-top'), 10) + 100;if(is_form){jQuery('#gform_wrapper_21').html(form_content.html());if(form_content.hasClass('gform_validation_error')){jQuery('#gform_wrapper_21').addClass('gform_validation_error');} else {jQuery('#gform_wrapper_21').removeClass('gform_validation_error');}setTimeout( function() { \/* delay the scroll by 50 milliseconds to fix a bug in chrome *\/  }, 50 );if(window['gformInitDatepicker']) {gformInitDatepicker();}if(window['gformInitPriceFields']) {gformInitPriceFields();}var current_page = jQuery('#gform_source_page_number_21').val();gformInitSpinner( 21, 'https:\/\/profesornativodealeman.com\/clases-aleman\/wp-content\/plugins\/gravityforms\/images\/spinner.svg', true );jQuery(document).trigger('gform_page_loaded', [21, current_page]);window['gf_submitting_21'] = false;}else if(!is_redirect){var confirmation_content = jQuery(this).contents().find('.GF_AJAX_POSTBACK').html();if(!confirmation_content){confirmation_content = contents;}jQuery('#gform_wrapper_21').replaceWith(confirmation_content);jQuery(document).trigger('gform_confirmation_loaded', [21]);window['gf_submitting_21'] = false;wp.a11y.speak(jQuery('#gform_confirmation_message_21').text());}else{jQuery('#gform_21').append(contents);if(window['gformRedirect']) {gformRedirect();}}jQuery(document).trigger(\"gform_pre_post_render\", [{ formId: \"21\", currentPage: \"current_page\", abort: function() { this.preventDefault(); } }]);        if (event && event.defaultPrevented) {                return;        }        const gformWrapperDiv = document.getElementById( \"gform_wrapper_21\" );        if ( gformWrapperDiv ) {            const visibilitySpan = document.createElement( \"span\" );            visibilitySpan.id = \"gform_visibility_test_21\";            gformWrapperDiv.insertAdjacentElement( \"afterend\", visibilitySpan );        }        const visibilityTestDiv = document.getElementById( \"gform_visibility_test_21\" );        let postRenderFired = false;        function triggerPostRender() {            if ( postRenderFired ) {                return;            }            postRenderFired = true;            gform.core.triggerPostRenderEvents( 21, current_page );            if ( visibilityTestDiv ) {                visibilityTestDiv.parentNode.removeChild( visibilityTestDiv );            }        }        function debounce( func, wait, immediate ) {            var timeout;            return function() {                var context = this, args = arguments;                var later = function() {                    timeout = null;                    if ( !immediate ) func.apply( context, args );                };                var callNow = immediate && !timeout;                clearTimeout( timeout );                timeout = setTimeout( later, wait );                if ( callNow ) func.apply( context, args );            };        }        const debouncedTriggerPostRender = debounce( function() {            triggerPostRender();        }, 200 );        if ( visibilityTestDiv && visibilityTestDiv.offsetParent === null ) {            const observer = new MutationObserver( ( mutations ) => {                mutations.forEach( ( mutation ) => {                    if ( mutation.type === 'attributes' && visibilityTestDiv.offsetParent !== null ) {                        debouncedTriggerPostRender();                        observer.disconnect();                    }                });            });            observer.observe( document.body, {                attributes: true,                childList: false,                subtree: true,                attributeFilter: [ 'style', 'class' ],            });        } else {            triggerPostRender();        }    } );} );\n<\/script>\n<\/div>\n\t\t\t\t\t\t<\/div>\n\t\t\t\t<\/div>\n\t\t\t\t\t<\/div>\n\t\t<\/div>\n\t\t\t\t\t<\/div>\n\t\t<\/section>\n\t\t\t\t<section class=\"elementor-section elementor-top-section elementor-element elementor-element-37175e2 elementor-section-boxed elementor-section-height-default elementor-section-height-default\" data-id=\"37175e2\" data-element_type=\"section\" data-e-type=\"section\">\n\t\t\t\t\t\t<div class=\"elementor-container elementor-column-gap-default\">\n\t\t\t\t\t<div class=\"elementor-column elementor-col-100 elementor-top-column elementor-element elementor-element-a1a1965\" data-id=\"a1a1965\" data-element_type=\"column\" data-e-type=\"column\">\n\t\t\t<div class=\"elementor-widget-wrap elementor-element-populated\">\n\t\t\t\t\t\t<div class=\"elementor-element elementor-element-cca7572 elementor-widget elementor-widget-menu-anchor\" data-id=\"cca7572\" data-element_type=\"widget\" data-e-type=\"widget\" data-widget_type=\"menu-anchor.default\">\n\t\t\t\t<div class=\"elementor-widget-container\">\n\t\t\t\t\t\t\t<div class=\"elementor-menu-anchor\" id=\"Ingenieros\"><\/div>\n\t\t\t\t\t\t<\/div>\n\t\t\t\t<\/div>\n\t\t\t\t<div class=\"elementor-element elementor-element-9a9c6dd elementor-position-left elementor-vertical-align-middle elementor-widget elementor-widget-image-box\" data-id=\"9a9c6dd\" data-element_type=\"widget\" data-e-type=\"widget\" data-widget_type=\"image-box.default\">\n\t\t\t\t<div class=\"elementor-widget-container\">\n\t\t\t\t\t<div class=\"elementor-image-box-wrapper\"><figure class=\"elementor-image-box-img\"><img decoding=\"async\" width=\"48\" height=\"48\" src=\"https:\/\/profesornativodealeman.com\/clases-aleman\/wp-content\/uploads\/2022\/05\/android-icon-48x48-1.png\" class=\"attachment-full size-full wp-image-12529\" alt=\"Clases de alem\u00e1n online\" title=\"\"><\/figure><div class=\"elementor-image-box-content\"><h3 class=\"elementor-image-box-title\">Ingenieros \/ Arquitectos<\/h3><\/div><\/div>\t\t\t\t<\/div>\n\t\t\t\t<\/div>\n\t\t\t\t<div class=\"elementor-element elementor-element-0958f48 elementor-widget elementor-widget-accordion\" data-id=\"0958f48\" data-element_type=\"widget\" data-e-type=\"widget\" data-widget_type=\"accordion.default\">\n\t\t\t\t<div class=\"elementor-widget-container\">\n\t\t\t\t\t\t\t<div class=\"elementor-accordion\">\n\t\t\t\t\t\t\t<div class=\"elementor-accordion-item\">\n\t\t\t\t\t<div id=\"elementor-tab-title-9801\" class=\"elementor-tab-title\" data-tab=\"1\" role=\"button\" aria-controls=\"elementor-tab-content-9801\" aria-expanded=\"false\">\n\t\t\t\t\t\t\t\t\t\t\t\t\t<span class=\"elementor-accordion-icon elementor-accordion-icon-right\" aria-hidden=\"true\">\n\t\t\t\t\t\t\t\t\t\t\t\t\t\t\t<span class=\"elementor-accordion-icon-closed\"><i class=\"fas fa-plus\"><\/i><\/span>\n\t\t\t\t\t\t\t\t<span class=\"elementor-accordion-icon-opened\"><i class=\"fas fa-minus\"><\/i><\/span>\n\t\t\t\t\t\t\t\t\t\t\t\t\t\t<\/span>\n\t\t\t\t\t\t\t\t\t\t\t\t<a class=\"elementor-accordion-title\" tabindex=\"0\">Julieta Sal Lari, Argentina (Berlin, Alemania)  <\/a>\n\t\t\t\t\t<\/div>\n\t\t\t\t\t<div id=\"elementor-tab-content-9801\" class=\"elementor-tab-content elementor-clearfix\" data-tab=\"1\" role=\"region\" aria-labelledby=\"elementor-tab-title-9801\"><p><img decoding=\"async\" class=\"size-full wp-image-16278 alignright\" src=\"https:\/\/profesornativodealeman.com\/clases-aleman\/wp-content\/uploads\/2021\/02\/Julieta-FOTO-1-1-1.jpeg\" alt=\"Clases de alem\u00e1n online\" width=\"150\" height=\"200\" title=\"\"><\/p><p>Profesion: Ingeniera de software<\/p><p>Soy ingeniera de software y decid\u00ed mudarme a Berl\u00edn, Alemania. Apenas llegu\u00e9, comenc\u00e9 a buscar profesores de alem\u00e1n para aprender el idioma local y encontr\u00e9 a Maria; hace ya m\u00e1s de un a\u00f1o que tengo clases con ella y me encantan.<\/p><p>Sus clases son muy din\u00e1micas y ella siempre explica lo que va a ense\u00f1ar en cada clase. Yo no s\u00e9 de ense\u00f1anza de idiomas, pero, para m\u00ed, el material did\u00e1ctico que usamos en clase es muy bueno, muy completo, sencillo y, adem\u00e1s, tiene ilustraciones de modo que es c\u00f3modo para diferenciar los temas. Maria se encarga de que yo tenga todo el material disponible antes y durante de la clase. Es muy c\u00f3modo ya que, puedo quedarme con los documentos para repasar luego de las clases.<\/p><p>Es muy agradable organizar las clases con Maria, ya que ella es muy flexible con los horarios y siempre intenta de tener disponibles horarios en los que a m\u00ed se me facilita tener clases, al menos dos veces por semana. Ella siempre est\u00e1 muy bien predispuesta y de buen humor. Son muy entretenidas sus clases.<\/p><p>Adem\u00e1s, se nota que Maria conoce mucho del idioma y siempre me proporciona tips o consejos para que se pueda entender mejor lo que est\u00e1 explicando. Tambi\u00e9n ayuda que conozca mucho mi idioma, el espa\u00f1ol, y el ingl\u00e9s como para tener varias opciones disponibles a la hora de explicar; ya sea que algo sea m\u00e1s f\u00e1cil de entender, en alguno de esos dos idiomas.<\/p><p>Yo disfruto mucho las clases con ella y la super recomiendo.<\/p><\/div>\n\t\t\t\t<\/div>\n\t\t\t\t\t\t\t<div class=\"elementor-accordion-item\">\n\t\t\t\t\t<div id=\"elementor-tab-title-9802\" class=\"elementor-tab-title\" data-tab=\"2\" role=\"button\" aria-controls=\"elementor-tab-content-9802\" aria-expanded=\"false\">\n\t\t\t\t\t\t\t\t\t\t\t\t\t<span class=\"elementor-accordion-icon elementor-accordion-icon-right\" aria-hidden=\"true\">\n\t\t\t\t\t\t\t\t\t\t\t\t\t\t\t<span class=\"elementor-accordion-icon-closed\"><i class=\"fas fa-plus\"><\/i><\/span>\n\t\t\t\t\t\t\t\t<span class=\"elementor-accordion-icon-opened\"><i class=\"fas fa-minus\"><\/i><\/span>\n\t\t\t\t\t\t\t\t\t\t\t\t\t\t<\/span>\n\t\t\t\t\t\t\t\t\t\t\t\t<a class=\"elementor-accordion-title\" tabindex=\"0\">Jos\u00e9 Sahad  (Berlin, Alemania)<\/a>\n\t\t\t\t\t<\/div>\n\t\t\t\t\t<div id=\"elementor-tab-content-9802\" class=\"elementor-tab-content elementor-clearfix\" data-tab=\"2\" role=\"region\" aria-labelledby=\"elementor-tab-title-9802\"><p><img decoding=\"async\" class=\"wp-image-15313 alignright\" src=\"https:\/\/profesornativodealeman.com\/clases-aleman\/wp-content\/uploads\/2021\/02\/Jose-1-1.png\" alt=\"Clases de alem\u00e1n online\" width=\"120\" height=\"193\" title=\"\"><\/p><p>Profesion: Ingeniero de Software<\/p><p>Mar\u00eda es excepcional! Su amplio conocimiento de varios idiomas y su forma pr\u00e1ctica de abarcar los contenidos hacen las clases muy amenas; algo muy valioso m\u00e1s considerando lo dif\u00edcil que es aprender alem\u00e1n. Sus clases son muy bien estructuradas y planeadas, lo que es de mucha ayuda para tener un aprendizaje constante y eficiente.<\/p><p>M\u00e1s all\u00e1 de lo efectiva que es como profesora, despu\u00e9s de a\u00f1o y medio compartiendo clases considero que Mar\u00eda es una excelente persona, muy amable, siempre de buen humor y con una sonrisa contagiosa.<\/p><p>Es muy flexible con su calendario y trata de acomodarse a mis necesidades constantemente.<\/p><p>Totalmente recomendable!<\/p><\/div>\n\t\t\t\t<\/div>\n\t\t\t\t\t\t\t<div class=\"elementor-accordion-item\">\n\t\t\t\t\t<div id=\"elementor-tab-title-9803\" class=\"elementor-tab-title\" data-tab=\"3\" role=\"button\" aria-controls=\"elementor-tab-content-9803\" aria-expanded=\"false\">\n\t\t\t\t\t\t\t\t\t\t\t\t\t<span class=\"elementor-accordion-icon elementor-accordion-icon-right\" aria-hidden=\"true\">\n\t\t\t\t\t\t\t\t\t\t\t\t\t\t\t<span class=\"elementor-accordion-icon-closed\"><i class=\"fas fa-plus\"><\/i><\/span>\n\t\t\t\t\t\t\t\t<span class=\"elementor-accordion-icon-opened\"><i class=\"fas fa-minus\"><\/i><\/span>\n\t\t\t\t\t\t\t\t\t\t\t\t\t\t<\/span>\n\t\t\t\t\t\t\t\t\t\t\t\t<a class=\"elementor-accordion-title\" tabindex=\"0\">Jesus Jimenez Lorenzo (Z\u00fcrich, Suiza)<\/a>\n\t\t\t\t\t<\/div>\n\t\t\t\t\t<div id=\"elementor-tab-content-9803\" class=\"elementor-tab-content elementor-clearfix\" data-tab=\"3\" role=\"region\" aria-labelledby=\"elementor-tab-title-9803\"><div><i><img loading=\"lazy\" decoding=\"async\" class=\"alignright wp-image-9059\" src=\"https:\/\/profesornativodealeman.com\/clases-aleman\/wp-content\/uploads\/2021\/02\/jesus_jimenez_photo.jpg\" alt=\"Clases de alem\u00e1n online\" width=\"120\" height=\"155\" title=\"\"><\/i><\/div><div>Profesion: Ingeniero<\/div><div>\u00a0<\/div><div><i>\u00abAdem\u00e1s de conocer a la perfecci\u00f3n el idioma alem\u00e1n, Mar\u00eda transmite en sus clases confianza y entusiasmo. Siempre empieza las clases igual que las termina: con una sonrisa. Esto ayuda a crear un ambiente que hace que se acaben haciendo muy llevaderas.<br \/><\/i><\/div><div><i>\u00a0<\/i><\/div><div><i>Proporciona un buen material sobre el que estudiar y reforzar todo lo aprendido. Se nota tambi\u00e9n que su material est\u00e1 ya muy trabajado.<br \/><\/i><\/div><div><i>\u00a0<\/i><\/div><div><i>Dado que cuenta con experiencia ense\u00f1ando idiomas, conoce de antemano d\u00f3nde suelen confundirse los alumnos. Tiene aptitudes poco comunes y que son muy \u00fatiles para un profesor como es el ser capaz de leer al alumno. Sabe identificar si no has entendido o tienes dificultades en algo, y cuando lo hace, se asegura de repetirlo hasta que lo entiendes.<\/i><\/div><div><i>\u00a0<\/i><\/div><div><i>Se agradece contar con una profesora como Mar\u00eda para aprender idiomas complejos como el alem\u00e1n, dado que el aprenderlo no s\u00f3lo se vuelve m\u00e1s sencillo, sino tambi\u00e9n hace que el proceso sea m\u00e1s agradable.\u00bb<\/i><\/div><\/div>\n\t\t\t\t<\/div>\n\t\t\t\t\t\t\t<div class=\"elementor-accordion-item\">\n\t\t\t\t\t<div id=\"elementor-tab-title-9804\" class=\"elementor-tab-title\" data-tab=\"4\" role=\"button\" aria-controls=\"elementor-tab-content-9804\" aria-expanded=\"false\">\n\t\t\t\t\t\t\t\t\t\t\t\t\t<span class=\"elementor-accordion-icon elementor-accordion-icon-right\" aria-hidden=\"true\">\n\t\t\t\t\t\t\t\t\t\t\t\t\t\t\t<span class=\"elementor-accordion-icon-closed\"><i class=\"fas fa-plus\"><\/i><\/span>\n\t\t\t\t\t\t\t\t<span class=\"elementor-accordion-icon-opened\"><i class=\"fas fa-minus\"><\/i><\/span>\n\t\t\t\t\t\t\t\t\t\t\t\t\t\t<\/span>\n\t\t\t\t\t\t\t\t\t\t\t\t<a class=\"elementor-accordion-title\" tabindex=\"0\">Nikola Sladojevic (Munich, Alemania)<\/a>\n\t\t\t\t\t<\/div>\n\t\t\t\t\t<div id=\"elementor-tab-content-9804\" class=\"elementor-tab-content elementor-clearfix\" data-tab=\"4\" role=\"region\" aria-labelledby=\"elementor-tab-title-9804\"><p>Profesion: Ingeniero electrico.<strong><img loading=\"lazy\" decoding=\"async\" class=\"alignright wp-image-9238 size-full\" src=\"https:\/\/profesornativodealeman.com\/clases-aleman\/wp-content\/uploads\/2021\/02\/Nikola-ohne-Brillen-2-e1653380350899.jpeg\" alt=\"Clases de alem\u00e1n online\" width=\"150\" height=\"113\" title=\"\"><\/strong><\/p><p>\u00abDoy clases de\u00a0 conversaci\u00f3n con Mar\u00eda. Antes de empezar a aprender alem\u00e1n con Mar\u00eda, me daba mucho miedo hablar en alem\u00e1n con alemanes. Mi autoestima era muy baja en ese momento.<\/p><p>Despu\u00e9s de 2 meses de clases con Mar\u00eda (2-3 veces a la semana), me sent\u00ed libre para hablar alem\u00e1n. Ahora me divierto mucho hablando en alem\u00e1n.<\/p><p>Las clases con Mar\u00eda son muy divertidas e interesantes. Los temas que tratamos durante las clases son siempre muy interesantes y variados. Por eso las clases se pasan muy r\u00e1pido y siempre espero con ansias la siguiente lecci\u00f3n.<\/p><p>Mar\u00eda tambi\u00e9n me corrige todo el tiempo cuando cometo errores gramaticales durante la conversaci\u00f3n. Esto es muy importante para m\u00ed porque tambi\u00e9n me ayuda a mejorar mi alem\u00e1n gramatical.<\/p><p>Mar\u00eda es una profesora alegre, positiva, entusiasta, agradable y simp\u00e1tica. Esto hace que te sientas relajado y que las clases sean muy agradables.<\/p><p>Por ello, me gustar\u00eda a\u00f1adir que Mar\u00eda sabe realmente c\u00f3mo transferir sus grandes conocimientos del idioma aleman a los estudiantes. Hay muchos profesores que, aunque tienen enormes conocimientos, no pueden transferirlos a los alumnos de forma adecuada. Todos nosotros hemos conocido a esos profesores en la escuela. Creo que tambi\u00e9n es muy importante mencionar esto cuando se busca un profesor.<\/p><p>Adem\u00e1s, Mar\u00eda es responsable, preparada y siempre puntual. Nunca ha ocurrido que se retrase o que no tenga respuesta a la pregunta. Por eso recomiendo a Mar\u00eda a todo el mundo.\u00bb<\/p><\/div>\n\t\t\t\t<\/div>\n\t\t\t\t\t\t\t<div class=\"elementor-accordion-item\">\n\t\t\t\t\t<div id=\"elementor-tab-title-9805\" class=\"elementor-tab-title\" data-tab=\"5\" role=\"button\" aria-controls=\"elementor-tab-content-9805\" aria-expanded=\"false\">\n\t\t\t\t\t\t\t\t\t\t\t\t\t<span class=\"elementor-accordion-icon elementor-accordion-icon-right\" aria-hidden=\"true\">\n\t\t\t\t\t\t\t\t\t\t\t\t\t\t\t<span class=\"elementor-accordion-icon-closed\"><i class=\"fas fa-plus\"><\/i><\/span>\n\t\t\t\t\t\t\t\t<span class=\"elementor-accordion-icon-opened\"><i class=\"fas fa-minus\"><\/i><\/span>\n\t\t\t\t\t\t\t\t\t\t\t\t\t\t<\/span>\n\t\t\t\t\t\t\t\t\t\t\t\t<a class=\"elementor-accordion-title\" tabindex=\"0\">Maria Fernandez (Madrid)<\/a>\n\t\t\t\t\t<\/div>\n\t\t\t\t\t<div id=\"elementor-tab-content-9805\" class=\"elementor-tab-content elementor-clearfix\" data-tab=\"5\" role=\"region\" aria-labelledby=\"elementor-tab-title-9805\"><p>Profesion: Ingeniera<\/p><div dir=\"auto\"><img loading=\"lazy\" decoding=\"async\" class=\"alignright wp-image-16402\" src=\"https:\/\/profesornativodealeman.com\/clases-aleman\/wp-content\/uploads\/2024\/01\/Foto-Maria-1.jpeg\" alt=\"Clases de alem\u00e1n online\" width=\"150\" height=\"120\" title=\"\" srcset=\"https:\/\/profesornativodealeman.com\/clases-aleman\/wp-content\/uploads\/2024\/01\/Foto-Maria-1.jpeg 200w, https:\/\/profesornativodealeman.com\/clases-aleman\/wp-content\/uploads\/2024\/01\/Foto-Maria-1-150x120.jpeg 150w\" sizes=\"(max-width: 150px) 100vw, 150px\" \/>\u00abLlevo varios meses como alumna de Mar\u00eda y estoy encantada con sus clases. Son completamente recomendables.<\/div><div dir=\"auto\"><p>Adem\u00e1s de hablar varios idiomas, y demostrar experiencia sus clases est\u00e1n muy bien estructuradas con las diapositivas que tienen el contenido progresivo y son f\u00e1ciles de comprender. Proporciona muy bien material para reforzar las clases. Adem\u00e1s, centra las clases en las necesidades del alumno durante las lecciones, corrigiendo en el momento cuando es necesario y reforzando el conocimiento ya aprendido.<\/p><p>Llevaba varios a\u00f1os estudiando alem\u00e1n y he notado una mejor\u00eda en estos meses con sus clases que pasan volando.<\/p><p>Definitivamente recomiendo a Mar\u00eda como profesora particular de alem\u00e1n.\u00bb<\/p><\/div><\/div>\n\t\t\t\t<\/div>\n\t\t\t\t\t\t\t<div class=\"elementor-accordion-item\">\n\t\t\t\t\t<div id=\"elementor-tab-title-9806\" class=\"elementor-tab-title\" data-tab=\"6\" role=\"button\" aria-controls=\"elementor-tab-content-9806\" aria-expanded=\"false\">\n\t\t\t\t\t\t\t\t\t\t\t\t\t<span class=\"elementor-accordion-icon elementor-accordion-icon-right\" aria-hidden=\"true\">\n\t\t\t\t\t\t\t\t\t\t\t\t\t\t\t<span class=\"elementor-accordion-icon-closed\"><i class=\"fas fa-plus\"><\/i><\/span>\n\t\t\t\t\t\t\t\t<span class=\"elementor-accordion-icon-opened\"><i class=\"fas fa-minus\"><\/i><\/span>\n\t\t\t\t\t\t\t\t\t\t\t\t\t\t<\/span>\n\t\t\t\t\t\t\t\t\t\t\t\t<a class=\"elementor-accordion-title\" tabindex=\"0\">Juan Carlos de la Fuente (Asturias, Espa\u00f1a)<\/a>\n\t\t\t\t\t<\/div>\n\t\t\t\t\t<div id=\"elementor-tab-content-9806\" class=\"elementor-tab-content elementor-clearfix\" data-tab=\"6\" role=\"region\" aria-labelledby=\"elementor-tab-title-9806\"><p>Juan Carlos de la Fuente (Asturias, Espa\u00f1a)<\/p><p><img loading=\"lazy\" decoding=\"async\" class=\"size-full wp-image-16593 alignright\" src=\"https:\/\/profesornativodealeman.com\/clases-aleman\/wp-content\/uploads\/2024\/03\/Foto-IES-2-1-e1709407015299.jpg\" alt=\"Clases de alem\u00e1n online\" width=\"170\" height=\"181\" title=\"\"><\/p><p>Profesi\u00f3n: Ingeniero<\/p><p>Desde que recib\u00ed la primera clase, comprob\u00e9 que Mar\u00eda es una profesora muy activa. Mar\u00eda tiene bien estructuradas las clases. El material que proporciona es adecuado y lo tiene muy bien trabajado.<\/p><p>Me parece importante la experiencia que tiene como profesora de idiomas, lo que hace que domine con mucha soltura las distintas situaciones que se dan durante las clases. Te anima mucho, hace que mejore tu confianza en el aprendizaje del idioma y disfrutes de las clases.<\/p><p>\u00a0Es puntual y constante en su trabajo, cualidades a destacar en las personas.<\/p><\/div>\n\t\t\t\t<\/div>\n\t\t\t\t\t\t\t<div class=\"elementor-accordion-item\">\n\t\t\t\t\t<div id=\"elementor-tab-title-9807\" class=\"elementor-tab-title\" data-tab=\"7\" role=\"button\" aria-controls=\"elementor-tab-content-9807\" aria-expanded=\"false\">\n\t\t\t\t\t\t\t\t\t\t\t\t\t<span class=\"elementor-accordion-icon elementor-accordion-icon-right\" aria-hidden=\"true\">\n\t\t\t\t\t\t\t\t\t\t\t\t\t\t\t<span class=\"elementor-accordion-icon-closed\"><i class=\"fas fa-plus\"><\/i><\/span>\n\t\t\t\t\t\t\t\t<span class=\"elementor-accordion-icon-opened\"><i class=\"fas fa-minus\"><\/i><\/span>\n\t\t\t\t\t\t\t\t\t\t\t\t\t\t<\/span>\n\t\t\t\t\t\t\t\t\t\t\t\t<a class=\"elementor-accordion-title\" tabindex=\"0\">Shea Edwards (Gloucester, Inglaterra)<\/a>\n\t\t\t\t\t<\/div>\n\t\t\t\t\t<div id=\"elementor-tab-content-9807\" class=\"elementor-tab-content elementor-clearfix\" data-tab=\"7\" role=\"region\" aria-labelledby=\"elementor-tab-title-9807\"><p class=\"p1\">Empec\u00e9 a tomar clases con Mar\u00eda hace poco m\u00e1s de un a\u00f1o por <img loading=\"lazy\" decoding=\"async\" class=\"wp-image-17639 alignright\" src=\"https:\/\/profesornativodealeman.com\/clases-aleman\/wp-content\/uploads\/2025\/03\/Foto-Shea-scaled.jpg\" alt=\"Clases de alem\u00e1n online\" width=\"120\" height=\"197\" title=\"\" srcset=\"https:\/\/profesornativodealeman.com\/clases-aleman\/wp-content\/uploads\/2025\/03\/Foto-Shea-scaled.jpg 1758w, https:\/\/profesornativodealeman.com\/clases-aleman\/wp-content\/uploads\/2025\/03\/Foto-Shea-768x1258.jpg 768w, https:\/\/profesornativodealeman.com\/clases-aleman\/wp-content\/uploads\/2025\/03\/Foto-Shea-938x1536.jpg 938w, https:\/\/profesornativodealeman.com\/clases-aleman\/wp-content\/uploads\/2025\/03\/Foto-Shea-1250x2048.jpg 1250w\" sizes=\"(max-width: 120px) 100vw, 120px\" \/>recomendaci\u00f3n de un compa\u00f1ero de trabajo, ya que he estudiado alem\u00e1n en el pasado en la escuela y tengo el objetivo de trabajar\/vivir en Alemania en el futuro. Hab\u00eda intentado mantener mi nivel durante la universidad y despu\u00e9s pero me resultaba dif\u00edcil mantener la motivaci\u00f3n. Maria es una profesora excelente; siempre llega a nuestras clases online con una energ\u00eda realmente buena e inspiradora para sentarse y repasar los temas de la clase. Me ha resultado dif\u00edcil hablar alem\u00e1n en clase, pero este estilo de ense\u00f1anza 1:1 hace que esto sea un poco menos desalentador y su forma de incorporarlo hace que la transici\u00f3n de pensar en ingl\u00e9s a alem\u00e1n sea mucho m\u00e1s gradual y f\u00e1cil. Las clases est\u00e1n estructuradas en torno al vocabulario, la gram\u00e1tica o la expresi\u00f3n oral, lo que me ayuda a asimilar las diferentes reglas gramaticales.<\/p><p class=\"p1\">Aunque s\u00f3lo doy alem\u00e1n con ella, ofrece una amplia gama de otros idiomas que se adaptan a todas las necesidades. La recomendar\u00eda y la he recomendado a amigos interesados en aprender un nuevo idioma. Su estilo de ense\u00f1anza es muy acogedor.<\/p><\/div>\n\t\t\t\t<\/div>\n\t\t\t\t\t\t\t<div class=\"elementor-accordion-item\">\n\t\t\t\t\t<div id=\"elementor-tab-title-9808\" class=\"elementor-tab-title\" data-tab=\"8\" role=\"button\" aria-controls=\"elementor-tab-content-9808\" aria-expanded=\"false\">\n\t\t\t\t\t\t\t\t\t\t\t\t\t<span class=\"elementor-accordion-icon elementor-accordion-icon-right\" aria-hidden=\"true\">\n\t\t\t\t\t\t\t\t\t\t\t\t\t\t\t<span class=\"elementor-accordion-icon-closed\"><i class=\"fas fa-plus\"><\/i><\/span>\n\t\t\t\t\t\t\t\t<span class=\"elementor-accordion-icon-opened\"><i class=\"fas fa-minus\"><\/i><\/span>\n\t\t\t\t\t\t\t\t\t\t\t\t\t\t<\/span>\n\t\t\t\t\t\t\t\t\t\t\t\t<a class=\"elementor-accordion-title\" tabindex=\"0\">Alejandro Garc\u00eda Diaz (Madrid, Espa\u00f1a)<\/a>\n\t\t\t\t\t<\/div>\n\t\t\t\t\t<div id=\"elementor-tab-content-9808\" class=\"elementor-tab-content elementor-clearfix\" data-tab=\"8\" role=\"region\" aria-labelledby=\"elementor-tab-title-9808\"><p><span style=\"color: var( --e-global-color-text ); font-family: var( --e-global-typography-text-font-family ), Sans-serif; font-weight: var( --e-global-typography-text-font-weight ); font-size: 1rem;\"><img loading=\"lazy\" decoding=\"async\" class=\"size-full wp-image-17846 alignright\" src=\"https:\/\/profesornativodealeman.com\/clases-aleman\/wp-content\/uploads\/2025\/04\/Alejandro-3.jpg\" alt=\"Clases de alem\u00e1n online\" width=\"120\" height=\"156\" title=\"\">Profesi\u00f3n:\u00a0 Analista de datos<\/span><\/p><p>\u201cA diferencia de lo que se puede esperar del aprendizaje de un idioma tan diferente para hispanohablantes, Mar\u00eda hace que el proceso sea ameno y efectivo, adaptando sus explicaciones para que los conceptos sean f\u00e1ciles de asimilar sin perder el rigor necesario para avanzar en el idioma.<\/p><p>Respecto a las clases en s\u00ed, la organizaci\u00f3n general est\u00e1 perfectamente estructurada. Cada lecci\u00f3n est\u00e1 dise\u00f1ada con un prop\u00f3sito claro, asegurando que el aprendizaje sea progresivo y equilibrado. Mar\u00eda sabe en qu\u00e9 momento introducir nuevos conceptos sin que resulten abrumadores y cu\u00e1ndo es necesario reforzar ciertos conocimientos para evitar lagunas. Gracias a esto, se construye una base s\u00f3lida que facilita el aprendizaje de niveles m\u00e1s avanzados.<\/p><p>Dentro de las clases se nota el trabajo de preparaci\u00f3n que hay detr\u00e1s. No se trata simplemente de seguir un temario, sino de adaptar cada sesi\u00f3n a las necesidades de los alumnos. Sus clases son din\u00e1micas, interactivas y cuentan con materiales bien seleccionados que hacen que aprender sea motivador y efectivo.<\/p><p>Por \u00faltimo, Mar\u00eda, tanto como profesora como en el trato personal, es un encanto. Siempre transmite entusiasmo, paciencia y dedicaci\u00f3n, lo que genera un ambiente de aprendizaje positivo y motivador. Su actitud cercana y su manera de explicar hacen que incluso los temas m\u00e1s complicados sean comprensibles y accesibles.<\/p><p>Por todo esto, y seguramente por muchos otros detalles que se me quedan en el tintero, recomiendo encarecidamente aprender alem\u00e1n con Mar\u00eda.\u201d<\/p><p>\u00a0<\/p><\/div>\n\t\t\t\t<\/div>\n\t\t\t\t\t\t\t\t\t\t<script type=\"application\/ld+json\">{\"@context\":\"https:\\\/\\\/schema.org\",\"@type\":\"FAQPage\",\"mainEntity\":[{\"@type\":\"Question\",\"name\":\"Julieta Sal Lari, Argentina (Berlin, Alemania)\",\"acceptedAnswer\":{\"@type\":\"Answer\",\"text\":\"<p><img class=\\\"size-full wp-image-16278 alignright\\\" src=\\\"https:\\\/\\\/profesornativodealeman.com\\\/clases-aleman\\\/wp-content\\\/uploads\\\/2021\\\/02\\\/Julieta-FOTO-1-1-1.jpeg\\\" alt=\\\"\\\" width=\\\"150\\\" height=\\\"200\\\" \\\/><\\\/p><p>Profesion: Ingeniera de software<\\\/p><p>Soy ingeniera de software y decid\\u00ed mudarme a Berl\\u00edn, Alemania. Apenas llegu\\u00e9, comenc\\u00e9 a buscar profesores de alem\\u00e1n para aprender el idioma local y encontr\\u00e9 a Maria; hace ya m\\u00e1s de un a\\u00f1o que tengo clases con ella y me encantan.<\\\/p><p>Sus clases son muy din\\u00e1micas y ella siempre explica lo que va a ense\\u00f1ar en cada clase. Yo no s\\u00e9 de ense\\u00f1anza de idiomas, pero, para m\\u00ed, el material did\\u00e1ctico que usamos en clase es muy bueno, muy completo, sencillo y, adem\\u00e1s, tiene ilustraciones de modo que es c\\u00f3modo para diferenciar los temas. Maria se encarga de que yo tenga todo el material disponible antes y durante de la clase. Es muy c\\u00f3modo ya que, puedo quedarme con los documentos para repasar luego de las clases.<\\\/p><p>Es muy agradable organizar las clases con Maria, ya que ella es muy flexible con los horarios y siempre intenta de tener disponibles horarios en los que a m\\u00ed se me facilita tener clases, al menos dos veces por semana. Ella siempre est\\u00e1 muy bien predispuesta y de buen humor. Son muy entretenidas sus clases.<\\\/p><p>Adem\\u00e1s, se nota que Maria conoce mucho del idioma y siempre me proporciona tips o consejos para que se pueda entender mejor lo que est\\u00e1 explicando. Tambi\\u00e9n ayuda que conozca mucho mi idioma, el espa\\u00f1ol, y el ingl\\u00e9s como para tener varias opciones disponibles a la hora de explicar; ya sea que algo sea m\\u00e1s f\\u00e1cil de entender, en alguno de esos dos idiomas.<\\\/p><p>Yo disfruto mucho las clases con ella y la super recomiendo.<\\\/p>\"}},{\"@type\":\"Question\",\"name\":\"Jos\\u00e9 Sahad  (Berlin, Alemania)\",\"acceptedAnswer\":{\"@type\":\"Answer\",\"text\":\"<p><img class=\\\"wp-image-15313 alignright\\\" src=\\\"https:\\\/\\\/profesornativodealeman.com\\\/clases-aleman\\\/wp-content\\\/uploads\\\/2021\\\/02\\\/Jose-1-1.png\\\" alt=\\\"\\\" width=\\\"120\\\" height=\\\"193\\\" \\\/><\\\/p><p>Profesion: Ingeniero de Software<\\\/p><p>Mar\\u00eda es excepcional! Su amplio conocimiento de varios idiomas y su forma pr\\u00e1ctica de abarcar los contenidos hacen las clases muy amenas; algo muy valioso m\\u00e1s considerando lo dif\\u00edcil que es aprender alem\\u00e1n. Sus clases son muy bien estructuradas y planeadas, lo que es de mucha ayuda para tener un aprendizaje constante y eficiente.<\\\/p><p>M\\u00e1s all\\u00e1 de lo efectiva que es como profesora, despu\\u00e9s de a\\u00f1o y medio compartiendo clases considero que Mar\\u00eda es una excelente persona, muy amable, siempre de buen humor y con una sonrisa contagiosa.<\\\/p><p>Es muy flexible con su calendario y trata de acomodarse a mis necesidades constantemente.<\\\/p><p>Totalmente recomendable!<\\\/p>\"}},{\"@type\":\"Question\",\"name\":\"Jesus Jimenez Lorenzo (Z\\u00fcrich, Suiza)\",\"acceptedAnswer\":{\"@type\":\"Answer\",\"text\":\"<div><i><img class=\\\"alignright wp-image-9059\\\" src=\\\"https:\\\/\\\/profesornativodealeman.com\\\/clases-aleman\\\/wp-content\\\/uploads\\\/2021\\\/02\\\/jesus_jimenez_photo.jpg\\\" alt=\\\"\\\" width=\\\"120\\\" height=\\\"155\\\" \\\/><\\\/i><\\\/div><div>Profesion: Ingeniero<\\\/div><div>\\u00a0<\\\/div><div><i>\\u00abAdem\\u00e1s de conocer a la perfecci\\u00f3n el idioma alem\\u00e1n, Mar\\u00eda transmite en sus clases confianza y entusiasmo. Siempre empieza las clases igual que las termina: con una sonrisa. Esto ayuda a crear un ambiente que hace que se acaben haciendo muy llevaderas.<br \\\/><\\\/i><\\\/div><div><i>\\u00a0<\\\/i><\\\/div><div><i>Proporciona un buen material sobre el que estudiar y reforzar todo lo aprendido. Se nota tambi\\u00e9n que su material est\\u00e1 ya muy trabajado.<br \\\/><\\\/i><\\\/div><div><i>\\u00a0<\\\/i><\\\/div><div><i>Dado que cuenta con experiencia ense\\u00f1ando idiomas, conoce de antemano d\\u00f3nde suelen confundirse los alumnos. Tiene aptitudes poco comunes y que son muy \\u00fatiles para un profesor como es el ser capaz de leer al alumno. Sabe identificar si no has entendido o tienes dificultades en algo, y cuando lo hace, se asegura de repetirlo hasta que lo entiendes.<\\\/i><\\\/div><div><i>\\u00a0<\\\/i><\\\/div><div><i>Se agradece contar con una profesora como Mar\\u00eda para aprender idiomas complejos como el alem\\u00e1n, dado que el aprenderlo no s\\u00f3lo se vuelve m\\u00e1s sencillo, sino tambi\\u00e9n hace que el proceso sea m\\u00e1s agradable.\\u00bb<\\\/i><\\\/div>\"}},{\"@type\":\"Question\",\"name\":\"Nikola Sladojevic (Munich, Alemania)\",\"acceptedAnswer\":{\"@type\":\"Answer\",\"text\":\"<p>Profesion: Ingeniero electrico.<strong><img class=\\\"alignright wp-image-9238 size-full\\\" src=\\\"https:\\\/\\\/profesornativodealeman.com\\\/clases-aleman\\\/wp-content\\\/uploads\\\/2021\\\/02\\\/Nikola-ohne-Brillen-2-e1653380350899.jpeg\\\" alt=\\\"\\\" width=\\\"150\\\" height=\\\"113\\\" \\\/><\\\/strong><\\\/p><p>\\u00abDoy clases de\\u00a0 conversaci\\u00f3n con Mar\\u00eda. Antes de empezar a aprender alem\\u00e1n con Mar\\u00eda, me daba mucho miedo hablar en alem\\u00e1n con alemanes. Mi autoestima era muy baja en ese momento.<\\\/p><p>Despu\\u00e9s de 2 meses de clases con Mar\\u00eda (2-3 veces a la semana), me sent\\u00ed libre para hablar alem\\u00e1n. Ahora me divierto mucho hablando en alem\\u00e1n.<\\\/p><p>Las clases con Mar\\u00eda son muy divertidas e interesantes. Los temas que tratamos durante las clases son siempre muy interesantes y variados. Por eso las clases se pasan muy r\\u00e1pido y siempre espero con ansias la siguiente lecci\\u00f3n.<\\\/p><p>Mar\\u00eda tambi\\u00e9n me corrige todo el tiempo cuando cometo errores gramaticales durante la conversaci\\u00f3n. Esto es muy importante para m\\u00ed porque tambi\\u00e9n me ayuda a mejorar mi alem\\u00e1n gramatical.<\\\/p><p>Mar\\u00eda es una profesora alegre, positiva, entusiasta, agradable y simp\\u00e1tica. Esto hace que te sientas relajado y que las clases sean muy agradables.<\\\/p><p>Por ello, me gustar\\u00eda a\\u00f1adir que Mar\\u00eda sabe realmente c\\u00f3mo transferir sus grandes conocimientos del idioma aleman a los estudiantes. Hay muchos profesores que, aunque tienen enormes conocimientos, no pueden transferirlos a los alumnos de forma adecuada. Todos nosotros hemos conocido a esos profesores en la escuela. Creo que tambi\\u00e9n es muy importante mencionar esto cuando se busca un profesor.<\\\/p><p>Adem\\u00e1s, Mar\\u00eda es responsable, preparada y siempre puntual. Nunca ha ocurrido que se retrase o que no tenga respuesta a la pregunta. Por eso recomiendo a Mar\\u00eda a todo el mundo.\\u00bb<\\\/p>\"}},{\"@type\":\"Question\",\"name\":\"Maria Fernandez (Madrid)\",\"acceptedAnswer\":{\"@type\":\"Answer\",\"text\":\"<p>Profesion: Ingeniera<\\\/p><div dir=\\\"auto\\\"><img class=\\\"alignright wp-image-16402\\\" src=\\\"https:\\\/\\\/profesornativodealeman.com\\\/clases-aleman\\\/wp-content\\\/uploads\\\/2024\\\/01\\\/Foto-Maria-1.jpeg\\\" alt=\\\"\\\" width=\\\"150\\\" height=\\\"120\\\" \\\/>\\u00abLlevo varios meses como alumna de Mar\\u00eda y estoy encantada con sus clases. Son completamente recomendables.<\\\/div><div dir=\\\"auto\\\"><p>Adem\\u00e1s de hablar varios idiomas, y demostrar experiencia sus clases est\\u00e1n muy bien estructuradas con las diapositivas que tienen el contenido progresivo y son f\\u00e1ciles de comprender. Proporciona muy bien material para reforzar las clases. Adem\\u00e1s, centra las clases en las necesidades del alumno durante las lecciones, corrigiendo en el momento cuando es necesario y reforzando el conocimiento ya aprendido.<\\\/p><p>Llevaba varios a\\u00f1os estudiando alem\\u00e1n y he notado una mejor\\u00eda en estos meses con sus clases que pasan volando.<\\\/p><p>Definitivamente recomiendo a Mar\\u00eda como profesora particular de alem\\u00e1n.\\u00bb<\\\/p><\\\/div>\"}},{\"@type\":\"Question\",\"name\":\"Juan Carlos de la Fuente (Asturias, Espa\\u00f1a)\",\"acceptedAnswer\":{\"@type\":\"Answer\",\"text\":\"<p>Juan Carlos de la Fuente (Asturias, Espa\\u00f1a)<\\\/p><p><img class=\\\"size-full wp-image-16593 alignright\\\" src=\\\"https:\\\/\\\/profesornativodealeman.com\\\/clases-aleman\\\/wp-content\\\/uploads\\\/2024\\\/03\\\/Foto-IES-2-1-e1709407015299.jpg\\\" alt=\\\"\\\" width=\\\"170\\\" height=\\\"181\\\" \\\/><\\\/p><p>Profesi\\u00f3n: Ingeniero<\\\/p><p>Desde que recib\\u00ed la primera clase, comprob\\u00e9 que Mar\\u00eda es una profesora muy activa. Mar\\u00eda tiene bien estructuradas las clases. El material que proporciona es adecuado y lo tiene muy bien trabajado.<\\\/p><p>Me parece importante la experiencia que tiene como profesora de idiomas, lo que hace que domine con mucha soltura las distintas situaciones que se dan durante las clases. Te anima mucho, hace que mejore tu confianza en el aprendizaje del idioma y disfrutes de las clases.<\\\/p><p>\\u00a0Es puntual y constante en su trabajo, cualidades a destacar en las personas.<\\\/p>\"}},{\"@type\":\"Question\",\"name\":\"Shea Edwards (Gloucester, Inglaterra)\",\"acceptedAnswer\":{\"@type\":\"Answer\",\"text\":\"<p class=\\\"p1\\\">Empec\\u00e9 a tomar clases con Mar\\u00eda hace poco m\\u00e1s de un a\\u00f1o por <img class=\\\"wp-image-17639 alignright\\\" src=\\\"https:\\\/\\\/profesornativodealeman.com\\\/clases-aleman\\\/wp-content\\\/uploads\\\/2025\\\/03\\\/Foto-Shea-scaled.jpg\\\" alt=\\\"\\\" width=\\\"120\\\" height=\\\"197\\\" \\\/>recomendaci\\u00f3n de un compa\\u00f1ero de trabajo, ya que he estudiado alem\\u00e1n en el pasado en la escuela y tengo el objetivo de trabajar\\\/vivir en Alemania en el futuro. Hab\\u00eda intentado mantener mi nivel durante la universidad y despu\\u00e9s pero me resultaba dif\\u00edcil mantener la motivaci\\u00f3n. Maria es una profesora excelente; siempre llega a nuestras clases online con una energ\\u00eda realmente buena e inspiradora para sentarse y repasar los temas de la clase. Me ha resultado dif\\u00edcil hablar alem\\u00e1n en clase, pero este estilo de ense\\u00f1anza 1:1 hace que esto sea un poco menos desalentador y su forma de incorporarlo hace que la transici\\u00f3n de pensar en ingl\\u00e9s a alem\\u00e1n sea mucho m\\u00e1s gradual y f\\u00e1cil. Las clases est\\u00e1n estructuradas en torno al vocabulario, la gram\\u00e1tica o la expresi\\u00f3n oral, lo que me ayuda a asimilar las diferentes reglas gramaticales.<\\\/p><p class=\\\"p1\\\">Aunque s\\u00f3lo doy alem\\u00e1n con ella, ofrece una amplia gama de otros idiomas que se adaptan a todas las necesidades. La recomendar\\u00eda y la he recomendado a amigos interesados en aprender un nuevo idioma. Su estilo de ense\\u00f1anza es muy acogedor.<\\\/p>\"}},{\"@type\":\"Question\",\"name\":\"Alejandro Garc\\u00eda Diaz (Madrid, Espa\\u00f1a)\",\"acceptedAnswer\":{\"@type\":\"Answer\",\"text\":\"<p><span style=\\\"color: var( --e-global-color-text ); font-family: var( --e-global-typography-text-font-family ), Sans-serif; font-weight: var( --e-global-typography-text-font-weight ); font-size: 1rem;\\\"><img class=\\\"size-full wp-image-17846 alignright\\\" src=\\\"https:\\\/\\\/profesornativodealeman.com\\\/clases-aleman\\\/wp-content\\\/uploads\\\/2025\\\/04\\\/Alejandro-3.jpg\\\" alt=\\\"\\\" width=\\\"120\\\" height=\\\"156\\\" \\\/>Profesi\\u00f3n:\\u00a0 Analista de datos<\\\/span><\\\/p><p>\\u201cA diferencia de lo que se puede esperar del aprendizaje de un idioma tan diferente para hispanohablantes, Mar\\u00eda hace que el proceso sea ameno y efectivo, adaptando sus explicaciones para que los conceptos sean f\\u00e1ciles de asimilar sin perder el rigor necesario para avanzar en el idioma.<\\\/p><p>Respecto a las clases en s\\u00ed, la organizaci\\u00f3n general est\\u00e1 perfectamente estructurada. Cada lecci\\u00f3n est\\u00e1 dise\\u00f1ada con un prop\\u00f3sito claro, asegurando que el aprendizaje sea progresivo y equilibrado. Mar\\u00eda sabe en qu\\u00e9 momento introducir nuevos conceptos sin que resulten abrumadores y cu\\u00e1ndo es necesario reforzar ciertos conocimientos para evitar lagunas. Gracias a esto, se construye una base s\\u00f3lida que facilita el aprendizaje de niveles m\\u00e1s avanzados.<\\\/p><p>Dentro de las clases se nota el trabajo de preparaci\\u00f3n que hay detr\\u00e1s. No se trata simplemente de seguir un temario, sino de adaptar cada sesi\\u00f3n a las necesidades de los alumnos. Sus clases son din\\u00e1micas, interactivas y cuentan con materiales bien seleccionados que hacen que aprender sea motivador y efectivo.<\\\/p><p>Por \\u00faltimo, Mar\\u00eda, tanto como profesora como en el trato personal, es un encanto. Siempre transmite entusiasmo, paciencia y dedicaci\\u00f3n, lo que genera un ambiente de aprendizaje positivo y motivador. Su actitud cercana y su manera de explicar hacen que incluso los temas m\\u00e1s complicados sean comprensibles y accesibles.<\\\/p><p>Por todo esto, y seguramente por muchos otros detalles que se me quedan en el tintero, recomiendo encarecidamente aprender alem\\u00e1n con Mar\\u00eda.\\u201d<\\\/p><p>\\u00a0<\\\/p>\"}}]}<\/script>\n\t\t\t\t\t<\/div>\n\t\t\t\t\t\t<\/div>\n\t\t\t\t<\/div>\n\t\t\t\t\t<\/div>\n\t\t<\/div>\n\t\t\t\t\t<\/div>\n\t\t<\/section>\n\t\t\t\t<section class=\"elementor-section elementor-top-section elementor-element elementor-element-1c40318 elementor-section-boxed elementor-section-height-default elementor-section-height-default\" data-id=\"1c40318\" data-element_type=\"section\" data-e-type=\"section\">\n\t\t\t\t\t\t<div class=\"elementor-container elementor-column-gap-default\">\n\t\t\t\t\t<div class=\"elementor-column elementor-col-100 elementor-top-column elementor-element elementor-element-6e6e3c5\" data-id=\"6e6e3c5\" data-element_type=\"column\" data-e-type=\"column\">\n\t\t\t<div class=\"elementor-widget-wrap elementor-element-populated\">\n\t\t\t\t\t\t<div class=\"elementor-element elementor-element-ef5a6f2 elementor-widget elementor-widget-menu-anchor\" data-id=\"ef5a6f2\" data-element_type=\"widget\" data-e-type=\"widget\" data-widget_type=\"menu-anchor.default\">\n\t\t\t\t<div class=\"elementor-widget-container\">\n\t\t\t\t\t\t\t<div class=\"elementor-menu-anchor\" id=\"Financiero\"><\/div>\n\t\t\t\t\t\t<\/div>\n\t\t\t\t<\/div>\n\t\t\t\t<div class=\"elementor-element elementor-element-45bb9f8 elementor-position-left elementor-vertical-align-middle elementor-widget elementor-widget-image-box\" data-id=\"45bb9f8\" data-element_type=\"widget\" data-e-type=\"widget\" data-widget_type=\"image-box.default\">\n\t\t\t\t<div class=\"elementor-widget-container\">\n\t\t\t\t\t<div class=\"elementor-image-box-wrapper\"><figure class=\"elementor-image-box-img\"><img decoding=\"async\" width=\"48\" height=\"48\" src=\"https:\/\/profesornativodealeman.com\/clases-aleman\/wp-content\/uploads\/2022\/05\/android-icon-48x48-1.png\" class=\"attachment-full size-full wp-image-12529\" alt=\"Clases de alem\u00e1n online\" title=\"\"><\/figure><div class=\"elementor-image-box-content\"><h3 class=\"elementor-image-box-title\">Sector Financiero \/ Bancario \/ Auditoria \/ Exportaci\u00f3n \/ Funcionarios\/ Abogados<\/h3><\/div><\/div>\t\t\t\t<\/div>\n\t\t\t\t<\/div>\n\t\t\t\t<div class=\"elementor-element elementor-element-7ddd73a elementor-widget elementor-widget-accordion\" data-id=\"7ddd73a\" data-element_type=\"widget\" data-e-type=\"widget\" data-widget_type=\"accordion.default\">\n\t\t\t\t<div class=\"elementor-widget-container\">\n\t\t\t\t\t\t\t<div class=\"elementor-accordion\">\n\t\t\t\t\t\t\t<div class=\"elementor-accordion-item\">\n\t\t\t\t\t<div id=\"elementor-tab-title-1311\" class=\"elementor-tab-title\" data-tab=\"1\" role=\"button\" aria-controls=\"elementor-tab-content-1311\" aria-expanded=\"false\">\n\t\t\t\t\t\t\t\t\t\t\t\t\t<span class=\"elementor-accordion-icon elementor-accordion-icon-right\" aria-hidden=\"true\">\n\t\t\t\t\t\t\t\t\t\t\t\t\t\t\t<span class=\"elementor-accordion-icon-closed\"><i class=\"fas fa-plus\"><\/i><\/span>\n\t\t\t\t\t\t\t\t<span class=\"elementor-accordion-icon-opened\"><i class=\"fas fa-minus\"><\/i><\/span>\n\t\t\t\t\t\t\t\t\t\t\t\t\t\t<\/span>\n\t\t\t\t\t\t\t\t\t\t\t\t<a class=\"elementor-accordion-title\" tabindex=\"0\">Juan Rodr\u00edguez (Z\u00fcrich, Suiza)<\/a>\n\t\t\t\t\t<\/div>\n\t\t\t\t\t<div id=\"elementor-tab-content-1311\" class=\"elementor-tab-content elementor-clearfix\" data-tab=\"1\" role=\"region\" aria-labelledby=\"elementor-tab-title-1311\"><p><img loading=\"lazy\" decoding=\"async\" class=\"size-full wp-image-16283 alignright\" src=\"https:\/\/profesornativodealeman.com\/clases-aleman\/wp-content\/uploads\/2021\/02\/Foto-JUAN-1.jpeg\" alt=\"Clases de alem\u00e1n online\" width=\"170\" height=\"141\" title=\"\" srcset=\"https:\/\/profesornativodealeman.com\/clases-aleman\/wp-content\/uploads\/2021\/02\/Foto-JUAN-1.jpeg 170w, https:\/\/profesornativodealeman.com\/clases-aleman\/wp-content\/uploads\/2021\/02\/Foto-JUAN-1-150x124.jpeg 150w\" sizes=\"(max-width: 170px) 100vw, 170px\" \/><\/p><p>Profesi\u00f3n: Financiero\u00a0\u00a0<\/p><p>Mi nombre es Juan, vivo en Suiza y trabajo en una compa\u00f1\u00eda internacional en el departamento financiero. Empec\u00e9 a estudiar alem\u00e1n hace 5 a\u00f1os, y mi objetivo es alcanzar alg\u00fan d\u00eda un nivel B2 para, por un lado, comunicarme con fluidez fuera de la oficina e integrarme en la sociedad, pero tambi\u00e9n para mejorar mi situaci\u00f3n laboral con mejores oportunidades dentro del mercado suizo-alem\u00e1n.<\/p><p>Mar\u00eda es una profesora profesional de alem\u00e1n. Su prop\u00f3sito es ayudar a sus alumnos a incrementar su comprensi\u00f3n a todos los niveles de esta complicada lengua. Mar\u00eda se adapta al nivel de sus alumnos y trabaja con ellos en detalle en el dominio del alem\u00e1n escrito y hablado, explicando y corrigiendo con paciencia y amabilidad.<\/p><p>En mi caso particular, yo hab\u00eda realizado algunos cursos, pero me sent\u00eda atascado con mi alem\u00e1n, que iba empeorando d\u00eda a d\u00eda, con Mar\u00eda estoy revisando poco a poco las \u00e1reas donde cometo errores para empezar a mejorar mi nivel gramatical y hablado. Adem\u00e1s, es una profesora que entiende lo que cuesta dominar un lenguaje, ya que ella habla varios idiomas, y ha pasado por este proceso varias veces.<\/p><p>Si tienes problemas con alem\u00e1n, y estas buscando un profesor particular, contacta a Mar\u00eda ya que no te arrepentir\u00e1s.<\/p><\/div>\n\t\t\t\t<\/div>\n\t\t\t\t\t\t\t<div class=\"elementor-accordion-item\">\n\t\t\t\t\t<div id=\"elementor-tab-title-1312\" class=\"elementor-tab-title\" data-tab=\"2\" role=\"button\" aria-controls=\"elementor-tab-content-1312\" aria-expanded=\"false\">\n\t\t\t\t\t\t\t\t\t\t\t\t\t<span class=\"elementor-accordion-icon elementor-accordion-icon-right\" aria-hidden=\"true\">\n\t\t\t\t\t\t\t\t\t\t\t\t\t\t\t<span class=\"elementor-accordion-icon-closed\"><i class=\"fas fa-plus\"><\/i><\/span>\n\t\t\t\t\t\t\t\t<span class=\"elementor-accordion-icon-opened\"><i class=\"fas fa-minus\"><\/i><\/span>\n\t\t\t\t\t\t\t\t\t\t\t\t\t\t<\/span>\n\t\t\t\t\t\t\t\t\t\t\t\t<a class=\"elementor-accordion-title\" tabindex=\"0\">Sergio Aviles (Dublin)<\/a>\n\t\t\t\t\t<\/div>\n\t\t\t\t\t<div id=\"elementor-tab-content-1312\" class=\"elementor-tab-content elementor-clearfix\" data-tab=\"2\" role=\"region\" aria-labelledby=\"elementor-tab-title-1312\"><p><img loading=\"lazy\" decoding=\"async\" class=\"wp-image-17910 alignright\" src=\"https:\/\/profesornativodealeman.com\/clases-aleman\/wp-content\/uploads\/2025\/04\/SERGIO-IMG_4080-EDIT-1-1.jpg\" alt=\"Clases de alem\u00e1n online\" width=\"125\" height=\"130\" title=\"\"><\/p><p>Profesion: Business Developer<\/p><p style=\"font-weight: 400;\">Estoy muy satisfecho con mis clases de alem\u00e1n con Mar\u00eda. Aunque solo dispongo de una hora a la semana, he notado un gran progreso en este tiempo. Su estilo organizado y met\u00f3dico se adapta perfectamente a mi forma de aprender, y el ritmo din\u00e1mico de las sesiones mantiene mi inter\u00e9s y motivaci\u00f3n.<\/p><p style=\"font-weight: 400;\">Mar\u00eda empez\u00f3 ense\u00f1\u00e1ndome alem\u00e1n desde cero y, a petici\u00f3n m\u00eda, utiliz\u00f3 el italiano para explicar los conceptos en lugar del castellano. Esto no solo me ayud\u00f3 a aprender alem\u00e1n, sino que tambi\u00e9n me permiti\u00f3 repasar y consolidar mi italiano. Adem\u00e1s, me enviaba tareas entre clases, lo que hac\u00eda que mi aprendizaje fuera constante y contribuyera a avanzar m\u00e1s r\u00e1pido.<\/p><p style=\"font-weight: 400;\">Aprecio especialmente c\u00f3mo aprovecha cada minuto de la clase para mantenerla interesante y productiva. Recomiendo completamente a Mar\u00eda como profesora, no solo por sus conocimientos del idioma, sino tambi\u00e9n por su habilidad para adaptar cada lecci\u00f3n a las necesidades espec\u00edficas de sus alumnos.<\/p><\/div>\n\t\t\t\t<\/div>\n\t\t\t\t\t\t\t<div class=\"elementor-accordion-item\">\n\t\t\t\t\t<div id=\"elementor-tab-title-1313\" class=\"elementor-tab-title\" data-tab=\"3\" role=\"button\" aria-controls=\"elementor-tab-content-1313\" aria-expanded=\"false\">\n\t\t\t\t\t\t\t\t\t\t\t\t\t<span class=\"elementor-accordion-icon elementor-accordion-icon-right\" aria-hidden=\"true\">\n\t\t\t\t\t\t\t\t\t\t\t\t\t\t\t<span class=\"elementor-accordion-icon-closed\"><i class=\"fas fa-plus\"><\/i><\/span>\n\t\t\t\t\t\t\t\t<span class=\"elementor-accordion-icon-opened\"><i class=\"fas fa-minus\"><\/i><\/span>\n\t\t\t\t\t\t\t\t\t\t\t\t\t\t<\/span>\n\t\t\t\t\t\t\t\t\t\t\t\t<a class=\"elementor-accordion-title\" tabindex=\"0\">Pilar Gibert Gerez  (Barcelona)<\/a>\n\t\t\t\t\t<\/div>\n\t\t\t\t\t<div id=\"elementor-tab-content-1313\" class=\"elementor-tab-content elementor-clearfix\" data-tab=\"3\" role=\"region\" aria-labelledby=\"elementor-tab-title-1313\"><p dir=\"auto\">Profesi\u00f3n: Abogado\u00a0<\/p><p dir=\"auto\"><img loading=\"lazy\" decoding=\"async\" class=\"wp-image-18915 alignright\" src=\"https:\/\/profesornativodealeman.com\/clases-aleman\/wp-content\/uploads\/2025\/12\/Pilar-1.jpg\" alt=\"Clases de alem\u00e1n online\" width=\"130\" height=\"161\" title=\"\"><\/p><p dir=\"auto\">\u00abDespu\u00e9s de tantos intentos fallidos, ahora s\u00ed siento que avanzo.\u00a0<\/p><p dir=\"auto\">Llevo muchos a\u00f1os intentando aprender el idioma. He probado de todo: academias, cursos online, clases en grupo, aplicaciones\u2026 pero nunca lograba mantener la constancia ni ver resultados claros. Entre el trabajo, la familia y las responsabilidades del d\u00eda a d\u00eda, siempre me parec\u00eda que aprender idiomas era una meta inalcanzable. Llegu\u00e9 a pensar que quiz\u00e1 ya era demasiado tarde para m\u00ed.<\/p><p dir=\"auto\">Cuando empec\u00e9 las clases con Maria not\u00e9 la diferencia desde el principio. Su m\u00e9todo es cercano, pr\u00e1ctico y muy flexible. No tengo que seguir un programa r\u00edgido: cada clase se adapta a mi nivel, a mis necesidades y al tiempo real que puedo dedicar. Eso ha sido clave para no sentirme frustrada ni agobiada.<\/p><p dir=\"auto\">Me gusta mucho c\u00f3mo combina la gram\u00e1tica, que me ayuda a reforzar lo que nunca hab\u00eda terminado de asimilar, con ejercicios de conversaci\u00f3n en los que realmente puedo poner en pr\u00e1ctica lo aprendido. Lo hace de una forma clara y motivadora, corrigiendo con paciencia y siempre anim\u00e1ndome a seguir adelante.<\/p><p dir=\"auto\">Lo que m\u00e1s valoro es que siento que por fin avanzo. Incluso en semanas en las que apenas dispongo de tiempo, siempre encuentro en sus clases un espacio para concentrarme, aprender y ganar confianza. Poco a poco, noto c\u00f3mo me siento m\u00e1s segura, tanto al hablar como al entender, y c\u00f3mo el aprender los idiomas puede llegar a ser una herramienta \u00fatil en mi vida profesional y personal.<\/p><p>Despu\u00e9s de tantos intentos fallidos, ahora s\u00ed creo que estoy logrando algo real. Y eso, sinceramente, me da una satisfacci\u00f3n enorme. Recomiendo estas clases a cualquier persona que piense que ya es demasiado tarde o que nunca encontrar\u00e1 el momento: con el enfoque adecuado, es posible.\u00bb<\/p><\/div>\n\t\t\t\t<\/div>\n\t\t\t\t\t\t\t\t\t\t<script type=\"application\/ld+json\">{\"@context\":\"https:\\\/\\\/schema.org\",\"@type\":\"FAQPage\",\"mainEntity\":[{\"@type\":\"Question\",\"name\":\"Juan Rodr\\u00edguez (Z\\u00fcrich, Suiza)\",\"acceptedAnswer\":{\"@type\":\"Answer\",\"text\":\"<p><img class=\\\"size-full wp-image-16283 alignright\\\" src=\\\"https:\\\/\\\/profesornativodealeman.com\\\/clases-aleman\\\/wp-content\\\/uploads\\\/2021\\\/02\\\/Foto-JUAN-1.jpeg\\\" alt=\\\"\\\" width=\\\"170\\\" height=\\\"141\\\" \\\/><\\\/p><p>Profesi\\u00f3n: Financiero\\u00a0\\u00a0<\\\/p><p>Mi nombre es Juan, vivo en Suiza y trabajo en una compa\\u00f1\\u00eda internacional en el departamento financiero. Empec\\u00e9 a estudiar alem\\u00e1n hace 5 a\\u00f1os, y mi objetivo es alcanzar alg\\u00fan d\\u00eda un nivel B2 para, por un lado, comunicarme con fluidez fuera de la oficina e integrarme en la sociedad, pero tambi\\u00e9n para mejorar mi situaci\\u00f3n laboral con mejores oportunidades dentro del mercado suizo-alem\\u00e1n.<\\\/p><p>Mar\\u00eda es una profesora profesional de alem\\u00e1n. Su prop\\u00f3sito es ayudar a sus alumnos a incrementar su comprensi\\u00f3n a todos los niveles de esta complicada lengua. Mar\\u00eda se adapta al nivel de sus alumnos y trabaja con ellos en detalle en el dominio del alem\\u00e1n escrito y hablado, explicando y corrigiendo con paciencia y amabilidad.<\\\/p><p>En mi caso particular, yo hab\\u00eda realizado algunos cursos, pero me sent\\u00eda atascado con mi alem\\u00e1n, que iba empeorando d\\u00eda a d\\u00eda, con Mar\\u00eda estoy revisando poco a poco las \\u00e1reas donde cometo errores para empezar a mejorar mi nivel gramatical y hablado. Adem\\u00e1s, es una profesora que entiende lo que cuesta dominar un lenguaje, ya que ella habla varios idiomas, y ha pasado por este proceso varias veces.<\\\/p><p>Si tienes problemas con alem\\u00e1n, y estas buscando un profesor particular, contacta a Mar\\u00eda ya que no te arrepentir\\u00e1s.<\\\/p>\"}},{\"@type\":\"Question\",\"name\":\"Sergio Aviles (Dublin)\",\"acceptedAnswer\":{\"@type\":\"Answer\",\"text\":\"<p><img class=\\\"wp-image-17910 alignright\\\" src=\\\"https:\\\/\\\/profesornativodealeman.com\\\/clases-aleman\\\/wp-content\\\/uploads\\\/2025\\\/04\\\/SERGIO-IMG_4080-EDIT-1-1.jpg\\\" alt=\\\"\\\" width=\\\"125\\\" height=\\\"130\\\" \\\/><\\\/p><p>Profesion: Business Developer<\\\/p><p style=\\\"font-weight: 400;\\\">Estoy muy satisfecho con mis clases de alem\\u00e1n con Mar\\u00eda. Aunque solo dispongo de una hora a la semana, he notado un gran progreso en este tiempo. Su estilo organizado y met\\u00f3dico se adapta perfectamente a mi forma de aprender, y el ritmo din\\u00e1mico de las sesiones mantiene mi inter\\u00e9s y motivaci\\u00f3n.<\\\/p><p style=\\\"font-weight: 400;\\\">Mar\\u00eda empez\\u00f3 ense\\u00f1\\u00e1ndome alem\\u00e1n desde cero y, a petici\\u00f3n m\\u00eda, utiliz\\u00f3 el italiano para explicar los conceptos en lugar del castellano. Esto no solo me ayud\\u00f3 a aprender alem\\u00e1n, sino que tambi\\u00e9n me permiti\\u00f3 repasar y consolidar mi italiano. Adem\\u00e1s, me enviaba tareas entre clases, lo que hac\\u00eda que mi aprendizaje fuera constante y contribuyera a avanzar m\\u00e1s r\\u00e1pido.<\\\/p><p style=\\\"font-weight: 400;\\\">Aprecio especialmente c\\u00f3mo aprovecha cada minuto de la clase para mantenerla interesante y productiva. Recomiendo completamente a Mar\\u00eda como profesora, no solo por sus conocimientos del idioma, sino tambi\\u00e9n por su habilidad para adaptar cada lecci\\u00f3n a las necesidades espec\\u00edficas de sus alumnos.<\\\/p>\"}},{\"@type\":\"Question\",\"name\":\"Pilar Gibert Gerez  (Barcelona)\",\"acceptedAnswer\":{\"@type\":\"Answer\",\"text\":\"<p dir=\\\"auto\\\">Profesi\\u00f3n: Abogado\\u00a0<\\\/p><p dir=\\\"auto\\\"><img class=\\\"wp-image-18915 alignright\\\" src=\\\"https:\\\/\\\/profesornativodealeman.com\\\/clases-aleman\\\/wp-content\\\/uploads\\\/2025\\\/12\\\/Pilar-1.jpg\\\" alt=\\\"\\\" width=\\\"130\\\" height=\\\"161\\\" \\\/><\\\/p><p dir=\\\"auto\\\">\\u00abDespu\\u00e9s de tantos intentos fallidos, ahora s\\u00ed siento que avanzo.\\u00a0<\\\/p><p dir=\\\"auto\\\">Llevo muchos a\\u00f1os intentando aprender el idioma. He probado de todo: academias, cursos online, clases en grupo, aplicaciones\\u2026 pero nunca lograba mantener la constancia ni ver resultados claros. Entre el trabajo, la familia y las responsabilidades del d\\u00eda a d\\u00eda, siempre me parec\\u00eda que aprender idiomas era una meta inalcanzable. Llegu\\u00e9 a pensar que quiz\\u00e1 ya era demasiado tarde para m\\u00ed.<\\\/p><p dir=\\\"auto\\\">Cuando empec\\u00e9 las clases con Maria not\\u00e9 la diferencia desde el principio. Su m\\u00e9todo es cercano, pr\\u00e1ctico y muy flexible. No tengo que seguir un programa r\\u00edgido: cada clase se adapta a mi nivel, a mis necesidades y al tiempo real que puedo dedicar. Eso ha sido clave para no sentirme frustrada ni agobiada.<\\\/p><p dir=\\\"auto\\\">Me gusta mucho c\\u00f3mo combina la gram\\u00e1tica, que me ayuda a reforzar lo que nunca hab\\u00eda terminado de asimilar, con ejercicios de conversaci\\u00f3n en los que realmente puedo poner en pr\\u00e1ctica lo aprendido. Lo hace de una forma clara y motivadora, corrigiendo con paciencia y siempre anim\\u00e1ndome a seguir adelante.<\\\/p><p dir=\\\"auto\\\">Lo que m\\u00e1s valoro es que siento que por fin avanzo. Incluso en semanas en las que apenas dispongo de tiempo, siempre encuentro en sus clases un espacio para concentrarme, aprender y ganar confianza. Poco a poco, noto c\\u00f3mo me siento m\\u00e1s segura, tanto al hablar como al entender, y c\\u00f3mo el aprender los idiomas puede llegar a ser una herramienta \\u00fatil en mi vida profesional y personal.<\\\/p><p>Despu\\u00e9s de tantos intentos fallidos, ahora s\\u00ed creo que estoy logrando algo real. Y eso, sinceramente, me da una satisfacci\\u00f3n enorme. Recomiendo estas clases a cualquier persona que piense que ya es demasiado tarde o que nunca encontrar\\u00e1 el momento: con el enfoque adecuado, es posible.\\u00bb<\\\/p>\"}}]}<\/script>\n\t\t\t\t\t<\/div>\n\t\t\t\t\t\t<\/div>\n\t\t\t\t<\/div>\n\t\t\t\t\t<\/div>\n\t\t<\/div>\n\t\t\t\t\t<\/div>\n\t\t<\/section>\n\t\t\t\t<section class=\"elementor-section elementor-top-section elementor-element elementor-element-347feb1 elementor-section-boxed elementor-section-height-default elementor-section-height-default\" data-id=\"347feb1\" data-element_type=\"section\" data-e-type=\"section\">\n\t\t\t\t\t\t<div class=\"elementor-container elementor-column-gap-default\">\n\t\t\t\t\t<div class=\"elementor-column elementor-col-100 elementor-top-column elementor-element elementor-element-a6840da\" data-id=\"a6840da\" data-element_type=\"column\" data-e-type=\"column\">\n\t\t\t<div class=\"elementor-widget-wrap elementor-element-populated\">\n\t\t\t\t\t\t<div class=\"elementor-element elementor-element-87886c2 elementor-widget elementor-widget-menu-anchor\" data-id=\"87886c2\" data-element_type=\"widget\" data-e-type=\"widget\" data-widget_type=\"menu-anchor.default\">\n\t\t\t\t<div class=\"elementor-widget-container\">\n\t\t\t\t\t\t\t<div class=\"elementor-menu-anchor\" id=\"sanitario\"><\/div>\n\t\t\t\t\t\t<\/div>\n\t\t\t\t<\/div>\n\t\t\t\t<div class=\"elementor-element elementor-element-56b426e elementor-position-left elementor-vertical-align-middle elementor-widget elementor-widget-image-box\" data-id=\"56b426e\" data-element_type=\"widget\" data-e-type=\"widget\" data-widget_type=\"image-box.default\">\n\t\t\t\t<div class=\"elementor-widget-container\">\n\t\t\t\t\t<div class=\"elementor-image-box-wrapper\"><figure class=\"elementor-image-box-img\"><img decoding=\"async\" width=\"48\" height=\"48\" src=\"https:\/\/profesornativodealeman.com\/clases-aleman\/wp-content\/uploads\/2022\/05\/android-icon-48x48-1.png\" class=\"attachment-full size-full wp-image-12529\" alt=\"Clases de alem\u00e1n online\" title=\"\"><\/figure><div class=\"elementor-image-box-content\"><h3 class=\"elementor-image-box-title\">Sector sanitario \/ Cient\u00edficos \/ Psicolog\u00eda \/ Comunicaci\u00f3n \/ Educadoras\/ Estudiantes<\/h3><\/div><\/div>\t\t\t\t<\/div>\n\t\t\t\t<\/div>\n\t\t\t\t<div class=\"elementor-element elementor-element-5bd8611 elementor-widget elementor-widget-accordion\" data-id=\"5bd8611\" data-element_type=\"widget\" data-e-type=\"widget\" data-widget_type=\"accordion.default\">\n\t\t\t\t<div class=\"elementor-widget-container\">\n\t\t\t\t\t\t\t<div class=\"elementor-accordion\">\n\t\t\t\t\t\t\t<div class=\"elementor-accordion-item\">\n\t\t\t\t\t<div id=\"elementor-tab-title-9631\" class=\"elementor-tab-title\" data-tab=\"1\" role=\"button\" aria-controls=\"elementor-tab-content-9631\" aria-expanded=\"false\">\n\t\t\t\t\t\t\t\t\t\t\t\t\t<span class=\"elementor-accordion-icon elementor-accordion-icon-right\" aria-hidden=\"true\">\n\t\t\t\t\t\t\t\t\t\t\t\t\t\t\t<span class=\"elementor-accordion-icon-closed\"><i class=\"fas fa-plus\"><\/i><\/span>\n\t\t\t\t\t\t\t\t<span class=\"elementor-accordion-icon-opened\"><i class=\"fas fa-minus\"><\/i><\/span>\n\t\t\t\t\t\t\t\t\t\t\t\t\t\t<\/span>\n\t\t\t\t\t\t\t\t\t\t\t\t<a class=\"elementor-accordion-title\" tabindex=\"0\">Marc Gibert Agramunt  Barcelona, Estudiante de medicina<\/a>\n\t\t\t\t\t<\/div>\n\t\t\t\t\t<div id=\"elementor-tab-content-9631\" class=\"elementor-tab-content elementor-clearfix\" data-tab=\"1\" role=\"region\" aria-labelledby=\"elementor-tab-title-9631\"><div dir=\"auto\"><div id=\"gallery-3\" class=\"gallery galleryid-15292 gallery-columns-3 gallery-size-thumbnail\"><dl class=\"gallery-item\"><dt class=\"gallery-icon portrait\"><a href=\"https:\/\/profesornativodealeman.com\/clases-aleman\/profesora-de-aleman\/78573091-24e4-49ab-a117-f388bf5fbae1-1\/\"><img loading=\"lazy\" decoding=\"async\" class=\"size-full wp-image-15112 alignright\" src=\"https:\/\/profesornativodealeman.com\/clases-aleman\/wp-content\/uploads\/2021\/02\/Foto-Marc-Gibert-Agramunt-3-1.jpeg\" alt=\"Clases de alem\u00e1n online\" width=\"150\" height=\"225\" title=\"\"><\/a><\/dt><\/dl><\/div><\/div><div dir=\"auto\" style=\"text-align: left;\"><p>Cuando empec\u00e9 con el estudio del alem\u00e1n para poder ejercer mi profesi\u00f3n en el extranjero ten\u00eda muchas dudas y miedos, sobretodo con un idioma tan exigente. Soy el t\u00edpico alumno que siempre hab\u00eda recurrido a las academias de idiomas, ya que me daban seguridad y una estructura, y es lo que todo el mundo hac\u00eda. Pero a lo largo de los a\u00f1os me he dado cuenta que si quieres obtener un buen nivel y de forma eficaz, hay otras v\u00edas m\u00e1s eficientes a las que puedes recurrir.<\/p><p>Despu\u00e9s de valorar diferentes tutores particulares, y sin duda alguna, Mar\u00eda ha sido la mejor decisi\u00f3n que podr\u00eda haber tomado.<br \/>Es una excelente profesional, com material perfectamente preparado, pensado y estructurado, y un dominio profundo del idioma, el sue\u00f1o que cualquier alumno desear\u00eda de un profesor. Dividimos las clases en diferentes subtipos, tratando tanto gram\u00e1tica, vocabulario, conversaci\u00f3n y escritura en todos los niveles. Las clases son din\u00e1micas, activas, y adaptadas al ritmo que cada uno desee, y nunca tienes la sensaci\u00f3n de no haberlas aprovechado, justo al contrario. Los materiales y test de nivel est\u00e1n minuciosamente dise\u00f1ados, siempre r\u00e1pidamente consultables si en un futuro surgen m\u00e1s dudas. Personalmente, se nota que es una profesora con mucha experiencia, pol\u00edglota, que ha pasado por el proceso de aprender un nuevo idioma muchas veces.<\/p><p>Mi m\u00e1s sincera recomendaci\u00f3n para aprender un idioma con ella y conseguir tu objetivo!<\/p><\/div><\/div>\n\t\t\t\t<\/div>\n\t\t\t\t\t\t\t<div class=\"elementor-accordion-item\">\n\t\t\t\t\t<div id=\"elementor-tab-title-9632\" class=\"elementor-tab-title\" data-tab=\"2\" role=\"button\" aria-controls=\"elementor-tab-content-9632\" aria-expanded=\"false\">\n\t\t\t\t\t\t\t\t\t\t\t\t\t<span class=\"elementor-accordion-icon elementor-accordion-icon-right\" aria-hidden=\"true\">\n\t\t\t\t\t\t\t\t\t\t\t\t\t\t\t<span class=\"elementor-accordion-icon-closed\"><i class=\"fas fa-plus\"><\/i><\/span>\n\t\t\t\t\t\t\t\t<span class=\"elementor-accordion-icon-opened\"><i class=\"fas fa-minus\"><\/i><\/span>\n\t\t\t\t\t\t\t\t\t\t\t\t\t\t<\/span>\n\t\t\t\t\t\t\t\t\t\t\t\t<a class=\"elementor-accordion-title\" tabindex=\"0\">Raquel Torremocha Madrid, Espa\u00f1a<\/a>\n\t\t\t\t\t<\/div>\n\t\t\t\t\t<div id=\"elementor-tab-content-9632\" class=\"elementor-tab-content elementor-clearfix\" data-tab=\"2\" role=\"region\" aria-labelledby=\"elementor-tab-title-9632\"><p><img loading=\"lazy\" decoding=\"async\" class=\"size-full wp-image-15113 alignright\" src=\"https:\/\/profesornativodealeman.com\/clases-aleman\/wp-content\/uploads\/2021\/02\/Foto-Raquel-Torremocha-1.jpeg\" alt=\"Clases de alem\u00e1n online\" width=\"150\" height=\"226\" title=\"\"><\/p><p>Profesion: Educadora infantil<\/p><p>Mi nombre es Raquel y trabajo como educadora infantil en un Kindergarten en M\u00fanich, Alemania.<\/p><p>Para poder desempe\u00f1ar mi labor de educadora necesitaba conseguir el certificado oficial de B2 de alem\u00e1n. Gracias a Mar\u00eda logr\u00e9 mi objetivo. Ella no s\u00f3lo me ense\u00f1\u00f3 el B2, sino que con ella consegu\u00ed entender todo lo que llevaba arrastrando desde el principio. Hicimos ejercicios desde el nivel A1 para mejorar esos fallos y conseguir un mejor nivel tanto oral c\u00f3mo escrito. Tambi\u00e9n, gracias a ella, descubr\u00ed muchos trucos, lo cual facilit\u00f3 mucho mi aprendizaje. Sus clases son amenas y personalizadas, se centra en reforzar tus cualidades sobre el idioma y solventar tus defectos.<\/p><p>Su conocimiento sobre varios idiomas facilita el aprendizaje y consigue que se vuelva m\u00e1s intuitivo y sencillo.<\/p><p>Sin duda recomiendo mucho sus clases. Es una gran docente y me ayudo en mi aprendizaje.<\/p><\/div>\n\t\t\t\t<\/div>\n\t\t\t\t\t\t\t<div class=\"elementor-accordion-item\">\n\t\t\t\t\t<div id=\"elementor-tab-title-9633\" class=\"elementor-tab-title\" data-tab=\"3\" role=\"button\" aria-controls=\"elementor-tab-content-9633\" aria-expanded=\"false\">\n\t\t\t\t\t\t\t\t\t\t\t\t\t<span class=\"elementor-accordion-icon elementor-accordion-icon-right\" aria-hidden=\"true\">\n\t\t\t\t\t\t\t\t\t\t\t\t\t\t\t<span class=\"elementor-accordion-icon-closed\"><i class=\"fas fa-plus\"><\/i><\/span>\n\t\t\t\t\t\t\t\t<span class=\"elementor-accordion-icon-opened\"><i class=\"fas fa-minus\"><\/i><\/span>\n\t\t\t\t\t\t\t\t\t\t\t\t\t\t<\/span>\n\t\t\t\t\t\t\t\t\t\t\t\t<a class=\"elementor-accordion-title\" tabindex=\"0\">Catherine Thoyts  (Bristol, Inglaterra)<\/a>\n\t\t\t\t\t<\/div>\n\t\t\t\t\t<div id=\"elementor-tab-content-9633\" class=\"elementor-tab-content elementor-clearfix\" data-tab=\"3\" role=\"region\" aria-labelledby=\"elementor-tab-title-9633\"><div><img loading=\"lazy\" decoding=\"async\" class=\"size-full wp-image-17850 alignright\" src=\"https:\/\/profesornativodealeman.com\/clases-aleman\/wp-content\/uploads\/2025\/04\/Catherine-1.jpg\" alt=\"Clases de alem\u00e1n online\" width=\"150\" height=\"152\" title=\"\">Profesi\u00f3n: Estudiante de Master en Traducci\u00f3n (alem\u00e1n-ingl\u00e9s)<\/div><div>\u00a0<\/div><p>\u00abHe estado estudiando alem\u00e1n con Mar\u00eda durante casi un a\u00f1o y ha sido una experiencia brillante. Tengo mucha experiencia estudiando alem\u00e1n en la escuela, y lo estudi\u00e9 hasta el nivel de licenciatura, pero despu\u00e9s de graduarme me preocupaba perder parte de mi habilidad en el idioma sin nadie con quien practicar. Maria me fue recomendada por mi amigo Shea, y ha sido fant\u00e1stica. Es una profesora muy rigurosa; hasta ahora hemos repasado materiales desde el nivel A1 hasta el B2, lo que me ha ayudado a deshacerme de malos h\u00e1bitos y errores simples y frecuentes que he ido adquiriendo a lo largo de a\u00f1os de ense\u00f1anza inconsistente, as\u00ed como a desglosar conceptos que nunca hab\u00eda entendido bien. A menudo he tenido problemas con la gram\u00e1tica, y en las clases Mar\u00eda no ense\u00f1a un n\u00famero determinado de lecciones sobre un tema gramatical para ajustarse a un horario; lo ense\u00f1a hasta que lo entiendes, ya sea en cinco minutos o en cinco sesiones. Mi alem\u00e1n ha mejorado mucho con sus clases. Est\u00e1 claro que es una profesora muy experimentada y capacitada, y sus materiales siempre est\u00e1n bien preparados y claramente expuestos, y da explicaciones claras. Si una explicaci\u00f3n no funciona, es capaz de repasarla contigo y resolver lo que te confunde. Adem\u00e1s, siempre es c\u00e1lida y amable y nunca te hace sentir mal por no entender algo. Definitivamente recomendar\u00eda a Maria a cualquiera que quiera aprender o mejorar sus habilidades ling\u00fc\u00edsticas a cualquier nivel.<\/p><div class=\"yj6qo\">\u00a0<\/div><div class=\"adL\">\u00a0<\/div><\/div>\n\t\t\t\t<\/div>\n\t\t\t\t\t\t\t<div class=\"elementor-accordion-item\">\n\t\t\t\t\t<div id=\"elementor-tab-title-9634\" class=\"elementor-tab-title\" data-tab=\"4\" role=\"button\" aria-controls=\"elementor-tab-content-9634\" aria-expanded=\"false\">\n\t\t\t\t\t\t\t\t\t\t\t\t\t<span class=\"elementor-accordion-icon elementor-accordion-icon-right\" aria-hidden=\"true\">\n\t\t\t\t\t\t\t\t\t\t\t\t\t\t\t<span class=\"elementor-accordion-icon-closed\"><i class=\"fas fa-plus\"><\/i><\/span>\n\t\t\t\t\t\t\t\t<span class=\"elementor-accordion-icon-opened\"><i class=\"fas fa-minus\"><\/i><\/span>\n\t\t\t\t\t\t\t\t\t\t\t\t\t\t<\/span>\n\t\t\t\t\t\t\t\t\t\t\t\t<a class=\"elementor-accordion-title\" tabindex=\"0\">Pamela Janice Giudicetti (Freiburg, Suiza)<\/a>\n\t\t\t\t\t<\/div>\n\t\t\t\t\t<div id=\"elementor-tab-content-9634\" class=\"elementor-tab-content elementor-clearfix\" data-tab=\"4\" role=\"region\" aria-labelledby=\"elementor-tab-title-9634\"><p>Profesion: Veterinaria<\/p><p><img loading=\"lazy\" decoding=\"async\" class=\"size-full wp-image-18089 alignright\" src=\"https:\/\/profesornativodealeman.com\/clases-aleman\/wp-content\/uploads\/2025\/07\/IMG_7039-1.jpeg\" alt=\"Clases de alem\u00e1n online\" width=\"150\" height=\"183\" title=\"\"><\/p><p>Estoy encantada de compartir mi experiencia con\u00a0Maria. Como hablante nativa de espa\u00f1ol, el alem\u00e1n me parec\u00eda un desaf\u00edo, pero Maria ha hecho que el proceso sea incre\u00edblemente ameno y eficaz.<\/p><p>Desde el primer d\u00eda, su\u00a0energ\u00eda\u00a0es contagiosa. Las clases nunca son aburridas. Es evidente que tiene un don para la ense\u00f1anza, y su pasi\u00f3n por el idioma es realmente inspiradora.<\/p><p>Lo que m\u00e1s me ha impresionado de Maria es su\u00a0dominio de m\u00faltiples idiomas. Esto le permite entender perfectamente las dificultades que podemos tener los hispanohablantes al aprender alem\u00e1n.\u00a0<\/p><p>Gracias a Maria, estoy ganando confianza r\u00e1pidamente y \u00a1hasta me sorprendo de lo mucho que he aprendido en tan poco tiempo! Recomiendo a Maria a cualquiera que busque una profesora de alem\u00e1n que sea no solo una experta, sino tambi\u00e9n una persona incre\u00edblemente\u00a0motivadora y dedicada. \u00a1Eres la mejor!<\/p><div class=\"yj6qo\">\u00a0<\/div><div class=\"adL\">\u00a0<\/div><\/div>\n\t\t\t\t<\/div>\n\t\t\t\t\t\t\t\t\t\t<script type=\"application\/ld+json\">{\"@context\":\"https:\\\/\\\/schema.org\",\"@type\":\"FAQPage\",\"mainEntity\":[{\"@type\":\"Question\",\"name\":\"Marc Gibert Agramunt  Barcelona, Estudiante de medicina\",\"acceptedAnswer\":{\"@type\":\"Answer\",\"text\":\"<div dir=\\\"auto\\\"><div id=\\\"gallery-3\\\" class=\\\"gallery galleryid-15292 gallery-columns-3 gallery-size-thumbnail\\\"><dl class=\\\"gallery-item\\\"><dt class=\\\"gallery-icon portrait\\\"><a href=\\\"https:\\\/\\\/profesornativodealeman.com\\\/clases-aleman\\\/profesora-de-aleman\\\/78573091-24e4-49ab-a117-f388bf5fbae1-1\\\/\\\"><img class=\\\"size-full wp-image-15112 alignright\\\" src=\\\"https:\\\/\\\/profesornativodealeman.com\\\/clases-aleman\\\/wp-content\\\/uploads\\\/2021\\\/02\\\/Foto-Marc-Gibert-Agramunt-3-1.jpeg\\\" alt=\\\"\\\" width=\\\"150\\\" height=\\\"225\\\" \\\/><\\\/a><\\\/dt><\\\/dl><\\\/div><\\\/div><div dir=\\\"auto\\\" style=\\\"text-align: left;\\\"><p>Cuando empec\\u00e9 con el estudio del alem\\u00e1n para poder ejercer mi profesi\\u00f3n en el extranjero ten\\u00eda muchas dudas y miedos, sobretodo con un idioma tan exigente. Soy el t\\u00edpico alumno que siempre hab\\u00eda recurrido a las academias de idiomas, ya que me daban seguridad y una estructura, y es lo que todo el mundo hac\\u00eda. Pero a lo largo de los a\\u00f1os me he dado cuenta que si quieres obtener un buen nivel y de forma eficaz, hay otras v\\u00edas m\\u00e1s eficientes a las que puedes recurrir.<\\\/p><p>Despu\\u00e9s de valorar diferentes tutores particulares, y sin duda alguna, Mar\\u00eda ha sido la mejor decisi\\u00f3n que podr\\u00eda haber tomado.<br \\\/>Es una excelente profesional, com material perfectamente preparado, pensado y estructurado, y un dominio profundo del idioma, el sue\\u00f1o que cualquier alumno desear\\u00eda de un profesor. Dividimos las clases en diferentes subtipos, tratando tanto gram\\u00e1tica, vocabulario, conversaci\\u00f3n y escritura en todos los niveles. Las clases son din\\u00e1micas, activas, y adaptadas al ritmo que cada uno desee, y nunca tienes la sensaci\\u00f3n de no haberlas aprovechado, justo al contrario. Los materiales y test de nivel est\\u00e1n minuciosamente dise\\u00f1ados, siempre r\\u00e1pidamente consultables si en un futuro surgen m\\u00e1s dudas. Personalmente, se nota que es una profesora con mucha experiencia, pol\\u00edglota, que ha pasado por el proceso de aprender un nuevo idioma muchas veces.<\\\/p><p>Mi m\\u00e1s sincera recomendaci\\u00f3n para aprender un idioma con ella y conseguir tu objetivo!<\\\/p><\\\/div>\"}},{\"@type\":\"Question\",\"name\":\"Raquel Torremocha Madrid, Espa\\u00f1a\",\"acceptedAnswer\":{\"@type\":\"Answer\",\"text\":\"<p><img class=\\\"size-full wp-image-15113 alignright\\\" src=\\\"https:\\\/\\\/profesornativodealeman.com\\\/clases-aleman\\\/wp-content\\\/uploads\\\/2021\\\/02\\\/Foto-Raquel-Torremocha-1.jpeg\\\" alt=\\\"\\\" width=\\\"150\\\" height=\\\"226\\\" \\\/><\\\/p><p>Profesion: Educadora infantil<\\\/p><p>Mi nombre es Raquel y trabajo como educadora infantil en un Kindergarten en M\\u00fanich, Alemania.<\\\/p><p>Para poder desempe\\u00f1ar mi labor de educadora necesitaba conseguir el certificado oficial de B2 de alem\\u00e1n. Gracias a Mar\\u00eda logr\\u00e9 mi objetivo. Ella no s\\u00f3lo me ense\\u00f1\\u00f3 el B2, sino que con ella consegu\\u00ed entender todo lo que llevaba arrastrando desde el principio. Hicimos ejercicios desde el nivel A1 para mejorar esos fallos y conseguir un mejor nivel tanto oral c\\u00f3mo escrito. Tambi\\u00e9n, gracias a ella, descubr\\u00ed muchos trucos, lo cual facilit\\u00f3 mucho mi aprendizaje. Sus clases son amenas y personalizadas, se centra en reforzar tus cualidades sobre el idioma y solventar tus defectos.<\\\/p><p>Su conocimiento sobre varios idiomas facilita el aprendizaje y consigue que se vuelva m\\u00e1s intuitivo y sencillo.<\\\/p><p>Sin duda recomiendo mucho sus clases. Es una gran docente y me ayudo en mi aprendizaje.<\\\/p>\"}},{\"@type\":\"Question\",\"name\":\"Catherine Thoyts  (Bristol, Inglaterra)\",\"acceptedAnswer\":{\"@type\":\"Answer\",\"text\":\"<div><img class=\\\"size-full wp-image-17850 alignright\\\" src=\\\"https:\\\/\\\/profesornativodealeman.com\\\/clases-aleman\\\/wp-content\\\/uploads\\\/2025\\\/04\\\/Catherine-1.jpg\\\" alt=\\\"\\\" width=\\\"150\\\" height=\\\"152\\\" \\\/>Profesi\\u00f3n: Estudiante de Master en Traducci\\u00f3n (alem\\u00e1n-ingl\\u00e9s)<\\\/div><div>\\u00a0<\\\/div><p>\\u00abHe estado estudiando alem\\u00e1n con Mar\\u00eda durante casi un a\\u00f1o y ha sido una experiencia brillante. Tengo mucha experiencia estudiando alem\\u00e1n en la escuela, y lo estudi\\u00e9 hasta el nivel de licenciatura, pero despu\\u00e9s de graduarme me preocupaba perder parte de mi habilidad en el idioma sin nadie con quien practicar. Maria me fue recomendada por mi amigo Shea, y ha sido fant\\u00e1stica. Es una profesora muy rigurosa; hasta ahora hemos repasado materiales desde el nivel A1 hasta el B2, lo que me ha ayudado a deshacerme de malos h\\u00e1bitos y errores simples y frecuentes que he ido adquiriendo a lo largo de a\\u00f1os de ense\\u00f1anza inconsistente, as\\u00ed como a desglosar conceptos que nunca hab\\u00eda entendido bien. A menudo he tenido problemas con la gram\\u00e1tica, y en las clases Mar\\u00eda no ense\\u00f1a un n\\u00famero determinado de lecciones sobre un tema gramatical para ajustarse a un horario; lo ense\\u00f1a hasta que lo entiendes, ya sea en cinco minutos o en cinco sesiones. Mi alem\\u00e1n ha mejorado mucho con sus clases. Est\\u00e1 claro que es una profesora muy experimentada y capacitada, y sus materiales siempre est\\u00e1n bien preparados y claramente expuestos, y da explicaciones claras. Si una explicaci\\u00f3n no funciona, es capaz de repasarla contigo y resolver lo que te confunde. Adem\\u00e1s, siempre es c\\u00e1lida y amable y nunca te hace sentir mal por no entender algo. Definitivamente recomendar\\u00eda a Maria a cualquiera que quiera aprender o mejorar sus habilidades ling\\u00fc\\u00edsticas a cualquier nivel.<\\\/p><div class=\\\"yj6qo\\\">\\u00a0<\\\/div><div class=\\\"adL\\\">\\u00a0<\\\/div>\"}},{\"@type\":\"Question\",\"name\":\"Pamela Janice Giudicetti (Freiburg, Suiza)\",\"acceptedAnswer\":{\"@type\":\"Answer\",\"text\":\"<p>Profesion: Veterinaria<\\\/p><p><img class=\\\"size-full wp-image-18089 alignright\\\" src=\\\"https:\\\/\\\/profesornativodealeman.com\\\/clases-aleman\\\/wp-content\\\/uploads\\\/2025\\\/07\\\/IMG_7039-1.jpeg\\\" alt=\\\"\\\" width=\\\"150\\\" height=\\\"183\\\" \\\/><\\\/p><p>Estoy encantada de compartir mi experiencia con\\u00a0Maria. Como hablante nativa de espa\\u00f1ol, el alem\\u00e1n me parec\\u00eda un desaf\\u00edo, pero Maria ha hecho que el proceso sea incre\\u00edblemente ameno y eficaz.<\\\/p><p>Desde el primer d\\u00eda, su\\u00a0energ\\u00eda\\u00a0es contagiosa. Las clases nunca son aburridas. Es evidente que tiene un don para la ense\\u00f1anza, y su pasi\\u00f3n por el idioma es realmente inspiradora.<\\\/p><p>Lo que m\\u00e1s me ha impresionado de Maria es su\\u00a0dominio de m\\u00faltiples idiomas. Esto le permite entender perfectamente las dificultades que podemos tener los hispanohablantes al aprender alem\\u00e1n.\\u00a0<\\\/p><p>Gracias a Maria, estoy ganando confianza r\\u00e1pidamente y \\u00a1hasta me sorprendo de lo mucho que he aprendido en tan poco tiempo! Recomiendo a Maria a cualquiera que busque una profesora de alem\\u00e1n que sea no solo una experta, sino tambi\\u00e9n una persona incre\\u00edblemente\\u00a0motivadora y dedicada. \\u00a1Eres la mejor!<\\\/p><div class=\\\"yj6qo\\\">\\u00a0<\\\/div><div class=\\\"adL\\\">\\u00a0<\\\/div>\"}}]}<\/script>\n\t\t\t\t\t<\/div>\n\t\t\t\t\t\t<\/div>\n\t\t\t\t<\/div>\n\t\t\t\t\t<\/div>\n\t\t<\/div>\n\t\t\t\t\t<\/div>\n\t\t<\/section>\n\t\t\t\t<section class=\"elementor-section elementor-top-section elementor-element elementor-element-c75c07d elementor-section-boxed elementor-section-height-default elementor-section-height-default\" data-id=\"c75c07d\" data-element_type=\"section\" data-e-type=\"section\">\n\t\t\t\t\t\t<div class=\"elementor-container elementor-column-gap-default\">\n\t\t\t\t\t<div class=\"elementor-column elementor-col-100 elementor-top-column elementor-element elementor-element-de2b6d8\" data-id=\"de2b6d8\" data-element_type=\"column\" data-e-type=\"column\">\n\t\t\t<div class=\"elementor-widget-wrap\">\n\t\t\t\t\t\t\t<\/div>\n\t\t<\/div>\n\t\t\t\t\t<\/div>\n\t\t<\/section>\n\t\t\t\t<\/div>\n\t\t","protected":false},"excerpt":{"rendered":"<p>Clases de alem\u00e0n con Maria. Rese\u00f1as Opiniones de alumnos seg\u00fan profesiones: Para ver las opiniones, haga click en el listado. Ingenieros \/ Arquitectos Sector Financiero \/ Bancario \/ Auditoria \/ Exportaci\u00f3n \/ Funcionarios Sector sanitario \/ Cient\u00edficos \/ Psicolog\u00eda \/ Comunicaci\u00f3n \/ Azafatas\/ Estudiantes Video de presentacion de Maria Formulario de contacto. Aprende alem\u00e1n con [&hellip;]<\/p>\n","protected":false},"author":4,"featured_media":0,"parent":0,"menu_order":0,"comment_status":"closed","ping_status":"closed","template":"elementor_header_footer","meta":{"footnotes":""},"tags":[],"class_list":["post-16281","page","type-page","status-publish","hentry"],"_links":{"self":[{"href":"https:\/\/profesornativodealeman.com\/clases-aleman\/wp-json\/wp\/v2\/pages\/16281","targetHints":{"allow":["GET"]}}],"collection":[{"href":"https:\/\/profesornativodealeman.com\/clases-aleman\/wp-json\/wp\/v2\/pages"}],"about":[{"href":"https:\/\/profesornativodealeman.com\/clases-aleman\/wp-json\/wp\/v2\/types\/page"}],"author":[{"embeddable":true,"href":"https:\/\/profesornativodealeman.com\/clases-aleman\/wp-json\/wp\/v2\/users\/4"}],"replies":[{"embeddable":true,"href":"https:\/\/profesornativodealeman.com\/clases-aleman\/wp-json\/wp\/v2\/comments?post=16281"}],"version-history":[{"count":2,"href":"https:\/\/profesornativodealeman.com\/clases-aleman\/wp-json\/wp\/v2\/pages\/16281\/revisions"}],"predecessor-version":[{"id":18936,"href":"https:\/\/profesornativodealeman.com\/clases-aleman\/wp-json\/wp\/v2\/pages\/16281\/revisions\/18936"}],"wp:attachment":[{"href":"https:\/\/profesornativodealeman.com\/clases-aleman\/wp-json\/wp\/v2\/media?parent=16281"}],"wp:term":[{"taxonomy":"post_tag","embeddable":true,"href":"https:\/\/profesornativodealeman.com\/clases-aleman\/wp-json\/wp\/v2\/tags?post=16281"}],"curies":[{"name":"wp","href":"https:\/\/api.w.org\/{rel}","templated":true}]}}